{"id":1857,"date":"2020-01-29T14:22:47","date_gmt":"2020-01-29T13:22:47","guid":{"rendered":"https:\/\/www.techostensados.com\/galeria\/techos-tensados-en-viviendas\/"},"modified":"2021-02-09T12:31:57","modified_gmt":"2021-02-09T11:31:57","slug":"sostres-tensats-en-habitatges","status":"publish","type":"page","link":"https:\/\/www.techostensados.com\/ca\/galeria\/sostres-tensats-en-habitatges\/","title":{"rendered":"Sostres Tensats en Habitatges"},"content":{"rendered":"<p><div class=\"fusion-fullwidth fullwidth-box fusion-builder-row-1 hundred-percent-fullwidth non-hundred-percent-height-scrolling fusion-equal-height-columns\" style=\"--awb-border-radius-top-left:0px;--awb-border-radius-top-right:0px;--awb-border-radius-bottom-right:0px;--awb-border-radius-bottom-left:0px;--awb-padding-right:0px;--awb-padding-left:0px;--awb-flex-wrap:wrap;\" ><div class=\"fusion-builder-row fusion-row\"><div class=\"fusion-layout-column fusion_builder_column fusion-builder-column-0 fusion_builder_column_1_1 1_1 fusion-one-full fusion-column-first fusion-column-last\" style=\"--awb-padding-top:60px;--awb-padding-right:60px;--awb-padding-bottom:60px;--awb-padding-left:60px;--awb-bg-size:cover;--awb-border-color:#f63c81;--awb-border-top:5px;--awb-border-style:solid;--awb-margin-bottom:0px;\"><div class=\"fusion-column-wrapper fusion-column-has-shadow fusion-flex-column-wrapper-legacy\"><div class=\"fusion-title title fusion-title-1 fusion-sep-none fusion-title-text fusion-title-size-two\" style=\"--awb-margin-bottom:10px;--awb-margin-bottom-small:10px;\"><h2 class=\"fusion-title-heading title-heading-left fusion-responsive-typography-calculated\" style=\"margin:0;letter-spacing:0px;--fontSize:55;line-height:1.5;\">galeria sostres tensats<\/h2><\/div><div class=\"fusion-title title fusion-title-2 fusion-sep-none fusion-title-text fusion-title-size-five\" style=\"--awb-text-color:#ffffff;--awb-margin-top:30px;--awb-margin-bottom:10px;--awb-margin-top-small:30px;--awb-margin-bottom-small:10px;--awb-font-size:20px;\"><h5 class=\"fusion-title-heading title-heading-left fusion-responsive-typography-calculated\" style=\"margin:0;font-size:1em;--fontSize:20;--minFontSize:20;line-height:1.5;\"><p><strong>SELECCI\u00d3 DE TREBALLS<br \/>\n<\/strong><\/p><\/h5><\/div><div class=\"fusion-text fusion-text-1\"><p>Trobar la decoraci\u00f3 adequada per un habitatge, no \u00e9s una tasca f\u00e0cil. En ocasions ens fixem nom\u00e9s en petits elements materials, per\u00f2 la veritat \u00e9s que un <strong>sostre tensat<\/strong> pot oferir una nova visi\u00f3 a qualsevol espai. A<strong> Techos Tensados<\/strong> SLU tenim una gran varietat d&#8217;opcions per donar un toc especial a qualsevol habitatge.<\/p>\n<\/div><div class=\"fusion-sep-clear\"><\/div><div class=\"fusion-separator fusion-full-width-sep\" style=\"margin-left: auto;margin-right: auto;margin-top:50px;width:100%;\"><\/div><div class=\"fusion-sep-clear\"><\/div><div class=\"awb-gallery-wrapper awb-gallery-wrapper-1 button-span-no\"><div style=\"margin:-10px;--awb-bordersize:0px;\" class=\"fusion-gallery fusion-gallery-container fusion-grid-6 fusion-columns-total-40 fusion-gallery-layout-masonry fusion-gallery-1\"><div class=\"fusion-grid-column fusion-gallery-column fusion-gallery-column-6 hover-type-zoomin fusion-grid-sizer\"><\/div><div style=\"padding:10px;\" class=\"fusion-grid-column fusion-gallery-column fusion-gallery-column-6 hover-type-zoomin fusion-element-portrait\"><div class=\"fusion-gallery-image\"><a href=\"https:\/\/www.techostensados.com\/wp-content\/uploads\/2020\/01\/techos-tensados-viviendas-1.jpg\" rel=\"noreferrer\" data-rel=\"iLightbox[gallery_image_1]\" class=\"fusion-lightbox\" target=\"_self\"><div style=\"background-image:url(https:\/\/www.techostensados.com\/wp-content\/uploads\/2020\/01\/techos-tensados-viviendas-1.jpg);padding-top:calc((100% + 20px) * 1.6);background-position:;\" class=\"fusion-masonry-element-container\"><img decoding=\"async\" src=\"https:\/\/www.techostensados.com\/wp-content\/uploads\/2020\/01\/techos-tensados-viviendas-1.jpg\" width=\"1200\" height=\"1600\" alt=\"\" title=\"techos-tensados-viviendas-1\" aria-label=\"techos-tensados-viviendas-1\" class=\"img-responsive wp-image-989\" srcset=\"https:\/\/www.techostensados.com\/wp-content\/uploads\/2020\/01\/techos-tensados-viviendas-1-200x267.jpg 200w, https:\/\/www.techostensados.com\/wp-content\/uploads\/2020\/01\/techos-tensados-viviendas-1-400x533.jpg 400w, https:\/\/www.techostensados.com\/wp-content\/uploads\/2020\/01\/techos-tensados-viviendas-1-600x800.jpg 600w, https:\/\/www.techostensados.com\/wp-content\/uploads\/2020\/01\/techos-tensados-viviendas-1-800x1067.jpg 800w, https:\/\/www.techostensados.com\/wp-content\/uploads\/2020\/01\/techos-tensados-viviendas-1.jpg 1200w\" sizes=\"(min-width: 2200px) 100vw, (min-width: 1099px) 182px, (min-width: 1007px) 218px, (min-width: 915px) 273px, (min-width: 824px) 363px, (min-width: 732px) 545px, (min-width: 640px) 732px, \" \/><\/div><\/a><\/div><\/div><div style=\"padding:10px;\" class=\"fusion-grid-column fusion-gallery-column fusion-gallery-column-6 hover-type-zoomin fusion-element-portrait\"><div class=\"fusion-gallery-image\"><a href=\"https:\/\/www.techostensados.com\/wp-content\/uploads\/2020\/01\/techos-tensados-viviendas-2.jpg\" rel=\"noreferrer\" data-rel=\"iLightbox[gallery_image_1]\" class=\"fusion-lightbox\" target=\"_self\"><div style=\"background-image:url(https:\/\/www.techostensados.com\/wp-content\/uploads\/2020\/01\/techos-tensados-viviendas-2.jpg);padding-top:calc((100% + 20px) * 1.6);background-position:;\" class=\"fusion-masonry-element-container\"><img decoding=\"async\" src=\"https:\/\/www.techostensados.com\/wp-content\/uploads\/2020\/01\/techos-tensados-viviendas-2.jpg\" width=\"1200\" height=\"1600\" alt=\"\" title=\"techos-tensados-viviendas-2\" aria-label=\"techos-tensados-viviendas-2\" class=\"img-responsive wp-image-990\" srcset=\"https:\/\/www.techostensados.com\/wp-content\/uploads\/2020\/01\/techos-tensados-viviendas-2-200x267.jpg 200w, https:\/\/www.techostensados.com\/wp-content\/uploads\/2020\/01\/techos-tensados-viviendas-2-400x533.jpg 400w, https:\/\/www.techostensados.com\/wp-content\/uploads\/2020\/01\/techos-tensados-viviendas-2-600x800.jpg 600w, https:\/\/www.techostensados.com\/wp-content\/uploads\/2020\/01\/techos-tensados-viviendas-2-800x1067.jpg 800w, https:\/\/www.techostensados.com\/wp-content\/uploads\/2020\/01\/techos-tensados-viviendas-2.jpg 1200w\" sizes=\"(min-width: 2200px) 100vw, (min-width: 1099px) 182px, (min-width: 1007px) 218px, (min-width: 915px) 273px, (min-width: 824px) 363px, (min-width: 732px) 545px, (min-width: 640px) 732px, \" \/><\/div><\/a><\/div><\/div><div style=\"padding:10px;\" class=\"fusion-grid-column fusion-gallery-column fusion-gallery-column-6 hover-type-zoomin fusion-element-grid\"><div class=\"fusion-gallery-image\"><a href=\"https:\/\/www.techostensados.com\/wp-content\/uploads\/2020\/01\/techos-tensados-viviendas-3.jpg\" rel=\"noreferrer\" data-rel=\"iLightbox[gallery_image_1]\" class=\"fusion-lightbox\" target=\"_self\"><div style=\"background-image:url(https:\/\/www.techostensados.com\/wp-content\/uploads\/2020\/01\/techos-tensados-viviendas-3.jpg);padding-top:calc((100% + 20px) * 0.8 - 10px);background-position:;\" class=\"fusion-masonry-element-container\"><img decoding=\"async\" src=\"https:\/\/www.techostensados.com\/wp-content\/uploads\/2020\/01\/techos-tensados-viviendas-3.jpg\" width=\"1200\" height=\"900\" alt=\"\" title=\"techos-tensados-viviendas-3\" aria-label=\"techos-tensados-viviendas-3\" class=\"img-responsive wp-image-991\" srcset=\"https:\/\/www.techostensados.com\/wp-content\/uploads\/2020\/01\/techos-tensados-viviendas-3-200x150.jpg 200w, https:\/\/www.techostensados.com\/wp-content\/uploads\/2020\/01\/techos-tensados-viviendas-3-400x300.jpg 400w, https:\/\/www.techostensados.com\/wp-content\/uploads\/2020\/01\/techos-tensados-viviendas-3-600x450.jpg 600w, https:\/\/www.techostensados.com\/wp-content\/uploads\/2020\/01\/techos-tensados-viviendas-3-800x600.jpg 800w, https:\/\/www.techostensados.com\/wp-content\/uploads\/2020\/01\/techos-tensados-viviendas-3.jpg 1200w\" sizes=\"(min-width: 2200px) 100vw, (min-width: 1099px) 182px, (min-width: 1007px) 218px, (min-width: 915px) 273px, (min-width: 824px) 363px, (min-width: 732px) 545px, (min-width: 640px) 732px, \" \/><\/div><\/a><\/div><\/div><div style=\"padding:10px;\" class=\"fusion-grid-column fusion-gallery-column fusion-gallery-column-6 hover-type-zoomin fusion-element-portrait\"><div class=\"fusion-gallery-image\"><a href=\"https:\/\/www.techostensados.com\/wp-content\/uploads\/2020\/01\/techos-tensados-viviendas-4.jpg\" rel=\"noreferrer\" data-rel=\"iLightbox[gallery_image_1]\" class=\"fusion-lightbox\" target=\"_self\"><div style=\"background-image:url(https:\/\/www.techostensados.com\/wp-content\/uploads\/2020\/01\/techos-tensados-viviendas-4.jpg);padding-top:calc((100% + 20px) * 1.6);background-position:;\" class=\"fusion-masonry-element-container\"><img decoding=\"async\" src=\"https:\/\/www.techostensados.com\/wp-content\/uploads\/2020\/01\/techos-tensados-viviendas-4.jpg\" width=\"1200\" height=\"1600\" alt=\"\" title=\"techos-tensados-viviendas-4\" aria-label=\"techos-tensados-viviendas-4\" class=\"img-responsive wp-image-992\" srcset=\"https:\/\/www.techostensados.com\/wp-content\/uploads\/2020\/01\/techos-tensados-viviendas-4-200x267.jpg 200w, https:\/\/www.techostensados.com\/wp-content\/uploads\/2020\/01\/techos-tensados-viviendas-4-400x533.jpg 400w, https:\/\/www.techostensados.com\/wp-content\/uploads\/2020\/01\/techos-tensados-viviendas-4-600x800.jpg 600w, https:\/\/www.techostensados.com\/wp-content\/uploads\/2020\/01\/techos-tensados-viviendas-4-800x1067.jpg 800w, https:\/\/www.techostensados.com\/wp-content\/uploads\/2020\/01\/techos-tensados-viviendas-4.jpg 1200w\" sizes=\"(min-width: 2200px) 100vw, (min-width: 1099px) 182px, (min-width: 1007px) 218px, (min-width: 915px) 273px, (min-width: 824px) 363px, (min-width: 732px) 545px, (min-width: 640px) 732px, \" \/><\/div><\/a><\/div><\/div><div style=\"padding:10px;\" class=\"fusion-grid-column fusion-gallery-column fusion-gallery-column-6 hover-type-zoomin fusion-element-grid\"><div class=\"fusion-gallery-image\"><a href=\"https:\/\/www.techostensados.com\/wp-content\/uploads\/2020\/01\/techos-tensados-viviendas-5.jpg\" rel=\"noreferrer\" data-rel=\"iLightbox[gallery_image_1]\" class=\"fusion-lightbox\" target=\"_self\"><div style=\"background-image:url(https:\/\/www.techostensados.com\/wp-content\/uploads\/2020\/01\/techos-tensados-viviendas-5.jpg);padding-top:calc((100% + 20px) * 0.8 - 10px);background-position:;\" class=\"fusion-masonry-element-container\"><img decoding=\"async\" src=\"https:\/\/www.techostensados.com\/wp-content\/uploads\/2020\/01\/techos-tensados-viviendas-5.jpg\" width=\"1200\" height=\"900\" alt=\"\" title=\"techos-tensados-viviendas-5\" aria-label=\"techos-tensados-viviendas-5\" class=\"img-responsive wp-image-993\" srcset=\"https:\/\/www.techostensados.com\/wp-content\/uploads\/2020\/01\/techos-tensados-viviendas-5-200x150.jpg 200w, https:\/\/www.techostensados.com\/wp-content\/uploads\/2020\/01\/techos-tensados-viviendas-5-400x300.jpg 400w, https:\/\/www.techostensados.com\/wp-content\/uploads\/2020\/01\/techos-tensados-viviendas-5-600x450.jpg 600w, https:\/\/www.techostensados.com\/wp-content\/uploads\/2020\/01\/techos-tensados-viviendas-5-800x600.jpg 800w, https:\/\/www.techostensados.com\/wp-content\/uploads\/2020\/01\/techos-tensados-viviendas-5.jpg 1200w\" sizes=\"(min-width: 2200px) 100vw, (min-width: 1099px) 182px, (min-width: 1007px) 218px, (min-width: 915px) 273px, (min-width: 824px) 363px, (min-width: 732px) 545px, (min-width: 640px) 732px, \" \/><\/div><\/a><\/div><\/div><div style=\"padding:10px;\" class=\"fusion-grid-column fusion-gallery-column fusion-gallery-column-6 hover-type-zoomin fusion-element-grid\"><div class=\"fusion-gallery-image\"><a href=\"https:\/\/www.techostensados.com\/wp-content\/uploads\/2020\/01\/techos-tensados-viviendas-6.jpg\" rel=\"noreferrer\" data-rel=\"iLightbox[gallery_image_1]\" class=\"fusion-lightbox\" target=\"_self\"><div style=\"background-image:url(https:\/\/www.techostensados.com\/wp-content\/uploads\/2020\/01\/techos-tensados-viviendas-6.jpg);padding-top:calc((100% + 20px) * 0.8 - 10px);background-position:;\" class=\"fusion-masonry-element-container\"><img decoding=\"async\" src=\"https:\/\/www.techostensados.com\/wp-content\/uploads\/2020\/01\/techos-tensados-viviendas-6.jpg\" width=\"1200\" height=\"1200\" alt=\"\" title=\"techos-tensados-viviendas-6\" aria-label=\"techos-tensados-viviendas-6\" class=\"img-responsive wp-image-994\" srcset=\"https:\/\/www.techostensados.com\/wp-content\/uploads\/2020\/01\/techos-tensados-viviendas-6-200x200.jpg 200w, https:\/\/www.techostensados.com\/wp-content\/uploads\/2020\/01\/techos-tensados-viviendas-6-400x400.jpg 400w, https:\/\/www.techostensados.com\/wp-content\/uploads\/2020\/01\/techos-tensados-viviendas-6-600x600.jpg 600w, https:\/\/www.techostensados.com\/wp-content\/uploads\/2020\/01\/techos-tensados-viviendas-6-800x800.jpg 800w, https:\/\/www.techostensados.com\/wp-content\/uploads\/2020\/01\/techos-tensados-viviendas-6.jpg 1200w\" sizes=\"(min-width: 2200px) 100vw, (min-width: 1099px) 182px, (min-width: 1007px) 218px, (min-width: 915px) 273px, (min-width: 824px) 363px, (min-width: 732px) 545px, (min-width: 640px) 732px, \" \/><\/div><\/a><\/div><\/div><div style=\"padding:10px;\" class=\"fusion-grid-column fusion-gallery-column fusion-gallery-column-6 hover-type-zoomin fusion-element-grid\"><div class=\"fusion-gallery-image\"><a href=\"https:\/\/www.techostensados.com\/wp-content\/uploads\/2020\/01\/techos-tensados-viviendas-7.jpg\" rel=\"noreferrer\" data-rel=\"iLightbox[gallery_image_1]\" class=\"fusion-lightbox\" target=\"_self\"><div style=\"background-image:url(https:\/\/www.techostensados.com\/wp-content\/uploads\/2020\/01\/techos-tensados-viviendas-7.jpg);padding-top:calc((100% + 20px) * 0.8 - 10px);background-position:;\" class=\"fusion-masonry-element-container\"><img decoding=\"async\" src=\"https:\/\/www.techostensados.com\/wp-content\/uploads\/2020\/01\/techos-tensados-viviendas-7.jpg\" width=\"1200\" height=\"900\" alt=\"\" title=\"techos-tensados-viviendas-7\" aria-label=\"techos-tensados-viviendas-7\" class=\"img-responsive wp-image-995\" srcset=\"https:\/\/www.techostensados.com\/wp-content\/uploads\/2020\/01\/techos-tensados-viviendas-7-200x150.jpg 200w, https:\/\/www.techostensados.com\/wp-content\/uploads\/2020\/01\/techos-tensados-viviendas-7-400x300.jpg 400w, https:\/\/www.techostensados.com\/wp-content\/uploads\/2020\/01\/techos-tensados-viviendas-7-600x450.jpg 600w, https:\/\/www.techostensados.com\/wp-content\/uploads\/2020\/01\/techos-tensados-viviendas-7-800x600.jpg 800w, https:\/\/www.techostensados.com\/wp-content\/uploads\/2020\/01\/techos-tensados-viviendas-7.jpg 1200w\" sizes=\"(min-width: 2200px) 100vw, (min-width: 1099px) 182px, (min-width: 1007px) 218px, (min-width: 915px) 273px, (min-width: 824px) 363px, (min-width: 732px) 545px, (min-width: 640px) 732px, \" \/><\/div><\/a><\/div><\/div><div style=\"padding:10px;\" class=\"fusion-grid-column fusion-gallery-column fusion-gallery-column-6 hover-type-zoomin fusion-element-grid\"><div class=\"fusion-gallery-image\"><a href=\"https:\/\/www.techostensados.com\/wp-content\/uploads\/2020\/01\/techos-tensados-viviendas-8.jpg\" rel=\"noreferrer\" data-rel=\"iLightbox[gallery_image_1]\" class=\"fusion-lightbox\" target=\"_self\"><div style=\"background-image:url(https:\/\/www.techostensados.com\/wp-content\/uploads\/2020\/01\/techos-tensados-viviendas-8.jpg);padding-top:calc((100% + 20px) * 0.8 - 10px);background-position:;\" class=\"fusion-masonry-element-container\"><img decoding=\"async\" src=\"https:\/\/www.techostensados.com\/wp-content\/uploads\/2020\/01\/techos-tensados-viviendas-8.jpg\" width=\"1200\" height=\"900\" alt=\"\" title=\"techos-tensados-viviendas-8\" aria-label=\"techos-tensados-viviendas-8\" class=\"img-responsive wp-image-996\" srcset=\"https:\/\/www.techostensados.com\/wp-content\/uploads\/2020\/01\/techos-tensados-viviendas-8-200x150.jpg 200w, https:\/\/www.techostensados.com\/wp-content\/uploads\/2020\/01\/techos-tensados-viviendas-8-400x300.jpg 400w, https:\/\/www.techostensados.com\/wp-content\/uploads\/2020\/01\/techos-tensados-viviendas-8-600x450.jpg 600w, https:\/\/www.techostensados.com\/wp-content\/uploads\/2020\/01\/techos-tensados-viviendas-8-800x600.jpg 800w, https:\/\/www.techostensados.com\/wp-content\/uploads\/2020\/01\/techos-tensados-viviendas-8.jpg 1200w\" sizes=\"(min-width: 2200px) 100vw, (min-width: 1099px) 182px, (min-width: 1007px) 218px, (min-width: 915px) 273px, (min-width: 824px) 363px, (min-width: 732px) 545px, (min-width: 640px) 732px, \" \/><\/div><\/a><\/div><\/div><div style=\"padding:10px;\" class=\"fusion-grid-column fusion-gallery-column fusion-gallery-column-6 hover-type-zoomin fusion-element-grid\"><div class=\"fusion-gallery-image\"><a href=\"https:\/\/www.techostensados.com\/wp-content\/uploads\/2020\/01\/techos-tensados-viviendas-9.jpg\" rel=\"noreferrer\" data-rel=\"iLightbox[gallery_image_1]\" class=\"fusion-lightbox\" target=\"_self\"><div style=\"background-image:url(https:\/\/www.techostensados.com\/wp-content\/uploads\/2020\/01\/techos-tensados-viviendas-9.jpg);padding-top:calc((100% + 20px) * 0.8 - 10px);background-position:;\" class=\"fusion-masonry-element-container\"><img decoding=\"async\" src=\"https:\/\/www.techostensados.com\/wp-content\/uploads\/2020\/01\/techos-tensados-viviendas-9.jpg\" width=\"1200\" height=\"797\" alt=\"\" title=\"techos-tensados-viviendas-9\" aria-label=\"techos-tensados-viviendas-9\" class=\"img-responsive wp-image-997\" srcset=\"https:\/\/www.techostensados.com\/wp-content\/uploads\/2020\/01\/techos-tensados-viviendas-9-200x133.jpg 200w, https:\/\/www.techostensados.com\/wp-content\/uploads\/2020\/01\/techos-tensados-viviendas-9-400x266.jpg 400w, https:\/\/www.techostensados.com\/wp-content\/uploads\/2020\/01\/techos-tensados-viviendas-9-600x399.jpg 600w, https:\/\/www.techostensados.com\/wp-content\/uploads\/2020\/01\/techos-tensados-viviendas-9-800x531.jpg 800w, https:\/\/www.techostensados.com\/wp-content\/uploads\/2020\/01\/techos-tensados-viviendas-9.jpg 1200w\" sizes=\"(min-width: 2200px) 100vw, (min-width: 1099px) 182px, (min-width: 1007px) 218px, (min-width: 915px) 273px, (min-width: 824px) 363px, (min-width: 732px) 545px, (min-width: 640px) 732px, \" \/><\/div><\/a><\/div><\/div><div style=\"padding:10px;\" class=\"fusion-grid-column fusion-gallery-column fusion-gallery-column-6 hover-type-zoomin fusion-element-portrait\"><div class=\"fusion-gallery-image\"><a href=\"https:\/\/www.techostensados.com\/wp-content\/uploads\/2020\/01\/techos-tensados-viviendas-10.jpg\" rel=\"noreferrer\" data-rel=\"iLightbox[gallery_image_1]\" class=\"fusion-lightbox\" target=\"_self\"><div style=\"background-image:url(https:\/\/www.techostensados.com\/wp-content\/uploads\/2020\/01\/techos-tensados-viviendas-10.jpg);padding-top:calc((100% + 20px) * 1.6);background-position:;\" class=\"fusion-masonry-element-container\"><img decoding=\"async\" src=\"https:\/\/www.techostensados.com\/wp-content\/uploads\/2020\/01\/techos-tensados-viviendas-10.jpg\" width=\"1200\" height=\"1805\" alt=\"\" title=\"techos-tensados-viviendas-10\" aria-label=\"techos-tensados-viviendas-10\" class=\"img-responsive wp-image-998\" srcset=\"https:\/\/www.techostensados.com\/wp-content\/uploads\/2020\/01\/techos-tensados-viviendas-10-200x301.jpg 200w, https:\/\/www.techostensados.com\/wp-content\/uploads\/2020\/01\/techos-tensados-viviendas-10-400x602.jpg 400w, https:\/\/www.techostensados.com\/wp-content\/uploads\/2020\/01\/techos-tensados-viviendas-10-600x903.jpg 600w, https:\/\/www.techostensados.com\/wp-content\/uploads\/2020\/01\/techos-tensados-viviendas-10-800x1203.jpg 800w, https:\/\/www.techostensados.com\/wp-content\/uploads\/2020\/01\/techos-tensados-viviendas-10.jpg 1200w\" sizes=\"(min-width: 2200px) 100vw, (min-width: 1099px) 182px, (min-width: 1007px) 218px, (min-width: 915px) 273px, (min-width: 824px) 363px, (min-width: 732px) 545px, (min-width: 640px) 732px, \" \/><\/div><\/a><\/div><\/div><div style=\"padding:10px;\" class=\"fusion-grid-column fusion-gallery-column fusion-gallery-column-6 hover-type-zoomin fusion-element-portrait\"><div class=\"fusion-gallery-image\"><a href=\"https:\/\/www.techostensados.com\/wp-content\/uploads\/2020\/01\/techos-tensados-viviendas-11.jpg\" rel=\"noreferrer\" data-rel=\"iLightbox[gallery_image_1]\" class=\"fusion-lightbox\" target=\"_self\"><div style=\"background-image:url(https:\/\/www.techostensados.com\/wp-content\/uploads\/2020\/01\/techos-tensados-viviendas-11.jpg);padding-top:calc((100% + 20px) * 1.6);background-position:;\" class=\"fusion-masonry-element-container\"><img decoding=\"async\" src=\"https:\/\/www.techostensados.com\/wp-content\/uploads\/2020\/01\/techos-tensados-viviendas-11.jpg\" width=\"1200\" height=\"1600\" alt=\"\" title=\"techos-tensados-viviendas-11\" aria-label=\"techos-tensados-viviendas-11\" class=\"img-responsive wp-image-999\" srcset=\"https:\/\/www.techostensados.com\/wp-content\/uploads\/2020\/01\/techos-tensados-viviendas-11-200x267.jpg 200w, https:\/\/www.techostensados.com\/wp-content\/uploads\/2020\/01\/techos-tensados-viviendas-11-400x533.jpg 400w, https:\/\/www.techostensados.com\/wp-content\/uploads\/2020\/01\/techos-tensados-viviendas-11-600x800.jpg 600w, https:\/\/www.techostensados.com\/wp-content\/uploads\/2020\/01\/techos-tensados-viviendas-11-800x1067.jpg 800w, https:\/\/www.techostensados.com\/wp-content\/uploads\/2020\/01\/techos-tensados-viviendas-11.jpg 1200w\" sizes=\"(min-width: 2200px) 100vw, (min-width: 1099px) 182px, (min-width: 1007px) 218px, (min-width: 915px) 273px, (min-width: 824px) 363px, (min-width: 732px) 545px, (min-width: 640px) 732px, \" \/><\/div><\/a><\/div><\/div><div style=\"padding:10px;\" class=\"fusion-grid-column fusion-gallery-column fusion-gallery-column-6 hover-type-zoomin fusion-element-grid\"><div class=\"fusion-gallery-image\"><a href=\"https:\/\/www.techostensados.com\/wp-content\/uploads\/2020\/01\/techos-tensados-viviendas-12.jpg\" rel=\"noreferrer\" data-rel=\"iLightbox[gallery_image_1]\" class=\"fusion-lightbox\" target=\"_self\"><div style=\"background-image:url(https:\/\/www.techostensados.com\/wp-content\/uploads\/2020\/01\/techos-tensados-viviendas-12.jpg);padding-top:calc((100% + 20px) * 0.8 - 10px);background-position:;\" class=\"fusion-masonry-element-container\"><img decoding=\"async\" src=\"https:\/\/www.techostensados.com\/wp-content\/uploads\/2020\/01\/techos-tensados-viviendas-12.jpg\" width=\"1200\" height=\"797\" alt=\"\" title=\"techos-tensados-viviendas-12\" aria-label=\"techos-tensados-viviendas-12\" class=\"img-responsive wp-image-1000\" srcset=\"https:\/\/www.techostensados.com\/wp-content\/uploads\/2020\/01\/techos-tensados-viviendas-12-200x133.jpg 200w, https:\/\/www.techostensados.com\/wp-content\/uploads\/2020\/01\/techos-tensados-viviendas-12-400x266.jpg 400w, https:\/\/www.techostensados.com\/wp-content\/uploads\/2020\/01\/techos-tensados-viviendas-12-600x399.jpg 600w, https:\/\/www.techostensados.com\/wp-content\/uploads\/2020\/01\/techos-tensados-viviendas-12-800x531.jpg 800w, https:\/\/www.techostensados.com\/wp-content\/uploads\/2020\/01\/techos-tensados-viviendas-12.jpg 1200w\" sizes=\"(min-width: 2200px) 100vw, (min-width: 1099px) 182px, (min-width: 1007px) 218px, (min-width: 915px) 273px, (min-width: 824px) 363px, (min-width: 732px) 545px, (min-width: 640px) 732px, \" \/><\/div><\/a><\/div><\/div><div style=\"padding:10px;\" class=\"fusion-grid-column fusion-gallery-column fusion-gallery-column-6 hover-type-zoomin fusion-element-portrait\"><div class=\"fusion-gallery-image\"><a href=\"https:\/\/www.techostensados.com\/wp-content\/uploads\/2020\/01\/techos-tensados-viviendas-13.jpg\" rel=\"noreferrer\" data-rel=\"iLightbox[gallery_image_1]\" class=\"fusion-lightbox\" target=\"_self\"><div style=\"background-image:url(https:\/\/www.techostensados.com\/wp-content\/uploads\/2020\/01\/techos-tensados-viviendas-13.jpg);padding-top:calc((100% + 20px) * 1.6);background-position:;\" class=\"fusion-masonry-element-container\"><img decoding=\"async\" src=\"https:\/\/www.techostensados.com\/wp-content\/uploads\/2020\/01\/techos-tensados-viviendas-13.jpg\" width=\"1200\" height=\"1600\" alt=\"\" title=\"techos-tensados-viviendas-13\" aria-label=\"techos-tensados-viviendas-13\" class=\"img-responsive wp-image-1001\" srcset=\"https:\/\/www.techostensados.com\/wp-content\/uploads\/2020\/01\/techos-tensados-viviendas-13-200x267.jpg 200w, https:\/\/www.techostensados.com\/wp-content\/uploads\/2020\/01\/techos-tensados-viviendas-13-400x533.jpg 400w, https:\/\/www.techostensados.com\/wp-content\/uploads\/2020\/01\/techos-tensados-viviendas-13-600x800.jpg 600w, https:\/\/www.techostensados.com\/wp-content\/uploads\/2020\/01\/techos-tensados-viviendas-13-800x1067.jpg 800w, https:\/\/www.techostensados.com\/wp-content\/uploads\/2020\/01\/techos-tensados-viviendas-13.jpg 1200w\" sizes=\"(min-width: 2200px) 100vw, (min-width: 1099px) 182px, (min-width: 1007px) 218px, (min-width: 915px) 273px, (min-width: 824px) 363px, (min-width: 732px) 545px, (min-width: 640px) 732px, \" \/><\/div><\/a><\/div><\/div><div style=\"padding:10px;\" class=\"fusion-grid-column fusion-gallery-column fusion-gallery-column-6 hover-type-zoomin fusion-element-grid\"><div class=\"fusion-gallery-image\"><a href=\"https:\/\/www.techostensados.com\/wp-content\/uploads\/2020\/01\/techos-tensados-viviendas-14.jpg\" rel=\"noreferrer\" data-rel=\"iLightbox[gallery_image_1]\" class=\"fusion-lightbox\" target=\"_self\"><div style=\"background-image:url(https:\/\/www.techostensados.com\/wp-content\/uploads\/2020\/01\/techos-tensados-viviendas-14.jpg);padding-top:calc((100% + 20px) * 0.8 - 10px);background-position:;\" class=\"fusion-masonry-element-container\"><img decoding=\"async\" src=\"https:\/\/www.techostensados.com\/wp-content\/uploads\/2020\/01\/techos-tensados-viviendas-14.jpg\" width=\"1200\" height=\"900\" alt=\"\" title=\"techos-tensados-viviendas-14\" aria-label=\"techos-tensados-viviendas-14\" class=\"img-responsive wp-image-1002\" srcset=\"https:\/\/www.techostensados.com\/wp-content\/uploads\/2020\/01\/techos-tensados-viviendas-14-200x150.jpg 200w, https:\/\/www.techostensados.com\/wp-content\/uploads\/2020\/01\/techos-tensados-viviendas-14-400x300.jpg 400w, https:\/\/www.techostensados.com\/wp-content\/uploads\/2020\/01\/techos-tensados-viviendas-14-600x450.jpg 600w, https:\/\/www.techostensados.com\/wp-content\/uploads\/2020\/01\/techos-tensados-viviendas-14-800x600.jpg 800w, https:\/\/www.techostensados.com\/wp-content\/uploads\/2020\/01\/techos-tensados-viviendas-14.jpg 1200w\" sizes=\"(min-width: 2200px) 100vw, (min-width: 1099px) 182px, (min-width: 1007px) 218px, (min-width: 915px) 273px, (min-width: 824px) 363px, (min-width: 732px) 545px, (min-width: 640px) 732px, \" \/><\/div><\/a><\/div><\/div><div style=\"padding:10px;\" class=\"fusion-grid-column fusion-gallery-column fusion-gallery-column-6 hover-type-zoomin fusion-element-landscape\"><div class=\"fusion-gallery-image\"><a href=\"https:\/\/www.techostensados.com\/wp-content\/uploads\/2020\/01\/techos-tensados-viviendas-15.jpg\" rel=\"noreferrer\" data-rel=\"iLightbox[gallery_image_1]\" class=\"fusion-lightbox\" target=\"_self\"><div style=\"background-image:url(https:\/\/www.techostensados.com\/wp-content\/uploads\/2020\/01\/techos-tensados-viviendas-15.jpg);padding-top:calc((100% + 20px) * 0.4 - 10px);background-position:;\" class=\"fusion-masonry-element-container\"><img decoding=\"async\" src=\"https:\/\/www.techostensados.com\/wp-content\/uploads\/2020\/01\/techos-tensados-viviendas-15.jpg\" width=\"1200\" height=\"396\" alt=\"\" title=\"techos-tensados-viviendas-15\" aria-label=\"techos-tensados-viviendas-15\" class=\"img-responsive wp-image-1003\" srcset=\"https:\/\/www.techostensados.com\/wp-content\/uploads\/2020\/01\/techos-tensados-viviendas-15-200x66.jpg 200w, https:\/\/www.techostensados.com\/wp-content\/uploads\/2020\/01\/techos-tensados-viviendas-15-400x132.jpg 400w, https:\/\/www.techostensados.com\/wp-content\/uploads\/2020\/01\/techos-tensados-viviendas-15-600x198.jpg 600w, https:\/\/www.techostensados.com\/wp-content\/uploads\/2020\/01\/techos-tensados-viviendas-15-800x264.jpg 800w, https:\/\/www.techostensados.com\/wp-content\/uploads\/2020\/01\/techos-tensados-viviendas-15.jpg 1200w\" sizes=\"(min-width: 2200px) 100vw, (min-width: 824px) 373px, (min-width: 732px) 560px, (min-width: 640px) 732px, \" \/><\/div><\/a><\/div><\/div><div style=\"padding:10px;\" class=\"fusion-grid-column fusion-gallery-column fusion-gallery-column-6 hover-type-zoomin fusion-element-grid\"><div class=\"fusion-gallery-image\"><a href=\"https:\/\/www.techostensados.com\/wp-content\/uploads\/2020\/01\/techos-tensados-viviendas-16-rotated.jpg\" rel=\"noreferrer\" data-rel=\"iLightbox[gallery_image_1]\" class=\"fusion-lightbox\" target=\"_self\"><div style=\"background-image:url(https:\/\/www.techostensados.com\/wp-content\/uploads\/2020\/01\/techos-tensados-viviendas-16-rotated.jpg);padding-top:calc((100% + 20px) * 0.8 - 10px);background-position:;\" class=\"fusion-masonry-element-container\"><img decoding=\"async\" src=\"https:\/\/www.techostensados.com\/wp-content\/uploads\/2020\/01\/techos-tensados-viviendas-16-rotated.jpg\" width=\"1200\" height=\"900\" alt=\"\" title=\"techos-tensados-viviendas-16\" aria-label=\"techos-tensados-viviendas-16\" class=\"img-responsive wp-image-1004\" srcset=\"https:\/\/www.techostensados.com\/wp-content\/uploads\/2020\/01\/techos-tensados-viviendas-16-200x150.jpg 200w, https:\/\/www.techostensados.com\/wp-content\/uploads\/2020\/01\/techos-tensados-viviendas-16-400x300.jpg 400w, https:\/\/www.techostensados.com\/wp-content\/uploads\/2020\/01\/techos-tensados-viviendas-16-600x450.jpg 600w, https:\/\/www.techostensados.com\/wp-content\/uploads\/2020\/01\/techos-tensados-viviendas-16-800x600.jpg 800w, https:\/\/www.techostensados.com\/wp-content\/uploads\/2020\/01\/techos-tensados-viviendas-16-rotated.jpg 1200w\" sizes=\"(min-width: 2200px) 100vw, (min-width: 1099px) 182px, (min-width: 1007px) 218px, (min-width: 915px) 273px, (min-width: 824px) 363px, (min-width: 732px) 545px, (min-width: 640px) 732px, \" \/><\/div><\/a><\/div><\/div><div style=\"padding:10px;\" class=\"fusion-grid-column fusion-gallery-column fusion-gallery-column-6 hover-type-zoomin fusion-element-portrait\"><div class=\"fusion-gallery-image\"><a href=\"https:\/\/www.techostensados.com\/wp-content\/uploads\/2020\/01\/techos-tensados-viviendas-17.jpg\" rel=\"noreferrer\" data-rel=\"iLightbox[gallery_image_1]\" class=\"fusion-lightbox\" target=\"_self\"><div style=\"background-image:url(https:\/\/www.techostensados.com\/wp-content\/uploads\/2020\/01\/techos-tensados-viviendas-17.jpg);padding-top:calc((100% + 20px) * 1.6);background-position:;\" class=\"fusion-masonry-element-container\"><img decoding=\"async\" src=\"https:\/\/www.techostensados.com\/wp-content\/uploads\/2020\/01\/techos-tensados-viviendas-17.jpg\" width=\"1200\" height=\"1600\" alt=\"\" title=\"techos-tensados-viviendas-17\" aria-label=\"techos-tensados-viviendas-17\" class=\"img-responsive wp-image-1005\" srcset=\"https:\/\/www.techostensados.com\/wp-content\/uploads\/2020\/01\/techos-tensados-viviendas-17-200x267.jpg 200w, https:\/\/www.techostensados.com\/wp-content\/uploads\/2020\/01\/techos-tensados-viviendas-17-400x533.jpg 400w, https:\/\/www.techostensados.com\/wp-content\/uploads\/2020\/01\/techos-tensados-viviendas-17-600x800.jpg 600w, https:\/\/www.techostensados.com\/wp-content\/uploads\/2020\/01\/techos-tensados-viviendas-17-800x1067.jpg 800w, https:\/\/www.techostensados.com\/wp-content\/uploads\/2020\/01\/techos-tensados-viviendas-17.jpg 1200w\" sizes=\"(min-width: 2200px) 100vw, (min-width: 1099px) 182px, (min-width: 1007px) 218px, (min-width: 915px) 273px, (min-width: 824px) 363px, (min-width: 732px) 545px, (min-width: 640px) 732px, \" \/><\/div><\/a><\/div><\/div><div style=\"padding:10px;\" class=\"fusion-grid-column fusion-gallery-column fusion-gallery-column-6 hover-type-zoomin fusion-element-landscape\"><div class=\"fusion-gallery-image\"><a href=\"https:\/\/www.techostensados.com\/wp-content\/uploads\/2020\/01\/techos-tensados-viviendas-18.jpg\" rel=\"noreferrer\" data-rel=\"iLightbox[gallery_image_1]\" class=\"fusion-lightbox\" target=\"_self\"><div style=\"background-image:url(https:\/\/www.techostensados.com\/wp-content\/uploads\/2020\/01\/techos-tensados-viviendas-18.jpg);padding-top:calc((100% + 20px) * 0.4 - 10px);background-position:;\" class=\"fusion-masonry-element-container\"><img decoding=\"async\" src=\"https:\/\/www.techostensados.com\/wp-content\/uploads\/2020\/01\/techos-tensados-viviendas-18.jpg\" width=\"1200\" height=\"675\" alt=\"\" title=\"techos-tensados-viviendas-18\" aria-label=\"techos-tensados-viviendas-18\" class=\"img-responsive wp-image-1006\" srcset=\"https:\/\/www.techostensados.com\/wp-content\/uploads\/2020\/01\/techos-tensados-viviendas-18-200x113.jpg 200w, https:\/\/www.techostensados.com\/wp-content\/uploads\/2020\/01\/techos-tensados-viviendas-18-400x225.jpg 400w, https:\/\/www.techostensados.com\/wp-content\/uploads\/2020\/01\/techos-tensados-viviendas-18-600x338.jpg 600w, https:\/\/www.techostensados.com\/wp-content\/uploads\/2020\/01\/techos-tensados-viviendas-18-800x450.jpg 800w, https:\/\/www.techostensados.com\/wp-content\/uploads\/2020\/01\/techos-tensados-viviendas-18.jpg 1200w\" sizes=\"(min-width: 2200px) 100vw, (min-width: 824px) 373px, (min-width: 732px) 560px, (min-width: 640px) 732px, \" \/><\/div><\/a><\/div><\/div><div style=\"padding:10px;\" class=\"fusion-grid-column fusion-gallery-column fusion-gallery-column-6 hover-type-zoomin fusion-element-portrait\"><div class=\"fusion-gallery-image\"><a href=\"https:\/\/www.techostensados.com\/wp-content\/uploads\/2020\/01\/techos-tensados-viviendas-19.jpg\" rel=\"noreferrer\" data-rel=\"iLightbox[gallery_image_1]\" class=\"fusion-lightbox\" target=\"_self\"><div style=\"background-image:url(https:\/\/www.techostensados.com\/wp-content\/uploads\/2020\/01\/techos-tensados-viviendas-19.jpg);padding-top:calc((100% + 20px) * 1.6);background-position:;\" class=\"fusion-masonry-element-container\"><img decoding=\"async\" src=\"https:\/\/www.techostensados.com\/wp-content\/uploads\/2020\/01\/techos-tensados-viviendas-19.jpg\" width=\"1200\" height=\"2133\" alt=\"\" title=\"techos-tensados-viviendas-19\" aria-label=\"techos-tensados-viviendas-19\" class=\"img-responsive wp-image-1007\" srcset=\"https:\/\/www.techostensados.com\/wp-content\/uploads\/2020\/01\/techos-tensados-viviendas-19-200x356.jpg 200w, https:\/\/www.techostensados.com\/wp-content\/uploads\/2020\/01\/techos-tensados-viviendas-19-400x711.jpg 400w, https:\/\/www.techostensados.com\/wp-content\/uploads\/2020\/01\/techos-tensados-viviendas-19-600x1067.jpg 600w, https:\/\/www.techostensados.com\/wp-content\/uploads\/2020\/01\/techos-tensados-viviendas-19-800x1422.jpg 800w, https:\/\/www.techostensados.com\/wp-content\/uploads\/2020\/01\/techos-tensados-viviendas-19.jpg 1200w\" sizes=\"(min-width: 2200px) 100vw, (min-width: 1099px) 182px, (min-width: 1007px) 218px, (min-width: 915px) 273px, (min-width: 824px) 363px, (min-width: 732px) 545px, (min-width: 640px) 732px, \" \/><\/div><\/a><\/div><\/div><div style=\"padding:10px;\" class=\"fusion-grid-column fusion-gallery-column fusion-gallery-column-6 hover-type-zoomin fusion-element-portrait\"><div class=\"fusion-gallery-image\"><a href=\"https:\/\/www.techostensados.com\/wp-content\/uploads\/2020\/01\/techos-tensados-viviendas-20.jpg\" rel=\"noreferrer\" data-rel=\"iLightbox[gallery_image_1]\" class=\"fusion-lightbox\" target=\"_self\"><div style=\"background-image:url(https:\/\/www.techostensados.com\/wp-content\/uploads\/2020\/01\/techos-tensados-viviendas-20.jpg);padding-top:calc((100% + 20px) * 1.6);background-position:;\" class=\"fusion-masonry-element-container\"><img decoding=\"async\" src=\"https:\/\/www.techostensados.com\/wp-content\/uploads\/2020\/01\/techos-tensados-viviendas-20.jpg\" width=\"1200\" height=\"1600\" alt=\"\" title=\"techos-tensados-viviendas-20\" aria-label=\"techos-tensados-viviendas-20\" class=\"img-responsive wp-image-1008\" srcset=\"https:\/\/www.techostensados.com\/wp-content\/uploads\/2020\/01\/techos-tensados-viviendas-20-200x267.jpg 200w, https:\/\/www.techostensados.com\/wp-content\/uploads\/2020\/01\/techos-tensados-viviendas-20-400x533.jpg 400w, https:\/\/www.techostensados.com\/wp-content\/uploads\/2020\/01\/techos-tensados-viviendas-20-600x800.jpg 600w, https:\/\/www.techostensados.com\/wp-content\/uploads\/2020\/01\/techos-tensados-viviendas-20-800x1067.jpg 800w, https:\/\/www.techostensados.com\/wp-content\/uploads\/2020\/01\/techos-tensados-viviendas-20.jpg 1200w\" sizes=\"(min-width: 2200px) 100vw, (min-width: 1099px) 182px, (min-width: 1007px) 218px, (min-width: 915px) 273px, (min-width: 824px) 363px, (min-width: 732px) 545px, (min-width: 640px) 732px, \" \/><\/div><\/a><\/div><\/div><div style=\"padding:10px;\" class=\"fusion-grid-column fusion-gallery-column fusion-gallery-column-6 hover-type-zoomin fusion-element-portrait\"><div class=\"fusion-gallery-image\"><a href=\"https:\/\/www.techostensados.com\/wp-content\/uploads\/2020\/01\/techos-tensados-viviendas-21.jpg\" rel=\"noreferrer\" data-rel=\"iLightbox[gallery_image_1]\" class=\"fusion-lightbox\" target=\"_self\"><div style=\"background-image:url(https:\/\/www.techostensados.com\/wp-content\/uploads\/2020\/01\/techos-tensados-viviendas-21.jpg);padding-top:calc((100% + 20px) * 1.6);background-position:;\" class=\"fusion-masonry-element-container\"><img decoding=\"async\" src=\"https:\/\/www.techostensados.com\/wp-content\/uploads\/2020\/01\/techos-tensados-viviendas-21.jpg\" width=\"1200\" height=\"1600\" alt=\"\" title=\"techos-tensados-viviendas-21\" aria-label=\"techos-tensados-viviendas-21\" class=\"img-responsive wp-image-1009\" srcset=\"https:\/\/www.techostensados.com\/wp-content\/uploads\/2020\/01\/techos-tensados-viviendas-21-200x267.jpg 200w, https:\/\/www.techostensados.com\/wp-content\/uploads\/2020\/01\/techos-tensados-viviendas-21-400x533.jpg 400w, https:\/\/www.techostensados.com\/wp-content\/uploads\/2020\/01\/techos-tensados-viviendas-21-600x800.jpg 600w, https:\/\/www.techostensados.com\/wp-content\/uploads\/2020\/01\/techos-tensados-viviendas-21-800x1067.jpg 800w, https:\/\/www.techostensados.com\/wp-content\/uploads\/2020\/01\/techos-tensados-viviendas-21.jpg 1200w\" sizes=\"(min-width: 2200px) 100vw, (min-width: 1099px) 182px, (min-width: 1007px) 218px, (min-width: 915px) 273px, (min-width: 824px) 363px, (min-width: 732px) 545px, (min-width: 640px) 732px, \" \/><\/div><\/a><\/div><\/div><div style=\"padding:10px;\" class=\"fusion-grid-column fusion-gallery-column fusion-gallery-column-6 hover-type-zoomin fusion-element-portrait\"><div class=\"fusion-gallery-image\"><a href=\"https:\/\/www.techostensados.com\/wp-content\/uploads\/2020\/01\/techos-tensados-viviendas-22-rotated.jpg\" rel=\"noreferrer\" data-rel=\"iLightbox[gallery_image_1]\" class=\"fusion-lightbox\" target=\"_self\"><div style=\"background-image:url(https:\/\/www.techostensados.com\/wp-content\/uploads\/2020\/01\/techos-tensados-viviendas-22-rotated.jpg);padding-top:calc((100% + 20px) * 1.6);background-position:;\" class=\"fusion-masonry-element-container\"><img decoding=\"async\" src=\"https:\/\/www.techostensados.com\/wp-content\/uploads\/2020\/01\/techos-tensados-viviendas-22-rotated.jpg\" width=\"900\" height=\"1200\" alt=\"\" title=\"techos-tensados-viviendas-22\" aria-label=\"techos-tensados-viviendas-22\" class=\"img-responsive wp-image-1010\" srcset=\"https:\/\/www.techostensados.com\/wp-content\/uploads\/2020\/01\/techos-tensados-viviendas-22-200x267.jpg 200w, https:\/\/www.techostensados.com\/wp-content\/uploads\/2020\/01\/techos-tensados-viviendas-22-400x533.jpg 400w, https:\/\/www.techostensados.com\/wp-content\/uploads\/2020\/01\/techos-tensados-viviendas-22-600x800.jpg 600w, https:\/\/www.techostensados.com\/wp-content\/uploads\/2020\/01\/techos-tensados-viviendas-22-800x1067.jpg 800w, https:\/\/www.techostensados.com\/wp-content\/uploads\/2020\/01\/techos-tensados-viviendas-22-rotated.jpg 900w\" sizes=\"(min-width: 2200px) 100vw, (min-width: 1099px) 182px, (min-width: 1007px) 218px, (min-width: 915px) 273px, (min-width: 824px) 363px, (min-width: 732px) 545px, (min-width: 640px) 732px, \" \/><\/div><\/a><\/div><\/div><div style=\"padding:10px;\" class=\"fusion-grid-column fusion-gallery-column fusion-gallery-column-6 hover-type-zoomin fusion-element-portrait\"><div class=\"fusion-gallery-image\"><a href=\"https:\/\/www.techostensados.com\/wp-content\/uploads\/2020\/01\/techos-tensados-viviendas-23.jpg\" rel=\"noreferrer\" data-rel=\"iLightbox[gallery_image_1]\" class=\"fusion-lightbox\" target=\"_self\"><div style=\"background-image:url(https:\/\/www.techostensados.com\/wp-content\/uploads\/2020\/01\/techos-tensados-viviendas-23.jpg);padding-top:calc((100% + 20px) * 1.6);background-position:;\" class=\"fusion-masonry-element-container\"><img decoding=\"async\" src=\"https:\/\/www.techostensados.com\/wp-content\/uploads\/2020\/01\/techos-tensados-viviendas-23.jpg\" width=\"1200\" height=\"2133\" alt=\"\" title=\"techos-tensados-viviendas-23\" aria-label=\"techos-tensados-viviendas-23\" class=\"img-responsive wp-image-1011\" srcset=\"https:\/\/www.techostensados.com\/wp-content\/uploads\/2020\/01\/techos-tensados-viviendas-23-200x356.jpg 200w, https:\/\/www.techostensados.com\/wp-content\/uploads\/2020\/01\/techos-tensados-viviendas-23-400x711.jpg 400w, https:\/\/www.techostensados.com\/wp-content\/uploads\/2020\/01\/techos-tensados-viviendas-23-600x1067.jpg 600w, https:\/\/www.techostensados.com\/wp-content\/uploads\/2020\/01\/techos-tensados-viviendas-23-800x1422.jpg 800w, https:\/\/www.techostensados.com\/wp-content\/uploads\/2020\/01\/techos-tensados-viviendas-23.jpg 1200w\" sizes=\"(min-width: 2200px) 100vw, (min-width: 1099px) 182px, (min-width: 1007px) 218px, (min-width: 915px) 273px, (min-width: 824px) 363px, (min-width: 732px) 545px, (min-width: 640px) 732px, \" \/><\/div><\/a><\/div><\/div><div style=\"padding:10px;\" class=\"fusion-grid-column fusion-gallery-column fusion-gallery-column-6 hover-type-zoomin fusion-element-grid\"><div class=\"fusion-gallery-image\"><a href=\"https:\/\/www.techostensados.com\/wp-content\/uploads\/2020\/01\/techos-tensados-viviendas-24-rotated.jpg\" rel=\"noreferrer\" data-rel=\"iLightbox[gallery_image_1]\" class=\"fusion-lightbox\" target=\"_self\"><div style=\"background-image:url(https:\/\/www.techostensados.com\/wp-content\/uploads\/2020\/01\/techos-tensados-viviendas-24-rotated.jpg);padding-top:calc((100% + 20px) * 0.8 - 10px);background-position:;\" class=\"fusion-masonry-element-container\"><img decoding=\"async\" src=\"https:\/\/www.techostensados.com\/wp-content\/uploads\/2020\/01\/techos-tensados-viviendas-24-rotated.jpg\" width=\"1200\" height=\"900\" alt=\"\" title=\"techos-tensados-viviendas-24\" aria-label=\"techos-tensados-viviendas-24\" class=\"img-responsive wp-image-1012\" srcset=\"https:\/\/www.techostensados.com\/wp-content\/uploads\/2020\/01\/techos-tensados-viviendas-24-200x150.jpg 200w, https:\/\/www.techostensados.com\/wp-content\/uploads\/2020\/01\/techos-tensados-viviendas-24-400x300.jpg 400w, https:\/\/www.techostensados.com\/wp-content\/uploads\/2020\/01\/techos-tensados-viviendas-24-600x450.jpg 600w, https:\/\/www.techostensados.com\/wp-content\/uploads\/2020\/01\/techos-tensados-viviendas-24-800x600.jpg 800w, https:\/\/www.techostensados.com\/wp-content\/uploads\/2020\/01\/techos-tensados-viviendas-24-rotated.jpg 1200w\" sizes=\"(min-width: 2200px) 100vw, (min-width: 1099px) 182px, (min-width: 1007px) 218px, (min-width: 915px) 273px, (min-width: 824px) 363px, (min-width: 732px) 545px, (min-width: 640px) 732px, \" \/><\/div><\/a><\/div><\/div><div style=\"padding:10px;\" class=\"fusion-grid-column fusion-gallery-column fusion-gallery-column-6 hover-type-zoomin fusion-element-portrait\"><div class=\"fusion-gallery-image\"><a href=\"https:\/\/www.techostensados.com\/wp-content\/uploads\/2020\/01\/techos-tensados-viviendas-25-rotated.jpg\" rel=\"noreferrer\" data-rel=\"iLightbox[gallery_image_1]\" class=\"fusion-lightbox\" target=\"_self\"><div style=\"background-image:url(https:\/\/www.techostensados.com\/wp-content\/uploads\/2020\/01\/techos-tensados-viviendas-25-rotated.jpg);padding-top:calc((100% + 20px) * 1.6);background-position:;\" class=\"fusion-masonry-element-container\"><img decoding=\"async\" src=\"https:\/\/www.techostensados.com\/wp-content\/uploads\/2020\/01\/techos-tensados-viviendas-25-rotated.jpg\" width=\"900\" height=\"1200\" alt=\"\" title=\"techos-tensados-viviendas-25\" aria-label=\"techos-tensados-viviendas-25\" class=\"img-responsive wp-image-1013\" srcset=\"https:\/\/www.techostensados.com\/wp-content\/uploads\/2020\/01\/techos-tensados-viviendas-25-200x267.jpg 200w, https:\/\/www.techostensados.com\/wp-content\/uploads\/2020\/01\/techos-tensados-viviendas-25-400x533.jpg 400w, https:\/\/www.techostensados.com\/wp-content\/uploads\/2020\/01\/techos-tensados-viviendas-25-600x800.jpg 600w, https:\/\/www.techostensados.com\/wp-content\/uploads\/2020\/01\/techos-tensados-viviendas-25-800x1067.jpg 800w, https:\/\/www.techostensados.com\/wp-content\/uploads\/2020\/01\/techos-tensados-viviendas-25-rotated.jpg 900w\" sizes=\"(min-width: 2200px) 100vw, (min-width: 1099px) 182px, (min-width: 1007px) 218px, (min-width: 915px) 273px, (min-width: 824px) 363px, (min-width: 732px) 545px, (min-width: 640px) 732px, \" \/><\/div><\/a><\/div><\/div><div style=\"padding:10px;\" class=\"fusion-grid-column fusion-gallery-column fusion-gallery-column-6 hover-type-zoomin fusion-element-portrait\"><div class=\"fusion-gallery-image\"><a href=\"https:\/\/www.techostensados.com\/wp-content\/uploads\/2020\/01\/techos-tensados-viviendas-26-rotated.jpg\" rel=\"noreferrer\" data-rel=\"iLightbox[gallery_image_1]\" class=\"fusion-lightbox\" target=\"_self\"><div style=\"background-image:url(https:\/\/www.techostensados.com\/wp-content\/uploads\/2020\/01\/techos-tensados-viviendas-26-rotated.jpg);padding-top:calc((100% + 20px) * 1.6);background-position:;\" class=\"fusion-masonry-element-container\"><img decoding=\"async\" src=\"https:\/\/www.techostensados.com\/wp-content\/uploads\/2020\/01\/techos-tensados-viviendas-26-rotated.jpg\" width=\"900\" height=\"1200\" alt=\"\" title=\"techos-tensados-viviendas-26\" aria-label=\"techos-tensados-viviendas-26\" class=\"img-responsive wp-image-1014\" srcset=\"https:\/\/www.techostensados.com\/wp-content\/uploads\/2020\/01\/techos-tensados-viviendas-26-200x267.jpg 200w, https:\/\/www.techostensados.com\/wp-content\/uploads\/2020\/01\/techos-tensados-viviendas-26-400x533.jpg 400w, https:\/\/www.techostensados.com\/wp-content\/uploads\/2020\/01\/techos-tensados-viviendas-26-600x800.jpg 600w, https:\/\/www.techostensados.com\/wp-content\/uploads\/2020\/01\/techos-tensados-viviendas-26-800x1067.jpg 800w, https:\/\/www.techostensados.com\/wp-content\/uploads\/2020\/01\/techos-tensados-viviendas-26-rotated.jpg 900w\" sizes=\"(min-width: 2200px) 100vw, (min-width: 1099px) 182px, (min-width: 1007px) 218px, (min-width: 915px) 273px, (min-width: 824px) 363px, (min-width: 732px) 545px, (min-width: 640px) 732px, \" \/><\/div><\/a><\/div><\/div><div style=\"padding:10px;\" class=\"fusion-grid-column fusion-gallery-column fusion-gallery-column-6 hover-type-zoomin fusion-element-portrait\"><div class=\"fusion-gallery-image\"><a href=\"https:\/\/www.techostensados.com\/wp-content\/uploads\/2020\/01\/techos-tensados-viviendas-27-rotated.jpg\" rel=\"noreferrer\" data-rel=\"iLightbox[gallery_image_1]\" class=\"fusion-lightbox\" target=\"_self\"><div style=\"background-image:url(https:\/\/www.techostensados.com\/wp-content\/uploads\/2020\/01\/techos-tensados-viviendas-27-rotated.jpg);padding-top:calc((100% + 20px) * 1.6);background-position:;\" class=\"fusion-masonry-element-container\"><img decoding=\"async\" src=\"https:\/\/www.techostensados.com\/wp-content\/uploads\/2020\/01\/techos-tensados-viviendas-27-rotated.jpg\" width=\"900\" height=\"1200\" alt=\"\" title=\"techos-tensados-viviendas-27\" aria-label=\"techos-tensados-viviendas-27\" class=\"img-responsive wp-image-1015\" srcset=\"https:\/\/www.techostensados.com\/wp-content\/uploads\/2020\/01\/techos-tensados-viviendas-27-200x267.jpg 200w, https:\/\/www.techostensados.com\/wp-content\/uploads\/2020\/01\/techos-tensados-viviendas-27-400x533.jpg 400w, https:\/\/www.techostensados.com\/wp-content\/uploads\/2020\/01\/techos-tensados-viviendas-27-600x800.jpg 600w, https:\/\/www.techostensados.com\/wp-content\/uploads\/2020\/01\/techos-tensados-viviendas-27-800x1067.jpg 800w, https:\/\/www.techostensados.com\/wp-content\/uploads\/2020\/01\/techos-tensados-viviendas-27-rotated.jpg 900w\" sizes=\"(min-width: 2200px) 100vw, (min-width: 1099px) 182px, (min-width: 1007px) 218px, (min-width: 915px) 273px, (min-width: 824px) 363px, (min-width: 732px) 545px, (min-width: 640px) 732px, \" \/><\/div><\/a><\/div><\/div><div style=\"padding:10px;\" class=\"fusion-grid-column fusion-gallery-column fusion-gallery-column-6 hover-type-zoomin fusion-element-portrait\"><div class=\"fusion-gallery-image\"><a href=\"https:\/\/www.techostensados.com\/wp-content\/uploads\/2020\/01\/techos-tensados-viviendas-28.jpg\" rel=\"noreferrer\" data-rel=\"iLightbox[gallery_image_1]\" class=\"fusion-lightbox\" target=\"_self\"><div style=\"background-image:url(https:\/\/www.techostensados.com\/wp-content\/uploads\/2020\/01\/techos-tensados-viviendas-28.jpg);padding-top:calc((100% + 20px) * 1.6);background-position:;\" class=\"fusion-masonry-element-container\"><img decoding=\"async\" src=\"https:\/\/www.techostensados.com\/wp-content\/uploads\/2020\/01\/techos-tensados-viviendas-28.jpg\" width=\"1200\" height=\"2133\" alt=\"\" title=\"techos-tensados-viviendas-28\" aria-label=\"techos-tensados-viviendas-28\" class=\"img-responsive wp-image-1016\" srcset=\"https:\/\/www.techostensados.com\/wp-content\/uploads\/2020\/01\/techos-tensados-viviendas-28-200x356.jpg 200w, https:\/\/www.techostensados.com\/wp-content\/uploads\/2020\/01\/techos-tensados-viviendas-28-400x711.jpg 400w, https:\/\/www.techostensados.com\/wp-content\/uploads\/2020\/01\/techos-tensados-viviendas-28-600x1067.jpg 600w, https:\/\/www.techostensados.com\/wp-content\/uploads\/2020\/01\/techos-tensados-viviendas-28-800x1422.jpg 800w, https:\/\/www.techostensados.com\/wp-content\/uploads\/2020\/01\/techos-tensados-viviendas-28.jpg 1200w\" sizes=\"(min-width: 2200px) 100vw, (min-width: 1099px) 182px, (min-width: 1007px) 218px, (min-width: 915px) 273px, (min-width: 824px) 363px, (min-width: 732px) 545px, (min-width: 640px) 732px, \" \/><\/div><\/a><\/div><\/div><div style=\"padding:10px;\" class=\"fusion-grid-column fusion-gallery-column fusion-gallery-column-6 hover-type-zoomin fusion-element-landscape\"><div class=\"fusion-gallery-image\"><a href=\"https:\/\/www.techostensados.com\/wp-content\/uploads\/2020\/01\/techos-tensados-viviendas-29.jpg\" rel=\"noreferrer\" data-rel=\"iLightbox[gallery_image_1]\" class=\"fusion-lightbox\" target=\"_self\"><div style=\"background-image:url(https:\/\/www.techostensados.com\/wp-content\/uploads\/2020\/01\/techos-tensados-viviendas-29.jpg);padding-top:calc((100% + 20px) * 0.4 - 10px);background-position:;\" class=\"fusion-masonry-element-container\"><img decoding=\"async\" src=\"https:\/\/www.techostensados.com\/wp-content\/uploads\/2020\/01\/techos-tensados-viviendas-29.jpg\" width=\"1200\" height=\"675\" alt=\"\" title=\"techos-tensados-viviendas-29\" aria-label=\"techos-tensados-viviendas-29\" class=\"img-responsive wp-image-1017\" srcset=\"https:\/\/www.techostensados.com\/wp-content\/uploads\/2020\/01\/techos-tensados-viviendas-29-200x113.jpg 200w, https:\/\/www.techostensados.com\/wp-content\/uploads\/2020\/01\/techos-tensados-viviendas-29-400x225.jpg 400w, https:\/\/www.techostensados.com\/wp-content\/uploads\/2020\/01\/techos-tensados-viviendas-29-600x338.jpg 600w, https:\/\/www.techostensados.com\/wp-content\/uploads\/2020\/01\/techos-tensados-viviendas-29-800x450.jpg 800w, https:\/\/www.techostensados.com\/wp-content\/uploads\/2020\/01\/techos-tensados-viviendas-29.jpg 1200w\" sizes=\"(min-width: 2200px) 100vw, (min-width: 824px) 373px, (min-width: 732px) 560px, (min-width: 640px) 732px, \" \/><\/div><\/a><\/div><\/div><div style=\"padding:10px;\" class=\"fusion-grid-column fusion-gallery-column fusion-gallery-column-6 hover-type-zoomin fusion-element-portrait\"><div class=\"fusion-gallery-image\"><a href=\"https:\/\/www.techostensados.com\/wp-content\/uploads\/2020\/01\/techos-tensados-viviendas-30.jpg\" rel=\"noreferrer\" data-rel=\"iLightbox[gallery_image_1]\" class=\"fusion-lightbox\" target=\"_self\"><div style=\"background-image:url(https:\/\/www.techostensados.com\/wp-content\/uploads\/2020\/01\/techos-tensados-viviendas-30.jpg);padding-top:calc((100% + 20px) * 1.6);background-position:;\" class=\"fusion-masonry-element-container\"><img decoding=\"async\" src=\"https:\/\/www.techostensados.com\/wp-content\/uploads\/2020\/01\/techos-tensados-viviendas-30.jpg\" width=\"1200\" height=\"2133\" alt=\"\" title=\"techos-tensados-viviendas-30\" aria-label=\"techos-tensados-viviendas-30\" class=\"img-responsive wp-image-1018\" srcset=\"https:\/\/www.techostensados.com\/wp-content\/uploads\/2020\/01\/techos-tensados-viviendas-30-200x356.jpg 200w, https:\/\/www.techostensados.com\/wp-content\/uploads\/2020\/01\/techos-tensados-viviendas-30-400x711.jpg 400w, https:\/\/www.techostensados.com\/wp-content\/uploads\/2020\/01\/techos-tensados-viviendas-30-600x1067.jpg 600w, https:\/\/www.techostensados.com\/wp-content\/uploads\/2020\/01\/techos-tensados-viviendas-30-800x1422.jpg 800w, https:\/\/www.techostensados.com\/wp-content\/uploads\/2020\/01\/techos-tensados-viviendas-30.jpg 1200w\" sizes=\"(min-width: 2200px) 100vw, (min-width: 1099px) 182px, (min-width: 1007px) 218px, (min-width: 915px) 273px, (min-width: 824px) 363px, (min-width: 732px) 545px, (min-width: 640px) 732px, \" \/><\/div><\/a><\/div><\/div><div style=\"padding:10px;\" class=\"fusion-grid-column fusion-gallery-column fusion-gallery-column-6 hover-type-zoomin fusion-element-landscape\"><div class=\"fusion-gallery-image\"><a href=\"https:\/\/www.techostensados.com\/wp-content\/uploads\/2020\/01\/techos-tensados-viviendas-31.jpg\" rel=\"noreferrer\" data-rel=\"iLightbox[gallery_image_1]\" class=\"fusion-lightbox\" target=\"_self\"><div style=\"background-image:url(https:\/\/www.techostensados.com\/wp-content\/uploads\/2020\/01\/techos-tensados-viviendas-31.jpg);padding-top:calc((100% + 20px) * 0.4 - 10px);background-position:;\" class=\"fusion-masonry-element-container\"><img decoding=\"async\" src=\"https:\/\/www.techostensados.com\/wp-content\/uploads\/2020\/01\/techos-tensados-viviendas-31.jpg\" width=\"1200\" height=\"675\" alt=\"\" title=\"techos-tensados-viviendas-31\" aria-label=\"techos-tensados-viviendas-31\" class=\"img-responsive wp-image-1019\" srcset=\"https:\/\/www.techostensados.com\/wp-content\/uploads\/2020\/01\/techos-tensados-viviendas-31-200x113.jpg 200w, https:\/\/www.techostensados.com\/wp-content\/uploads\/2020\/01\/techos-tensados-viviendas-31-400x225.jpg 400w, https:\/\/www.techostensados.com\/wp-content\/uploads\/2020\/01\/techos-tensados-viviendas-31-600x338.jpg 600w, https:\/\/www.techostensados.com\/wp-content\/uploads\/2020\/01\/techos-tensados-viviendas-31-800x450.jpg 800w, https:\/\/www.techostensados.com\/wp-content\/uploads\/2020\/01\/techos-tensados-viviendas-31.jpg 1200w\" sizes=\"(min-width: 2200px) 100vw, (min-width: 824px) 373px, (min-width: 732px) 560px, (min-width: 640px) 732px, \" \/><\/div><\/a><\/div><\/div><div style=\"padding:10px;\" class=\"fusion-grid-column fusion-gallery-column fusion-gallery-column-6 hover-type-zoomin fusion-element-landscape\"><div class=\"fusion-gallery-image\"><a href=\"https:\/\/www.techostensados.com\/wp-content\/uploads\/2020\/01\/techos-tensados-viviendas-32.jpg\" rel=\"noreferrer\" data-rel=\"iLightbox[gallery_image_1]\" class=\"fusion-lightbox\" target=\"_self\"><div style=\"background-image:url(https:\/\/www.techostensados.com\/wp-content\/uploads\/2020\/01\/techos-tensados-viviendas-32.jpg);padding-top:calc((100% + 20px) * 0.4 - 10px);background-position:;\" class=\"fusion-masonry-element-container\"><img decoding=\"async\" src=\"https:\/\/www.techostensados.com\/wp-content\/uploads\/2020\/01\/techos-tensados-viviendas-32.jpg\" width=\"1200\" height=\"675\" alt=\"\" title=\"techos-tensados-viviendas-32\" aria-label=\"techos-tensados-viviendas-32\" class=\"img-responsive wp-image-1020\" srcset=\"https:\/\/www.techostensados.com\/wp-content\/uploads\/2020\/01\/techos-tensados-viviendas-32-200x113.jpg 200w, https:\/\/www.techostensados.com\/wp-content\/uploads\/2020\/01\/techos-tensados-viviendas-32-400x225.jpg 400w, https:\/\/www.techostensados.com\/wp-content\/uploads\/2020\/01\/techos-tensados-viviendas-32-600x338.jpg 600w, https:\/\/www.techostensados.com\/wp-content\/uploads\/2020\/01\/techos-tensados-viviendas-32-800x450.jpg 800w, https:\/\/www.techostensados.com\/wp-content\/uploads\/2020\/01\/techos-tensados-viviendas-32.jpg 1200w\" sizes=\"(min-width: 2200px) 100vw, (min-width: 824px) 373px, (min-width: 732px) 560px, (min-width: 640px) 732px, \" \/><\/div><\/a><\/div><\/div><div style=\"padding:10px;\" class=\"fusion-grid-column fusion-gallery-column fusion-gallery-column-6 hover-type-zoomin fusion-element-portrait\"><div class=\"fusion-gallery-image\"><a href=\"https:\/\/www.techostensados.com\/wp-content\/uploads\/2020\/01\/techos-tensados-viviendas-34-rotated.jpg\" rel=\"noreferrer\" data-rel=\"iLightbox[gallery_image_1]\" class=\"fusion-lightbox\" target=\"_self\"><div style=\"background-image:url(https:\/\/www.techostensados.com\/wp-content\/uploads\/2020\/01\/techos-tensados-viviendas-34-rotated.jpg);padding-top:calc((100% + 20px) * 1.6);background-position:;\" class=\"fusion-masonry-element-container\"><img decoding=\"async\" src=\"https:\/\/www.techostensados.com\/wp-content\/uploads\/2020\/01\/techos-tensados-viviendas-34-rotated.jpg\" width=\"900\" height=\"1200\" alt=\"\" title=\"techos-tensados-viviendas-34\" aria-label=\"techos-tensados-viviendas-34\" class=\"img-responsive wp-image-1022\" srcset=\"https:\/\/www.techostensados.com\/wp-content\/uploads\/2020\/01\/techos-tensados-viviendas-34-200x267.jpg 200w, https:\/\/www.techostensados.com\/wp-content\/uploads\/2020\/01\/techos-tensados-viviendas-34-400x533.jpg 400w, https:\/\/www.techostensados.com\/wp-content\/uploads\/2020\/01\/techos-tensados-viviendas-34-600x800.jpg 600w, https:\/\/www.techostensados.com\/wp-content\/uploads\/2020\/01\/techos-tensados-viviendas-34-800x1067.jpg 800w, https:\/\/www.techostensados.com\/wp-content\/uploads\/2020\/01\/techos-tensados-viviendas-34-rotated.jpg 900w\" sizes=\"(min-width: 2200px) 100vw, (min-width: 1099px) 182px, (min-width: 1007px) 218px, (min-width: 915px) 273px, (min-width: 824px) 363px, (min-width: 732px) 545px, (min-width: 640px) 732px, \" \/><\/div><\/a><\/div><\/div><div style=\"padding:10px;\" class=\"fusion-grid-column fusion-gallery-column fusion-gallery-column-6 hover-type-zoomin fusion-element-grid\"><div class=\"fusion-gallery-image\"><a href=\"https:\/\/www.techostensados.com\/wp-content\/uploads\/2020\/01\/techos-tensados-viviendas-35-rotated.jpg\" rel=\"noreferrer\" data-rel=\"iLightbox[gallery_image_1]\" class=\"fusion-lightbox\" target=\"_self\"><div style=\"background-image:url(https:\/\/www.techostensados.com\/wp-content\/uploads\/2020\/01\/techos-tensados-viviendas-35-rotated.jpg);padding-top:calc((100% + 20px) * 0.8 - 10px);background-position:;\" class=\"fusion-masonry-element-container\"><img decoding=\"async\" src=\"https:\/\/www.techostensados.com\/wp-content\/uploads\/2020\/01\/techos-tensados-viviendas-35-rotated.jpg\" width=\"1200\" height=\"900\" alt=\"\" title=\"techos-tensados-viviendas-35\" aria-label=\"techos-tensados-viviendas-35\" class=\"img-responsive wp-image-1023\" srcset=\"https:\/\/www.techostensados.com\/wp-content\/uploads\/2020\/01\/techos-tensados-viviendas-35-200x150.jpg 200w, https:\/\/www.techostensados.com\/wp-content\/uploads\/2020\/01\/techos-tensados-viviendas-35-400x300.jpg 400w, https:\/\/www.techostensados.com\/wp-content\/uploads\/2020\/01\/techos-tensados-viviendas-35-600x450.jpg 600w, https:\/\/www.techostensados.com\/wp-content\/uploads\/2020\/01\/techos-tensados-viviendas-35-800x600.jpg 800w, https:\/\/www.techostensados.com\/wp-content\/uploads\/2020\/01\/techos-tensados-viviendas-35-rotated.jpg 1200w\" sizes=\"(min-width: 2200px) 100vw, (min-width: 1099px) 182px, (min-width: 1007px) 218px, (min-width: 915px) 273px, (min-width: 824px) 363px, (min-width: 732px) 545px, (min-width: 640px) 732px, \" \/><\/div><\/a><\/div><\/div><div style=\"padding:10px;\" class=\"fusion-grid-column fusion-gallery-column fusion-gallery-column-6 hover-type-zoomin fusion-element-portrait\"><div class=\"fusion-gallery-image\"><a href=\"https:\/\/www.techostensados.com\/wp-content\/uploads\/2020\/01\/techos-tensados-viviendas-36.jpg\" rel=\"noreferrer\" data-rel=\"iLightbox[gallery_image_1]\" class=\"fusion-lightbox\" target=\"_self\"><div style=\"background-image:url(https:\/\/www.techostensados.com\/wp-content\/uploads\/2020\/01\/techos-tensados-viviendas-36.jpg);padding-top:calc((100% + 20px) * 1.6);background-position:;\" class=\"fusion-masonry-element-container\"><img decoding=\"async\" src=\"https:\/\/www.techostensados.com\/wp-content\/uploads\/2020\/01\/techos-tensados-viviendas-36.jpg\" width=\"1200\" height=\"1504\" alt=\"\" title=\"techos-tensados-viviendas-36\" aria-label=\"techos-tensados-viviendas-36\" class=\"img-responsive wp-image-1024\" srcset=\"https:\/\/www.techostensados.com\/wp-content\/uploads\/2020\/01\/techos-tensados-viviendas-36-200x251.jpg 200w, https:\/\/www.techostensados.com\/wp-content\/uploads\/2020\/01\/techos-tensados-viviendas-36-400x501.jpg 400w, https:\/\/www.techostensados.com\/wp-content\/uploads\/2020\/01\/techos-tensados-viviendas-36-600x752.jpg 600w, https:\/\/www.techostensados.com\/wp-content\/uploads\/2020\/01\/techos-tensados-viviendas-36-800x1003.jpg 800w, https:\/\/www.techostensados.com\/wp-content\/uploads\/2020\/01\/techos-tensados-viviendas-36.jpg 1200w\" sizes=\"(min-width: 2200px) 100vw, (min-width: 1099px) 182px, (min-width: 1007px) 218px, (min-width: 915px) 273px, (min-width: 824px) 363px, (min-width: 732px) 545px, (min-width: 640px) 732px, \" \/><\/div><\/a><\/div><\/div><div style=\"padding:10px;\" class=\"fusion-grid-column fusion-gallery-column fusion-gallery-column-6 hover-type-zoomin fusion-element-grid\"><div class=\"fusion-gallery-image\"><a href=\"https:\/\/www.techostensados.com\/wp-content\/uploads\/2020\/01\/techos-tensados-viviendas-37.jpg\" rel=\"noreferrer\" data-rel=\"iLightbox[gallery_image_1]\" class=\"fusion-lightbox\" target=\"_self\"><div style=\"background-image:url(https:\/\/www.techostensados.com\/wp-content\/uploads\/2020\/01\/techos-tensados-viviendas-37.jpg);padding-top:calc((100% + 20px) * 0.8 - 10px);background-position:;\" class=\"fusion-masonry-element-container\"><img decoding=\"async\" src=\"https:\/\/www.techostensados.com\/wp-content\/uploads\/2020\/01\/techos-tensados-viviendas-37.jpg\" width=\"1200\" height=\"859\" alt=\"\" title=\"techos-tensados-viviendas-37\" aria-label=\"techos-tensados-viviendas-37\" class=\"img-responsive wp-image-1025\" srcset=\"https:\/\/www.techostensados.com\/wp-content\/uploads\/2020\/01\/techos-tensados-viviendas-37-200x143.jpg 200w, https:\/\/www.techostensados.com\/wp-content\/uploads\/2020\/01\/techos-tensados-viviendas-37-400x286.jpg 400w, https:\/\/www.techostensados.com\/wp-content\/uploads\/2020\/01\/techos-tensados-viviendas-37-600x430.jpg 600w, https:\/\/www.techostensados.com\/wp-content\/uploads\/2020\/01\/techos-tensados-viviendas-37-800x573.jpg 800w, https:\/\/www.techostensados.com\/wp-content\/uploads\/2020\/01\/techos-tensados-viviendas-37.jpg 1200w\" sizes=\"(min-width: 2200px) 100vw, (min-width: 1099px) 182px, (min-width: 1007px) 218px, (min-width: 915px) 273px, (min-width: 824px) 363px, (min-width: 732px) 545px, (min-width: 640px) 732px, \" \/><\/div><\/a><\/div><\/div><div style=\"padding:10px;\" class=\"fusion-grid-column fusion-gallery-column fusion-gallery-column-6 hover-type-zoomin fusion-element-grid\"><div class=\"fusion-gallery-image\"><a href=\"https:\/\/www.techostensados.com\/wp-content\/uploads\/2020\/01\/techos-tensados-viviendas-38.jpg\" rel=\"noreferrer\" data-rel=\"iLightbox[gallery_image_1]\" class=\"fusion-lightbox\" target=\"_self\"><div style=\"background-image:url(https:\/\/www.techostensados.com\/wp-content\/uploads\/2020\/01\/techos-tensados-viviendas-38.jpg);padding-top:calc((100% + 20px) * 0.8 - 10px);background-position:;\" class=\"fusion-masonry-element-container\"><img decoding=\"async\" src=\"https:\/\/www.techostensados.com\/wp-content\/uploads\/2020\/01\/techos-tensados-viviendas-38.jpg\" width=\"1200\" height=\"879\" alt=\"\" title=\"techos-tensados-viviendas-38\" aria-label=\"techos-tensados-viviendas-38\" class=\"img-responsive wp-image-1026\" srcset=\"https:\/\/www.techostensados.com\/wp-content\/uploads\/2020\/01\/techos-tensados-viviendas-38-200x147.jpg 200w, https:\/\/www.techostensados.com\/wp-content\/uploads\/2020\/01\/techos-tensados-viviendas-38-400x293.jpg 400w, https:\/\/www.techostensados.com\/wp-content\/uploads\/2020\/01\/techos-tensados-viviendas-38-600x440.jpg 600w, https:\/\/www.techostensados.com\/wp-content\/uploads\/2020\/01\/techos-tensados-viviendas-38-800x586.jpg 800w, https:\/\/www.techostensados.com\/wp-content\/uploads\/2020\/01\/techos-tensados-viviendas-38.jpg 1200w\" sizes=\"(min-width: 2200px) 100vw, (min-width: 1099px) 182px, (min-width: 1007px) 218px, (min-width: 915px) 273px, (min-width: 824px) 363px, (min-width: 732px) 545px, (min-width: 640px) 732px, \" \/><\/div><\/a><\/div><\/div><div style=\"padding:10px;\" class=\"fusion-grid-column fusion-gallery-column fusion-gallery-column-6 hover-type-zoomin fusion-element-grid\"><div class=\"fusion-gallery-image\"><a href=\"https:\/\/www.techostensados.com\/wp-content\/uploads\/2020\/01\/techos-tensados-viviendas-39.jpg\" rel=\"noreferrer\" data-rel=\"iLightbox[gallery_image_1]\" class=\"fusion-lightbox\" target=\"_self\"><div style=\"background-image:url(https:\/\/www.techostensados.com\/wp-content\/uploads\/2020\/01\/techos-tensados-viviendas-39.jpg);padding-top:calc((100% + 20px) * 0.8 - 10px);background-position:;\" class=\"fusion-masonry-element-container\"><img decoding=\"async\" src=\"https:\/\/www.techostensados.com\/wp-content\/uploads\/2020\/01\/techos-tensados-viviendas-39.jpg\" width=\"1200\" height=\"1192\" alt=\"\" title=\"techos-tensados-viviendas-39\" aria-label=\"techos-tensados-viviendas-39\" class=\"img-responsive wp-image-1027\" srcset=\"https:\/\/www.techostensados.com\/wp-content\/uploads\/2020\/01\/techos-tensados-viviendas-39-200x199.jpg 200w, https:\/\/www.techostensados.com\/wp-content\/uploads\/2020\/01\/techos-tensados-viviendas-39-400x397.jpg 400w, https:\/\/www.techostensados.com\/wp-content\/uploads\/2020\/01\/techos-tensados-viviendas-39-600x596.jpg 600w, https:\/\/www.techostensados.com\/wp-content\/uploads\/2020\/01\/techos-tensados-viviendas-39-800x795.jpg 800w, https:\/\/www.techostensados.com\/wp-content\/uploads\/2020\/01\/techos-tensados-viviendas-39.jpg 1200w\" sizes=\"(min-width: 2200px) 100vw, (min-width: 1099px) 182px, (min-width: 1007px) 218px, (min-width: 915px) 273px, (min-width: 824px) 363px, (min-width: 732px) 545px, (min-width: 640px) 732px, \" \/><\/div><\/a><\/div><\/div><div style=\"padding:10px;\" class=\"fusion-grid-column fusion-gallery-column fusion-gallery-column-6 hover-type-zoomin fusion-element-portrait\"><div class=\"fusion-gallery-image\"><a href=\"https:\/\/www.techostensados.com\/wp-content\/uploads\/2020\/01\/techos-tensados-viviendas-40.jpg\" rel=\"noreferrer\" data-rel=\"iLightbox[gallery_image_1]\" class=\"fusion-lightbox\" target=\"_self\"><div style=\"background-image:url(https:\/\/www.techostensados.com\/wp-content\/uploads\/2020\/01\/techos-tensados-viviendas-40.jpg);padding-top:calc((100% + 20px) * 1.6);background-position:;\" class=\"fusion-masonry-element-container\"><img decoding=\"async\" src=\"https:\/\/www.techostensados.com\/wp-content\/uploads\/2020\/01\/techos-tensados-viviendas-40.jpg\" width=\"1200\" height=\"1492\" alt=\"\" title=\"techos-tensados-viviendas-40\" aria-label=\"techos-tensados-viviendas-40\" class=\"img-responsive wp-image-1028\" srcset=\"https:\/\/www.techostensados.com\/wp-content\/uploads\/2020\/01\/techos-tensados-viviendas-40-200x249.jpg 200w, https:\/\/www.techostensados.com\/wp-content\/uploads\/2020\/01\/techos-tensados-viviendas-40-400x497.jpg 400w, https:\/\/www.techostensados.com\/wp-content\/uploads\/2020\/01\/techos-tensados-viviendas-40-600x746.jpg 600w, https:\/\/www.techostensados.com\/wp-content\/uploads\/2020\/01\/techos-tensados-viviendas-40-800x995.jpg 800w, https:\/\/www.techostensados.com\/wp-content\/uploads\/2020\/01\/techos-tensados-viviendas-40.jpg 1200w\" sizes=\"(min-width: 2200px) 100vw, (min-width: 1099px) 182px, (min-width: 1007px) 218px, (min-width: 915px) 273px, (min-width: 824px) 363px, (min-width: 732px) 545px, (min-width: 640px) 732px, \" \/><\/div><\/a><\/div><\/div><div style=\"padding:10px;\" class=\"fusion-grid-column fusion-gallery-column fusion-gallery-column-6 hover-type-zoomin fusion-element-grid\"><div class=\"fusion-gallery-image\"><a href=\"https:\/\/www.techostensados.com\/wp-content\/uploads\/2020\/01\/techos-tensados-viviendas-41.jpg\" rel=\"noreferrer\" data-rel=\"iLightbox[gallery_image_1]\" class=\"fusion-lightbox\" target=\"_self\"><div style=\"background-image:url(https:\/\/www.techostensados.com\/wp-content\/uploads\/2020\/01\/techos-tensados-viviendas-41.jpg);padding-top:calc((100% + 20px) * 0.8 - 10px);background-position:;\" class=\"fusion-masonry-element-container\"><img decoding=\"async\" src=\"https:\/\/www.techostensados.com\/wp-content\/uploads\/2020\/01\/techos-tensados-viviendas-41.jpg\" width=\"1200\" height=\"900\" alt=\"\" title=\"techos-tensados-viviendas-41\" aria-label=\"techos-tensados-viviendas-41\" class=\"img-responsive wp-image-1029\" srcset=\"https:\/\/www.techostensados.com\/wp-content\/uploads\/2020\/01\/techos-tensados-viviendas-41-200x150.jpg 200w, https:\/\/www.techostensados.com\/wp-content\/uploads\/2020\/01\/techos-tensados-viviendas-41-400x300.jpg 400w, https:\/\/www.techostensados.com\/wp-content\/uploads\/2020\/01\/techos-tensados-viviendas-41-600x450.jpg 600w, https:\/\/www.techostensados.com\/wp-content\/uploads\/2020\/01\/techos-tensados-viviendas-41-800x600.jpg 800w, https:\/\/www.techostensados.com\/wp-content\/uploads\/2020\/01\/techos-tensados-viviendas-41.jpg 1200w\" sizes=\"(min-width: 2200px) 100vw, (min-width: 1099px) 182px, (min-width: 1007px) 218px, (min-width: 915px) 273px, (min-width: 824px) 363px, (min-width: 732px) 545px, (min-width: 640px) 732px, \" \/><\/div><\/a><\/div><\/div><\/div><\/div><div class=\"fusion-clearfix\"><\/div><\/div><\/div><\/div><\/div><div class=\"fusion-fullwidth fullwidth-box fusion-builder-row-2 fusion-parallax-none nonhundred-percent-fullwidth non-hundred-percent-height-scrolling fusion-equal-height-columns\" style=\"--awb-border-sizes-top:0px;--awb-border-sizes-bottom:0px;--awb-border-sizes-left:0px;--awb-border-sizes-right:0px;--awb-border-color:#46b1fd;--awb-border-radius-top-left:0px;--awb-border-radius-top-right:0px;--awb-border-radius-bottom-right:0px;--awb-border-radius-bottom-left:0px;--awb-padding-top:6%;--awb-padding-bottom:6%;--awb-background-image:url(&quot;https:\/\/www.techostensados.com\/wp-content\/uploads\/2019\/12\/bg-presupuesto-scaled.jpg&quot;);--awb-background-size:cover;--awb-flex-wrap:wrap;\" ><div class=\"fusion-builder-row fusion-row\"><div class=\"fusion-layout-column fusion_builder_column fusion-builder-column-1 fusion_builder_column_2_3 2_3 fusion-two-third fusion-column-first fusion-column-no-min-height fusion-no-small-visibility fusion-no-medium-visibility\" style=\"--awb-padding-left:15%;--awb-bg-size:cover;--awb-margin-bottom:0px;width:66.666666666667%;width:calc(66.666666666667% - ( ( 4% ) * 0.66666666666667 ) );margin-right: 4%;\"><div class=\"fusion-column-wrapper fusion-column-has-shadow fusion-flex-column-wrapper-legacy\"><div class=\"fusion-column-content-centered\"><div class=\"fusion-column-content\"><div class=\"fusion-title title fusion-title-3 fusion-sep-none fusion-title-text fusion-title-size-two\" style=\"--awb-text-color:#46b1fd;--awb-margin-bottom:0px;--awb-margin-bottom-small:0px;--awb-font-size:20px;\"><h2 class=\"fusion-title-heading title-heading-left fusion-responsive-typography-calculated\" style=\"margin:0;font-size:1em;--fontSize:20;--minFontSize:20;line-height:1.5;\"><p><strong>T&#8217;AGRADA LA NOSTRA FEINA?<br \/>\n<\/strong><\/p><\/h2><\/div><div class=\"fusion-title title fusion-title-4 fusion-sep-none fusion-title-text fusion-title-size-three\" style=\"--awb-text-color:#ffffff;--awb-margin-bottom:0px;--awb-margin-bottom-small:0px;--awb-font-size:55px;\"><h3 class=\"fusion-title-heading title-heading-left fusion-responsive-typography-calculated\" style=\"margin:0;font-size:1em;--fontSize:55;line-height:1.3;\">sol\u00b7licita pressupost<\/h3><\/div><\/div><\/div><div class=\"fusion-clearfix\"><\/div><\/div><\/div><div class=\"fusion-layout-column fusion_builder_column fusion-builder-column-2 fusion_builder_column_1_3 1_3 fusion-one-third fusion-column-last fusion-column-no-min-height fusion-no-small-visibility fusion-no-medium-visibility\" style=\"--awb-padding-top:5%;--awb-padding-right:15%;--awb-bg-size:cover;--awb-margin-bottom:0px;width:33.333333333333%;width:calc(33.333333333333% - ( ( 4% ) * 0.33333333333333 ) );\"><div class=\"fusion-column-wrapper fusion-column-has-shadow fusion-flex-column-wrapper-legacy\"><div class=\"fusion-column-content-centered\"><div class=\"fusion-column-content\"><div class=\"fusion-alignright\"><a class=\"fusion-button button-flat button-xlarge button-default fusion-button-default button-1 fusion-button-default-span fusion-button-default-type\" target=\"_self\" href=\"https:\/\/www.techostensados.com\/ca\/contactar\/\"><span class=\"fusion-button-text awb-button__text awb-button__text--default\">Contacta&#8217;ns<\/span><\/a><\/div><\/div><\/div><div class=\"fusion-clearfix\"><\/div><\/div><\/div><div class=\"fusion-layout-column fusion_builder_column fusion-builder-column-3 fusion_builder_column_1_1 1_1 fusion-one-full fusion-column-first fusion-column-last fusion-no-large-visibility\" style=\"--awb-padding-top:40px;--awb-padding-bottom:40px;--awb-bg-size:cover;--awb-margin-bottom:0px;\"><div class=\"fusion-column-wrapper fusion-column-has-shadow fusion-flex-column-wrapper-legacy\"><div class=\"fusion-column-content-centered\"><div class=\"fusion-column-content\"><div class=\"fusion-title title fusion-title-5 fusion-sep-none fusion-title-center fusion-title-text fusion-title-size-two\" style=\"--awb-text-color:#46b1fd;--awb-margin-bottom:0px;--awb-margin-bottom-small:0px;--awb-font-size:20px;\"><h2 class=\"fusion-title-heading title-heading-center fusion-responsive-typography-calculated\" style=\"margin:0;font-size:1em;--fontSize:20;--minFontSize:20;line-height:1.5;\"><p><strong>T&#8217;AGRADA LA NOSTRA FEINA?<br \/>\n<\/strong><\/p><\/h2><\/div><div class=\"fusion-title title fusion-title-6 fusion-sep-none fusion-title-center fusion-title-text fusion-title-size-three\" style=\"--awb-text-color:#ffffff;--awb-margin-bottom:20px;--awb-margin-bottom-small:20px;--awb-font-size:55px;\"><h3 class=\"fusion-title-heading title-heading-center fusion-responsive-typography-calculated\" style=\"margin:0;font-size:1em;--fontSize:55;line-height:1.3;\">sol\u00b7licita pressupost<\/h3><\/div><div class=\"fusion-aligncenter\"><a class=\"fusion-button button-flat button-xlarge button-default fusion-button-default button-2 fusion-button-default-span fusion-button-default-type\" target=\"_self\" href=\"https:\/\/www.techostensados.com\/ca\/contactar\/\"><span class=\"fusion-button-text awb-button__text awb-button__text--default\">Contacta&#8217;ns<\/span><\/a><\/div><\/div><\/div><div class=\"fusion-clearfix\"><\/div><\/div><\/div><\/div><\/div>\n<\/p>\n","protected":false},"excerpt":{"rendered":"","protected":false},"author":1,"featured_media":0,"parent":1768,"menu_order":0,"comment_status":"closed","ping_status":"closed","template":"100-width.php","meta":{"footnotes":""},"class_list":["post-1857","page","type-page","status-publish","hentry"],"yoast_head":"<!-- This site is optimized with the Yoast SEO plugin v27.0 - https:\/\/yoast.com\/product\/yoast-seo-wordpress\/ -->\n<title>Sostres Tensats en Habitatges &#8212; Techos Tensados<\/title>\n<meta name=\"description\" content=\"A Techos Tensados SLU tenim una gran varietat d&#039;opcions i repertori per donar un toc especial, original i creatiu a qualsevol habitatge.\" \/>\n<meta name=\"robots\" content=\"index, follow, max-snippet:-1, max-image-preview:large, max-video-preview:-1\" \/>\n<link rel=\"canonical\" href=\"https:\/\/www.techostensados.com\/ca\/galeria\/sostres-tensats-en-habitatges\/\" \/>\n<meta property=\"og:locale\" content=\"ca_ES\" \/>\n<meta property=\"og:type\" content=\"article\" \/>\n<meta property=\"og:title\" content=\"Sostres Tensats en Habitatges &#8212; Techos Tensados\" \/>\n<meta property=\"og:description\" content=\"A Techos Tensados SLU tenim una gran varietat d&#039;opcions i repertori per donar un toc especial, original i creatiu a qualsevol habitatge.\" \/>\n<meta property=\"og:url\" content=\"https:\/\/www.techostensados.com\/ca\/galeria\/sostres-tensats-en-habitatges\/\" \/>\n<meta property=\"og:site_name\" content=\"Techos Tensados\" \/>\n<meta property=\"article:modified_time\" content=\"2021-02-09T11:31:57+00:00\" \/>\n<meta name=\"twitter:card\" content=\"summary_large_image\" \/>\n<meta name=\"twitter:label1\" content=\"Temps estimat de lectura\" \/>\n\t<meta name=\"twitter:data1\" content=\"6 minuts\" \/>\n<script type=\"application\/ld+json\" class=\"yoast-schema-graph\">{\"@context\":\"https:\/\/schema.org\",\"@graph\":[{\"@type\":\"WebPage\",\"@id\":\"https:\/\/www.techostensados.com\/ca\/galeria\/sostres-tensats-en-habitatges\/\",\"url\":\"https:\/\/www.techostensados.com\/ca\/galeria\/sostres-tensats-en-habitatges\/\",\"name\":\"Sostres Tensats en Habitatges &#8212; Techos Tensados\",\"isPartOf\":{\"@id\":\"https:\/\/www.techostensados.com\/ca\/#website\"},\"datePublished\":\"2020-01-29T13:22:47+00:00\",\"dateModified\":\"2021-02-09T11:31:57+00:00\",\"description\":\"A Techos Tensados SLU tenim una gran varietat d'opcions i repertori per donar un toc especial, original i creatiu a qualsevol habitatge.\",\"breadcrumb\":{\"@id\":\"https:\/\/www.techostensados.com\/ca\/galeria\/sostres-tensats-en-habitatges\/#breadcrumb\"},\"inLanguage\":\"ca\",\"potentialAction\":[{\"@type\":\"ReadAction\",\"target\":[\"https:\/\/www.techostensados.com\/ca\/galeria\/sostres-tensats-en-habitatges\/\"]}]},{\"@type\":\"BreadcrumbList\",\"@id\":\"https:\/\/www.techostensados.com\/ca\/galeria\/sostres-tensats-en-habitatges\/#breadcrumb\",\"itemListElement\":[{\"@type\":\"ListItem\",\"position\":1,\"name\":\"Portada\",\"item\":\"https:\/\/www.techostensados.com\/ca\/\"},{\"@type\":\"ListItem\",\"position\":2,\"name\":\"Galeria\",\"item\":\"https:\/\/www.techostensados.com\/ca\/galeria\/\"},{\"@type\":\"ListItem\",\"position\":3,\"name\":\"Sostres Tensats en Habitatges\"}]},{\"@type\":\"WebSite\",\"@id\":\"https:\/\/www.techostensados.com\/ca\/#website\",\"url\":\"https:\/\/www.techostensados.com\/ca\/\",\"name\":\"Techos Tensados\",\"description\":\"Fabricaci\u00f3n e instalaci\u00f3n de techos tensados y telas murales para profesionales y particulares\",\"publisher\":{\"@id\":\"https:\/\/www.techostensados.com\/ca\/#organization\"},\"potentialAction\":[{\"@type\":\"SearchAction\",\"target\":{\"@type\":\"EntryPoint\",\"urlTemplate\":\"https:\/\/www.techostensados.com\/ca\/?s={search_term_string}\"},\"query-input\":{\"@type\":\"PropertyValueSpecification\",\"valueRequired\":true,\"valueName\":\"search_term_string\"}}],\"inLanguage\":\"ca\"},{\"@type\":\"Organization\",\"@id\":\"https:\/\/www.techostensados.com\/ca\/#organization\",\"name\":\"Techos Tensados SLU\",\"url\":\"https:\/\/www.techostensados.com\/ca\/\",\"logo\":{\"@type\":\"ImageObject\",\"inLanguage\":\"ca\",\"@id\":\"https:\/\/www.techostensados.com\/ca\/#\/schema\/logo\/image\/\",\"url\":\"https:\/\/www.techostensados.com\/wp-content\/uploads\/2020\/02\/logo-techostensados-normal.png\",\"contentUrl\":\"https:\/\/www.techostensados.com\/wp-content\/uploads\/2020\/02\/logo-techostensados-normal.png\",\"width\":1146,\"height\":213,\"caption\":\"Techos Tensados SLU\"},\"image\":{\"@id\":\"https:\/\/www.techostensados.com\/ca\/#\/schema\/logo\/image\/\"}}]}<\/script>\n<!-- \/ Yoast SEO plugin. -->","yoast_head_json":{"title":"Sostres Tensats en Habitatges &#8212; Techos Tensados","description":"A Techos Tensados SLU tenim una gran varietat d'opcions i repertori per donar un toc especial, original i creatiu a qualsevol habitatge.","robots":{"index":"index","follow":"follow","max-snippet":"max-snippet:-1","max-image-preview":"max-image-preview:large","max-video-preview":"max-video-preview:-1"},"canonical":"https:\/\/www.techostensados.com\/ca\/galeria\/sostres-tensats-en-habitatges\/","og_locale":"ca_ES","og_type":"article","og_title":"Sostres Tensats en Habitatges &#8212; Techos Tensados","og_description":"A Techos Tensados SLU tenim una gran varietat d'opcions i repertori per donar un toc especial, original i creatiu a qualsevol habitatge.","og_url":"https:\/\/www.techostensados.com\/ca\/galeria\/sostres-tensats-en-habitatges\/","og_site_name":"Techos Tensados","article_modified_time":"2021-02-09T11:31:57+00:00","twitter_card":"summary_large_image","twitter_misc":{"Temps estimat de lectura":"6 minuts"},"schema":{"@context":"https:\/\/schema.org","@graph":[{"@type":"WebPage","@id":"https:\/\/www.techostensados.com\/ca\/galeria\/sostres-tensats-en-habitatges\/","url":"https:\/\/www.techostensados.com\/ca\/galeria\/sostres-tensats-en-habitatges\/","name":"Sostres Tensats en Habitatges &#8212; Techos Tensados","isPartOf":{"@id":"https:\/\/www.techostensados.com\/ca\/#website"},"datePublished":"2020-01-29T13:22:47+00:00","dateModified":"2021-02-09T11:31:57+00:00","description":"A Techos Tensados SLU tenim una gran varietat d'opcions i repertori per donar un toc especial, original i creatiu a qualsevol habitatge.","breadcrumb":{"@id":"https:\/\/www.techostensados.com\/ca\/galeria\/sostres-tensats-en-habitatges\/#breadcrumb"},"inLanguage":"ca","potentialAction":[{"@type":"ReadAction","target":["https:\/\/www.techostensados.com\/ca\/galeria\/sostres-tensats-en-habitatges\/"]}]},{"@type":"BreadcrumbList","@id":"https:\/\/www.techostensados.com\/ca\/galeria\/sostres-tensats-en-habitatges\/#breadcrumb","itemListElement":[{"@type":"ListItem","position":1,"name":"Portada","item":"https:\/\/www.techostensados.com\/ca\/"},{"@type":"ListItem","position":2,"name":"Galeria","item":"https:\/\/www.techostensados.com\/ca\/galeria\/"},{"@type":"ListItem","position":3,"name":"Sostres Tensats en Habitatges"}]},{"@type":"WebSite","@id":"https:\/\/www.techostensados.com\/ca\/#website","url":"https:\/\/www.techostensados.com\/ca\/","name":"Techos Tensados","description":"Fabricaci\u00f3n e instalaci\u00f3n de techos tensados y telas murales para profesionales y particulares","publisher":{"@id":"https:\/\/www.techostensados.com\/ca\/#organization"},"potentialAction":[{"@type":"SearchAction","target":{"@type":"EntryPoint","urlTemplate":"https:\/\/www.techostensados.com\/ca\/?s={search_term_string}"},"query-input":{"@type":"PropertyValueSpecification","valueRequired":true,"valueName":"search_term_string"}}],"inLanguage":"ca"},{"@type":"Organization","@id":"https:\/\/www.techostensados.com\/ca\/#organization","name":"Techos Tensados SLU","url":"https:\/\/www.techostensados.com\/ca\/","logo":{"@type":"ImageObject","inLanguage":"ca","@id":"https:\/\/www.techostensados.com\/ca\/#\/schema\/logo\/image\/","url":"https:\/\/www.techostensados.com\/wp-content\/uploads\/2020\/02\/logo-techostensados-normal.png","contentUrl":"https:\/\/www.techostensados.com\/wp-content\/uploads\/2020\/02\/logo-techostensados-normal.png","width":1146,"height":213,"caption":"Techos Tensados SLU"},"image":{"@id":"https:\/\/www.techostensados.com\/ca\/#\/schema\/logo\/image\/"}}]}},"_links":{"self":[{"href":"https:\/\/www.techostensados.com\/ca\/wp-json\/wp\/v2\/pages\/1857","targetHints":{"allow":["GET"]}}],"collection":[{"href":"https:\/\/www.techostensados.com\/ca\/wp-json\/wp\/v2\/pages"}],"about":[{"href":"https:\/\/www.techostensados.com\/ca\/wp-json\/wp\/v2\/types\/page"}],"author":[{"embeddable":true,"href":"https:\/\/www.techostensados.com\/ca\/wp-json\/wp\/v2\/users\/1"}],"replies":[{"embeddable":true,"href":"https:\/\/www.techostensados.com\/ca\/wp-json\/wp\/v2\/comments?post=1857"}],"version-history":[{"count":0,"href":"https:\/\/www.techostensados.com\/ca\/wp-json\/wp\/v2\/pages\/1857\/revisions"}],"up":[{"embeddable":true,"href":"https:\/\/www.techostensados.com\/ca\/wp-json\/wp\/v2\/pages\/1768"}],"wp:attachment":[{"href":"https:\/\/www.techostensados.com\/ca\/wp-json\/wp\/v2\/media?parent=1857"}],"curies":[{"name":"wp","href":"https:\/\/api.w.org\/{rel}","templated":true}]}}