{"id":1811,"date":"2020-01-29T13:42:50","date_gmt":"2020-01-29T12:42:50","guid":{"rendered":"https:\/\/www.techostensados.com\/galeria\/techos-tensados-en-balnearios-y-spa\/"},"modified":"2021-02-09T11:00:08","modified_gmt":"2021-02-09T10:00:08","slug":"sostres-tensats-a-balnearis-i-spa","status":"publish","type":"page","link":"https:\/\/www.techostensados.com\/ca\/galeria\/sostres-tensats-a-balnearis-i-spa\/","title":{"rendered":"Sostres Tensats a Balnearis i SPA"},"content":{"rendered":"<p><div class=\"fusion-fullwidth fullwidth-box fusion-builder-row-1 hundred-percent-fullwidth non-hundred-percent-height-scrolling fusion-equal-height-columns\" style=\"--awb-border-radius-top-left:0px;--awb-border-radius-top-right:0px;--awb-border-radius-bottom-right:0px;--awb-border-radius-bottom-left:0px;--awb-padding-right:0px;--awb-padding-left:0px;--awb-flex-wrap:wrap;\" ><div class=\"fusion-builder-row fusion-row\"><div class=\"fusion-layout-column fusion_builder_column fusion-builder-column-0 fusion_builder_column_1_1 1_1 fusion-one-full fusion-column-first fusion-column-last\" style=\"--awb-padding-top:60px;--awb-padding-right:60px;--awb-padding-bottom:60px;--awb-padding-left:60px;--awb-bg-size:cover;--awb-border-color:#f63c81;--awb-border-top:5px;--awb-border-style:solid;--awb-margin-bottom:0px;\"><div class=\"fusion-column-wrapper fusion-column-has-shadow fusion-flex-column-wrapper-legacy\"><div class=\"fusion-title title fusion-title-1 fusion-sep-none fusion-title-text fusion-title-size-two\" style=\"--awb-margin-bottom:10px;--awb-margin-bottom-small:10px;\"><h2 class=\"fusion-title-heading title-heading-left fusion-responsive-typography-calculated\" style=\"margin:0;letter-spacing:0px;--fontSize:55;line-height:1.5;\">galeria sostres tensats<\/h2><\/div><div class=\"fusion-title title fusion-title-2 fusion-sep-none fusion-title-text fusion-title-size-five\" style=\"--awb-text-color:#ffffff;--awb-margin-top:30px;--awb-margin-bottom:10px;--awb-margin-top-small:30px;--awb-margin-bottom-small:10px;--awb-font-size:20px;\"><h5 class=\"fusion-title-heading title-heading-left fusion-responsive-typography-calculated\" style=\"margin:0;font-size:1em;--fontSize:20;--minFontSize:20;line-height:1.5;\"><p><strong>SELECCI\u00d3 DE TREBALLS<br \/>\n<\/strong><\/p><\/h5><\/div><div class=\"fusion-text fusion-text-1\"><p>Posar un <strong>Sostre Tensat<\/strong> en zones d&#8217;alta humitat \u00e9s sempre un desafiament, per\u00f2 a <strong>Techos Tensados SLU<\/strong> tenim una gran experi\u00e8ncia en col\u00b7locar-los en tot tipus de zones. Ens motiva el fet de que cada projecte \u00e9s diferent, en diferents apartats i llocs diversos, per\u00f2 sempre partint de la mateixa base i amb els nostres 37 anys d&#8217;experi\u00e8ncia.<\/p>\n<\/div><div class=\"fusion-sep-clear\"><\/div><div class=\"fusion-separator fusion-full-width-sep\" style=\"margin-left: auto;margin-right: auto;margin-top:50px;width:100%;\"><\/div><div class=\"fusion-sep-clear\"><\/div><div class=\"awb-gallery-wrapper awb-gallery-wrapper-1 button-span-no\"><div style=\"margin:-10px;--awb-bordersize:0px;\" class=\"fusion-gallery fusion-gallery-container fusion-grid-6 fusion-columns-total-24 fusion-gallery-layout-masonry fusion-gallery-1\"><div class=\"fusion-grid-column fusion-gallery-column fusion-gallery-column-6 hover-type-zoomin fusion-grid-sizer\"><\/div><div style=\"padding:10px;\" class=\"fusion-grid-column fusion-gallery-column fusion-gallery-column-6 hover-type-zoomin fusion-element-grid\"><div class=\"fusion-gallery-image\"><a href=\"https:\/\/www.techostensados.com\/wp-content\/uploads\/2020\/01\/techos-balnearios-spa-1.jpg\" rel=\"noreferrer\" data-rel=\"iLightbox[gallery_image_1]\" class=\"fusion-lightbox\" target=\"_self\"><div style=\"background-image:url(https:\/\/www.techostensados.com\/wp-content\/uploads\/2020\/01\/techos-balnearios-spa-1.jpg);padding-top:calc((100% + 20px) * 0.8 - 10px);background-position:;\" class=\"fusion-masonry-element-container\"><img decoding=\"async\" src=\"https:\/\/www.techostensados.com\/wp-content\/uploads\/2020\/01\/techos-balnearios-spa-1.jpg\" width=\"1200\" height=\"896\" alt=\"\" title=\"techos-balnearios-spa-1\" aria-label=\"techos-balnearios-spa-1\" class=\"img-responsive wp-image-874\" srcset=\"https:\/\/www.techostensados.com\/wp-content\/uploads\/2020\/01\/techos-balnearios-spa-1-200x149.jpg 200w, https:\/\/www.techostensados.com\/wp-content\/uploads\/2020\/01\/techos-balnearios-spa-1-400x299.jpg 400w, https:\/\/www.techostensados.com\/wp-content\/uploads\/2020\/01\/techos-balnearios-spa-1-600x448.jpg 600w, https:\/\/www.techostensados.com\/wp-content\/uploads\/2020\/01\/techos-balnearios-spa-1-800x597.jpg 800w, https:\/\/www.techostensados.com\/wp-content\/uploads\/2020\/01\/techos-balnearios-spa-1.jpg 1200w\" sizes=\"(min-width: 2200px) 100vw, (min-width: 1099px) 182px, (min-width: 1007px) 218px, (min-width: 915px) 273px, (min-width: 824px) 363px, (min-width: 732px) 545px, (min-width: 640px) 732px, \" \/><\/div><\/a><\/div><\/div><div style=\"padding:10px;\" class=\"fusion-grid-column fusion-gallery-column fusion-gallery-column-6 hover-type-zoomin fusion-element-grid\"><div class=\"fusion-gallery-image\"><a href=\"https:\/\/www.techostensados.com\/wp-content\/uploads\/2020\/01\/techos-balnearios-spa-2.jpg\" rel=\"noreferrer\" data-rel=\"iLightbox[gallery_image_1]\" class=\"fusion-lightbox\" target=\"_self\"><div style=\"background-image:url(https:\/\/www.techostensados.com\/wp-content\/uploads\/2020\/01\/techos-balnearios-spa-2.jpg);padding-top:calc((100% + 20px) * 0.8 - 10px);background-position:;\" class=\"fusion-masonry-element-container\"><img decoding=\"async\" src=\"https:\/\/www.techostensados.com\/wp-content\/uploads\/2020\/01\/techos-balnearios-spa-2.jpg\" width=\"1200\" height=\"900\" alt=\"\" title=\"techos-balnearios-spa-2\" aria-label=\"techos-balnearios-spa-2\" class=\"img-responsive wp-image-875\" srcset=\"https:\/\/www.techostensados.com\/wp-content\/uploads\/2020\/01\/techos-balnearios-spa-2-200x150.jpg 200w, https:\/\/www.techostensados.com\/wp-content\/uploads\/2020\/01\/techos-balnearios-spa-2-400x300.jpg 400w, https:\/\/www.techostensados.com\/wp-content\/uploads\/2020\/01\/techos-balnearios-spa-2-600x450.jpg 600w, https:\/\/www.techostensados.com\/wp-content\/uploads\/2020\/01\/techos-balnearios-spa-2-800x600.jpg 800w, https:\/\/www.techostensados.com\/wp-content\/uploads\/2020\/01\/techos-balnearios-spa-2.jpg 1200w\" sizes=\"(min-width: 2200px) 100vw, (min-width: 1099px) 182px, (min-width: 1007px) 218px, (min-width: 915px) 273px, (min-width: 824px) 363px, (min-width: 732px) 545px, (min-width: 640px) 732px, \" \/><\/div><\/a><\/div><\/div><div style=\"padding:10px;\" class=\"fusion-grid-column fusion-gallery-column fusion-gallery-column-6 hover-type-zoomin fusion-element-grid\"><div class=\"fusion-gallery-image\"><a href=\"https:\/\/www.techostensados.com\/wp-content\/uploads\/2020\/01\/techos-balnearios-spa-5.jpg\" rel=\"noreferrer\" data-rel=\"iLightbox[gallery_image_1]\" class=\"fusion-lightbox\" target=\"_self\"><div style=\"background-image:url(https:\/\/www.techostensados.com\/wp-content\/uploads\/2020\/01\/techos-balnearios-spa-5.jpg);padding-top:calc((100% + 20px) * 0.8 - 10px);background-position:;\" class=\"fusion-masonry-element-container\"><img decoding=\"async\" src=\"https:\/\/www.techostensados.com\/wp-content\/uploads\/2020\/01\/techos-balnearios-spa-5.jpg\" width=\"1200\" height=\"856\" alt=\"\" title=\"techos-balnearios-spa-5\" aria-label=\"techos-balnearios-spa-5\" class=\"img-responsive wp-image-878\" srcset=\"https:\/\/www.techostensados.com\/wp-content\/uploads\/2020\/01\/techos-balnearios-spa-5-200x143.jpg 200w, https:\/\/www.techostensados.com\/wp-content\/uploads\/2020\/01\/techos-balnearios-spa-5-400x285.jpg 400w, https:\/\/www.techostensados.com\/wp-content\/uploads\/2020\/01\/techos-balnearios-spa-5-600x428.jpg 600w, https:\/\/www.techostensados.com\/wp-content\/uploads\/2020\/01\/techos-balnearios-spa-5-800x571.jpg 800w, https:\/\/www.techostensados.com\/wp-content\/uploads\/2020\/01\/techos-balnearios-spa-5.jpg 1200w\" sizes=\"(min-width: 2200px) 100vw, (min-width: 1099px) 182px, (min-width: 1007px) 218px, (min-width: 915px) 273px, (min-width: 824px) 363px, (min-width: 732px) 545px, (min-width: 640px) 732px, \" \/><\/div><\/a><\/div><\/div><div style=\"padding:10px;\" class=\"fusion-grid-column fusion-gallery-column fusion-gallery-column-6 hover-type-zoomin fusion-element-portrait\"><div class=\"fusion-gallery-image\"><a href=\"https:\/\/www.techostensados.com\/wp-content\/uploads\/2020\/01\/techos-balnearios-spa-7.jpg\" rel=\"noreferrer\" data-rel=\"iLightbox[gallery_image_1]\" class=\"fusion-lightbox\" target=\"_self\"><div style=\"background-image:url(https:\/\/www.techostensados.com\/wp-content\/uploads\/2020\/01\/techos-balnearios-spa-7.jpg);padding-top:calc((100% + 20px) * 1.6);background-position:;\" class=\"fusion-masonry-element-container\"><img decoding=\"async\" src=\"https:\/\/www.techostensados.com\/wp-content\/uploads\/2020\/01\/techos-balnearios-spa-7.jpg\" width=\"1200\" height=\"1496\" alt=\"\" title=\"techos-balnearios-spa-7\" aria-label=\"techos-balnearios-spa-7\" class=\"img-responsive wp-image-880\" srcset=\"https:\/\/www.techostensados.com\/wp-content\/uploads\/2020\/01\/techos-balnearios-spa-7-200x249.jpg 200w, https:\/\/www.techostensados.com\/wp-content\/uploads\/2020\/01\/techos-balnearios-spa-7-400x499.jpg 400w, https:\/\/www.techostensados.com\/wp-content\/uploads\/2020\/01\/techos-balnearios-spa-7-600x748.jpg 600w, https:\/\/www.techostensados.com\/wp-content\/uploads\/2020\/01\/techos-balnearios-spa-7-800x997.jpg 800w, https:\/\/www.techostensados.com\/wp-content\/uploads\/2020\/01\/techos-balnearios-spa-7.jpg 1200w\" sizes=\"(min-width: 2200px) 100vw, (min-width: 1099px) 182px, (min-width: 1007px) 218px, (min-width: 915px) 273px, (min-width: 824px) 363px, (min-width: 732px) 545px, (min-width: 640px) 732px, \" \/><\/div><\/a><\/div><\/div><div style=\"padding:10px;\" class=\"fusion-grid-column fusion-gallery-column fusion-gallery-column-6 hover-type-zoomin fusion-element-landscape\"><div class=\"fusion-gallery-image\"><a href=\"https:\/\/www.techostensados.com\/wp-content\/uploads\/2020\/01\/techos-balnearios-spa-8.jpg\" rel=\"noreferrer\" data-rel=\"iLightbox[gallery_image_1]\" class=\"fusion-lightbox\" target=\"_self\"><div style=\"background-image:url(https:\/\/www.techostensados.com\/wp-content\/uploads\/2020\/01\/techos-balnearios-spa-8.jpg);padding-top:calc((100% + 20px) * 0.4 - 10px);background-position:;\" class=\"fusion-masonry-element-container\"><img decoding=\"async\" src=\"https:\/\/www.techostensados.com\/wp-content\/uploads\/2020\/01\/techos-balnearios-spa-8.jpg\" width=\"1200\" height=\"675\" alt=\"\" title=\"techos-balnearios-spa-8\" aria-label=\"techos-balnearios-spa-8\" class=\"img-responsive wp-image-881\" srcset=\"https:\/\/www.techostensados.com\/wp-content\/uploads\/2020\/01\/techos-balnearios-spa-8-200x113.jpg 200w, https:\/\/www.techostensados.com\/wp-content\/uploads\/2020\/01\/techos-balnearios-spa-8-400x225.jpg 400w, https:\/\/www.techostensados.com\/wp-content\/uploads\/2020\/01\/techos-balnearios-spa-8-600x338.jpg 600w, https:\/\/www.techostensados.com\/wp-content\/uploads\/2020\/01\/techos-balnearios-spa-8-800x450.jpg 800w, https:\/\/www.techostensados.com\/wp-content\/uploads\/2020\/01\/techos-balnearios-spa-8.jpg 1200w\" sizes=\"(min-width: 2200px) 100vw, (min-width: 824px) 373px, (min-width: 732px) 560px, (min-width: 640px) 732px, \" \/><\/div><\/a><\/div><\/div><div style=\"padding:10px;\" class=\"fusion-grid-column fusion-gallery-column fusion-gallery-column-6 hover-type-zoomin fusion-element-landscape\"><div class=\"fusion-gallery-image\"><a href=\"https:\/\/www.techostensados.com\/wp-content\/uploads\/2020\/01\/techos-balnearios-spa-9.jpg\" rel=\"noreferrer\" data-rel=\"iLightbox[gallery_image_1]\" class=\"fusion-lightbox\" target=\"_self\"><div style=\"background-image:url(https:\/\/www.techostensados.com\/wp-content\/uploads\/2020\/01\/techos-balnearios-spa-9.jpg);padding-top:calc((100% + 20px) * 0.4 - 10px);background-position:;\" class=\"fusion-masonry-element-container\"><img decoding=\"async\" src=\"https:\/\/www.techostensados.com\/wp-content\/uploads\/2020\/01\/techos-balnearios-spa-9.jpg\" width=\"1200\" height=\"675\" alt=\"\" title=\"techos-balnearios-spa-9\" aria-label=\"techos-balnearios-spa-9\" class=\"img-responsive wp-image-882\" srcset=\"https:\/\/www.techostensados.com\/wp-content\/uploads\/2020\/01\/techos-balnearios-spa-9-200x113.jpg 200w, https:\/\/www.techostensados.com\/wp-content\/uploads\/2020\/01\/techos-balnearios-spa-9-400x225.jpg 400w, https:\/\/www.techostensados.com\/wp-content\/uploads\/2020\/01\/techos-balnearios-spa-9-600x338.jpg 600w, https:\/\/www.techostensados.com\/wp-content\/uploads\/2020\/01\/techos-balnearios-spa-9-800x450.jpg 800w, https:\/\/www.techostensados.com\/wp-content\/uploads\/2020\/01\/techos-balnearios-spa-9.jpg 1200w\" sizes=\"(min-width: 2200px) 100vw, (min-width: 824px) 373px, (min-width: 732px) 560px, (min-width: 640px) 732px, \" \/><\/div><\/a><\/div><\/div><div style=\"padding:10px;\" class=\"fusion-grid-column fusion-gallery-column fusion-gallery-column-6 hover-type-zoomin fusion-element-portrait\"><div class=\"fusion-gallery-image\"><a href=\"https:\/\/www.techostensados.com\/wp-content\/uploads\/2020\/01\/techos-balnearios-spa-10-rotated.jpg\" rel=\"noreferrer\" data-rel=\"iLightbox[gallery_image_1]\" class=\"fusion-lightbox\" target=\"_self\"><div style=\"background-image:url(https:\/\/www.techostensados.com\/wp-content\/uploads\/2020\/01\/techos-balnearios-spa-10-rotated.jpg);padding-top:calc((100% + 20px) * 1.6);background-position:;\" class=\"fusion-masonry-element-container\"><img decoding=\"async\" src=\"https:\/\/www.techostensados.com\/wp-content\/uploads\/2020\/01\/techos-balnearios-spa-10-rotated.jpg\" width=\"900\" height=\"1200\" alt=\"\" title=\"techos-balnearios-spa-10\" aria-label=\"techos-balnearios-spa-10\" class=\"img-responsive wp-image-883\" srcset=\"https:\/\/www.techostensados.com\/wp-content\/uploads\/2020\/01\/techos-balnearios-spa-10-200x267.jpg 200w, https:\/\/www.techostensados.com\/wp-content\/uploads\/2020\/01\/techos-balnearios-spa-10-400x533.jpg 400w, https:\/\/www.techostensados.com\/wp-content\/uploads\/2020\/01\/techos-balnearios-spa-10-600x800.jpg 600w, https:\/\/www.techostensados.com\/wp-content\/uploads\/2020\/01\/techos-balnearios-spa-10-800x1067.jpg 800w, https:\/\/www.techostensados.com\/wp-content\/uploads\/2020\/01\/techos-balnearios-spa-10-rotated.jpg 900w\" sizes=\"(min-width: 2200px) 100vw, (min-width: 1099px) 182px, (min-width: 1007px) 218px, (min-width: 915px) 273px, (min-width: 824px) 363px, (min-width: 732px) 545px, (min-width: 640px) 732px, \" \/><\/div><\/a><\/div><\/div><div style=\"padding:10px;\" class=\"fusion-grid-column fusion-gallery-column fusion-gallery-column-6 hover-type-zoomin fusion-element-portrait\"><div class=\"fusion-gallery-image\"><a href=\"https:\/\/www.techostensados.com\/wp-content\/uploads\/2020\/01\/techos-balnearios-spa-11-rotated.jpg\" rel=\"noreferrer\" data-rel=\"iLightbox[gallery_image_1]\" class=\"fusion-lightbox\" target=\"_self\"><div style=\"background-image:url(https:\/\/www.techostensados.com\/wp-content\/uploads\/2020\/01\/techos-balnearios-spa-11-rotated.jpg);padding-top:calc((100% + 20px) * 1.6);background-position:;\" class=\"fusion-masonry-element-container\"><img decoding=\"async\" src=\"https:\/\/www.techostensados.com\/wp-content\/uploads\/2020\/01\/techos-balnearios-spa-11-rotated.jpg\" width=\"900\" height=\"1200\" alt=\"\" title=\"techos-balnearios-spa-11\" aria-label=\"techos-balnearios-spa-11\" class=\"img-responsive wp-image-884\" srcset=\"https:\/\/www.techostensados.com\/wp-content\/uploads\/2020\/01\/techos-balnearios-spa-11-200x267.jpg 200w, https:\/\/www.techostensados.com\/wp-content\/uploads\/2020\/01\/techos-balnearios-spa-11-400x533.jpg 400w, https:\/\/www.techostensados.com\/wp-content\/uploads\/2020\/01\/techos-balnearios-spa-11-600x800.jpg 600w, https:\/\/www.techostensados.com\/wp-content\/uploads\/2020\/01\/techos-balnearios-spa-11-800x1067.jpg 800w, https:\/\/www.techostensados.com\/wp-content\/uploads\/2020\/01\/techos-balnearios-spa-11-rotated.jpg 900w\" sizes=\"(min-width: 2200px) 100vw, (min-width: 1099px) 182px, (min-width: 1007px) 218px, (min-width: 915px) 273px, (min-width: 824px) 363px, (min-width: 732px) 545px, (min-width: 640px) 732px, \" \/><\/div><\/a><\/div><\/div><div style=\"padding:10px;\" class=\"fusion-grid-column fusion-gallery-column fusion-gallery-column-6 hover-type-zoomin fusion-element-grid\"><div class=\"fusion-gallery-image\"><a href=\"https:\/\/www.techostensados.com\/wp-content\/uploads\/2020\/01\/techos-balnearios-spa-12.jpg\" rel=\"noreferrer\" data-rel=\"iLightbox[gallery_image_1]\" class=\"fusion-lightbox\" target=\"_self\"><div style=\"background-image:url(https:\/\/www.techostensados.com\/wp-content\/uploads\/2020\/01\/techos-balnearios-spa-12.jpg);padding-top:calc((100% + 20px) * 0.8 - 10px);background-position:;\" class=\"fusion-masonry-element-container\"><img decoding=\"async\" src=\"https:\/\/www.techostensados.com\/wp-content\/uploads\/2020\/01\/techos-balnearios-spa-12.jpg\" width=\"1200\" height=\"900\" alt=\"\" title=\"techos-balnearios-spa-12\" aria-label=\"techos-balnearios-spa-12\" class=\"img-responsive wp-image-885\" srcset=\"https:\/\/www.techostensados.com\/wp-content\/uploads\/2020\/01\/techos-balnearios-spa-12-200x150.jpg 200w, https:\/\/www.techostensados.com\/wp-content\/uploads\/2020\/01\/techos-balnearios-spa-12-400x300.jpg 400w, https:\/\/www.techostensados.com\/wp-content\/uploads\/2020\/01\/techos-balnearios-spa-12-600x450.jpg 600w, https:\/\/www.techostensados.com\/wp-content\/uploads\/2020\/01\/techos-balnearios-spa-12-800x600.jpg 800w, https:\/\/www.techostensados.com\/wp-content\/uploads\/2020\/01\/techos-balnearios-spa-12.jpg 1200w\" sizes=\"(min-width: 2200px) 100vw, (min-width: 1099px) 182px, (min-width: 1007px) 218px, (min-width: 915px) 273px, (min-width: 824px) 363px, (min-width: 732px) 545px, (min-width: 640px) 732px, \" \/><\/div><\/a><\/div><\/div><div style=\"padding:10px;\" class=\"fusion-grid-column fusion-gallery-column fusion-gallery-column-6 hover-type-zoomin fusion-element-portrait\"><div class=\"fusion-gallery-image\"><a href=\"https:\/\/www.techostensados.com\/wp-content\/uploads\/2020\/01\/techos-balnearios-spa-13.jpg\" rel=\"noreferrer\" data-rel=\"iLightbox[gallery_image_1]\" class=\"fusion-lightbox\" target=\"_self\"><div style=\"background-image:url(https:\/\/www.techostensados.com\/wp-content\/uploads\/2020\/01\/techos-balnearios-spa-13.jpg);padding-top:calc((100% + 20px) * 1.6);background-position:;\" class=\"fusion-masonry-element-container\"><img decoding=\"async\" src=\"https:\/\/www.techostensados.com\/wp-content\/uploads\/2020\/01\/techos-balnearios-spa-13.jpg\" width=\"1200\" height=\"2133\" alt=\"\" title=\"techos-balnearios-spa-13\" aria-label=\"techos-balnearios-spa-13\" class=\"img-responsive wp-image-886\" srcset=\"https:\/\/www.techostensados.com\/wp-content\/uploads\/2020\/01\/techos-balnearios-spa-13-200x356.jpg 200w, https:\/\/www.techostensados.com\/wp-content\/uploads\/2020\/01\/techos-balnearios-spa-13-400x711.jpg 400w, https:\/\/www.techostensados.com\/wp-content\/uploads\/2020\/01\/techos-balnearios-spa-13-600x1067.jpg 600w, https:\/\/www.techostensados.com\/wp-content\/uploads\/2020\/01\/techos-balnearios-spa-13-800x1422.jpg 800w, https:\/\/www.techostensados.com\/wp-content\/uploads\/2020\/01\/techos-balnearios-spa-13.jpg 1200w\" sizes=\"(min-width: 2200px) 100vw, (min-width: 1099px) 182px, (min-width: 1007px) 218px, (min-width: 915px) 273px, (min-width: 824px) 363px, (min-width: 732px) 545px, (min-width: 640px) 732px, \" \/><\/div><\/a><\/div><\/div><div style=\"padding:10px;\" class=\"fusion-grid-column fusion-gallery-column fusion-gallery-column-6 hover-type-zoomin fusion-element-portrait\"><div class=\"fusion-gallery-image\"><a href=\"https:\/\/www.techostensados.com\/wp-content\/uploads\/2020\/01\/techos-balnearios-spa-14-rotated.jpg\" rel=\"noreferrer\" data-rel=\"iLightbox[gallery_image_1]\" class=\"fusion-lightbox\" target=\"_self\"><div style=\"background-image:url(https:\/\/www.techostensados.com\/wp-content\/uploads\/2020\/01\/techos-balnearios-spa-14-rotated.jpg);padding-top:calc((100% + 20px) * 1.6);background-position:;\" class=\"fusion-masonry-element-container\"><img decoding=\"async\" src=\"https:\/\/www.techostensados.com\/wp-content\/uploads\/2020\/01\/techos-balnearios-spa-14-rotated.jpg\" width=\"900\" height=\"1200\" alt=\"\" title=\"techos-balnearios-spa-14\" aria-label=\"techos-balnearios-spa-14\" class=\"img-responsive wp-image-887\" srcset=\"https:\/\/www.techostensados.com\/wp-content\/uploads\/2020\/01\/techos-balnearios-spa-14-200x267.jpg 200w, https:\/\/www.techostensados.com\/wp-content\/uploads\/2020\/01\/techos-balnearios-spa-14-400x533.jpg 400w, https:\/\/www.techostensados.com\/wp-content\/uploads\/2020\/01\/techos-balnearios-spa-14-600x800.jpg 600w, https:\/\/www.techostensados.com\/wp-content\/uploads\/2020\/01\/techos-balnearios-spa-14-800x1067.jpg 800w, https:\/\/www.techostensados.com\/wp-content\/uploads\/2020\/01\/techos-balnearios-spa-14-rotated.jpg 900w\" sizes=\"(min-width: 2200px) 100vw, (min-width: 1099px) 182px, (min-width: 1007px) 218px, (min-width: 915px) 273px, (min-width: 824px) 363px, (min-width: 732px) 545px, (min-width: 640px) 732px, \" \/><\/div><\/a><\/div><\/div><div style=\"padding:10px;\" class=\"fusion-grid-column fusion-gallery-column fusion-gallery-column-6 hover-type-zoomin fusion-element-portrait\"><div class=\"fusion-gallery-image\"><a href=\"https:\/\/www.techostensados.com\/wp-content\/uploads\/2020\/01\/techos-balnearios-spa-15-rotated.jpg\" rel=\"noreferrer\" data-rel=\"iLightbox[gallery_image_1]\" class=\"fusion-lightbox\" target=\"_self\"><div style=\"background-image:url(https:\/\/www.techostensados.com\/wp-content\/uploads\/2020\/01\/techos-balnearios-spa-15-rotated.jpg);padding-top:calc((100% + 20px) * 1.6);background-position:;\" class=\"fusion-masonry-element-container\"><img decoding=\"async\" src=\"https:\/\/www.techostensados.com\/wp-content\/uploads\/2020\/01\/techos-balnearios-spa-15-rotated.jpg\" width=\"900\" height=\"1200\" alt=\"\" title=\"techos-balnearios-spa-15\" aria-label=\"techos-balnearios-spa-15\" class=\"img-responsive wp-image-888\" srcset=\"https:\/\/www.techostensados.com\/wp-content\/uploads\/2020\/01\/techos-balnearios-spa-15-200x267.jpg 200w, https:\/\/www.techostensados.com\/wp-content\/uploads\/2020\/01\/techos-balnearios-spa-15-400x533.jpg 400w, https:\/\/www.techostensados.com\/wp-content\/uploads\/2020\/01\/techos-balnearios-spa-15-600x800.jpg 600w, https:\/\/www.techostensados.com\/wp-content\/uploads\/2020\/01\/techos-balnearios-spa-15-800x1067.jpg 800w, https:\/\/www.techostensados.com\/wp-content\/uploads\/2020\/01\/techos-balnearios-spa-15-rotated.jpg 900w\" sizes=\"(min-width: 2200px) 100vw, (min-width: 1099px) 182px, (min-width: 1007px) 218px, (min-width: 915px) 273px, (min-width: 824px) 363px, (min-width: 732px) 545px, (min-width: 640px) 732px, \" \/><\/div><\/a><\/div><\/div><div style=\"padding:10px;\" class=\"fusion-grid-column fusion-gallery-column fusion-gallery-column-6 hover-type-zoomin fusion-element-portrait\"><div class=\"fusion-gallery-image\"><a href=\"https:\/\/www.techostensados.com\/wp-content\/uploads\/2020\/01\/techos-balnearios-spa-16-rotated.jpg\" rel=\"noreferrer\" data-rel=\"iLightbox[gallery_image_1]\" class=\"fusion-lightbox\" target=\"_self\"><div style=\"background-image:url(https:\/\/www.techostensados.com\/wp-content\/uploads\/2020\/01\/techos-balnearios-spa-16-rotated.jpg);padding-top:calc((100% + 20px) * 1.6);background-position:;\" class=\"fusion-masonry-element-container\"><img decoding=\"async\" src=\"https:\/\/www.techostensados.com\/wp-content\/uploads\/2020\/01\/techos-balnearios-spa-16-rotated.jpg\" width=\"900\" height=\"1200\" alt=\"\" title=\"techos-balnearios-spa-16\" aria-label=\"techos-balnearios-spa-16\" class=\"img-responsive wp-image-889\" srcset=\"https:\/\/www.techostensados.com\/wp-content\/uploads\/2020\/01\/techos-balnearios-spa-16-200x267.jpg 200w, https:\/\/www.techostensados.com\/wp-content\/uploads\/2020\/01\/techos-balnearios-spa-16-400x533.jpg 400w, https:\/\/www.techostensados.com\/wp-content\/uploads\/2020\/01\/techos-balnearios-spa-16-600x800.jpg 600w, https:\/\/www.techostensados.com\/wp-content\/uploads\/2020\/01\/techos-balnearios-spa-16-800x1067.jpg 800w, https:\/\/www.techostensados.com\/wp-content\/uploads\/2020\/01\/techos-balnearios-spa-16-rotated.jpg 900w\" sizes=\"(min-width: 2200px) 100vw, (min-width: 1099px) 182px, (min-width: 1007px) 218px, (min-width: 915px) 273px, (min-width: 824px) 363px, (min-width: 732px) 545px, (min-width: 640px) 732px, \" \/><\/div><\/a><\/div><\/div><div style=\"padding:10px;\" class=\"fusion-grid-column fusion-gallery-column fusion-gallery-column-6 hover-type-zoomin fusion-element-portrait\"><div class=\"fusion-gallery-image\"><a href=\"https:\/\/www.techostensados.com\/wp-content\/uploads\/2020\/01\/techos-balnearios-spa-17.jpg\" rel=\"noreferrer\" data-rel=\"iLightbox[gallery_image_1]\" class=\"fusion-lightbox\" target=\"_self\"><div style=\"background-image:url(https:\/\/www.techostensados.com\/wp-content\/uploads\/2020\/01\/techos-balnearios-spa-17.jpg);padding-top:calc((100% + 20px) * 1.6);background-position:;\" class=\"fusion-masonry-element-container\"><img decoding=\"async\" src=\"https:\/\/www.techostensados.com\/wp-content\/uploads\/2020\/01\/techos-balnearios-spa-17.jpg\" width=\"1200\" height=\"2133\" alt=\"\" title=\"techos-balnearios-spa-17\" aria-label=\"techos-balnearios-spa-17\" class=\"img-responsive wp-image-890\" srcset=\"https:\/\/www.techostensados.com\/wp-content\/uploads\/2020\/01\/techos-balnearios-spa-17-200x356.jpg 200w, https:\/\/www.techostensados.com\/wp-content\/uploads\/2020\/01\/techos-balnearios-spa-17-400x711.jpg 400w, https:\/\/www.techostensados.com\/wp-content\/uploads\/2020\/01\/techos-balnearios-spa-17-600x1067.jpg 600w, https:\/\/www.techostensados.com\/wp-content\/uploads\/2020\/01\/techos-balnearios-spa-17-800x1422.jpg 800w, https:\/\/www.techostensados.com\/wp-content\/uploads\/2020\/01\/techos-balnearios-spa-17.jpg 1200w\" sizes=\"(min-width: 2200px) 100vw, (min-width: 1099px) 182px, (min-width: 1007px) 218px, (min-width: 915px) 273px, (min-width: 824px) 363px, (min-width: 732px) 545px, (min-width: 640px) 732px, \" \/><\/div><\/a><\/div><\/div><div style=\"padding:10px;\" class=\"fusion-grid-column fusion-gallery-column fusion-gallery-column-6 hover-type-zoomin fusion-element-portrait\"><div class=\"fusion-gallery-image\"><a href=\"https:\/\/www.techostensados.com\/wp-content\/uploads\/2020\/01\/techos-balnearios-spa-18-rotated.jpg\" rel=\"noreferrer\" data-rel=\"iLightbox[gallery_image_1]\" class=\"fusion-lightbox\" target=\"_self\"><div style=\"background-image:url(https:\/\/www.techostensados.com\/wp-content\/uploads\/2020\/01\/techos-balnearios-spa-18-rotated.jpg);padding-top:calc((100% + 20px) * 1.6);background-position:;\" class=\"fusion-masonry-element-container\"><img decoding=\"async\" src=\"https:\/\/www.techostensados.com\/wp-content\/uploads\/2020\/01\/techos-balnearios-spa-18-rotated.jpg\" width=\"900\" height=\"1200\" alt=\"\" title=\"techos-balnearios-spa-18\" aria-label=\"techos-balnearios-spa-18\" class=\"img-responsive wp-image-891\" srcset=\"https:\/\/www.techostensados.com\/wp-content\/uploads\/2020\/01\/techos-balnearios-spa-18-200x267.jpg 200w, https:\/\/www.techostensados.com\/wp-content\/uploads\/2020\/01\/techos-balnearios-spa-18-400x533.jpg 400w, https:\/\/www.techostensados.com\/wp-content\/uploads\/2020\/01\/techos-balnearios-spa-18-600x800.jpg 600w, https:\/\/www.techostensados.com\/wp-content\/uploads\/2020\/01\/techos-balnearios-spa-18-800x1067.jpg 800w, https:\/\/www.techostensados.com\/wp-content\/uploads\/2020\/01\/techos-balnearios-spa-18-rotated.jpg 900w\" sizes=\"(min-width: 2200px) 100vw, (min-width: 1099px) 182px, (min-width: 1007px) 218px, (min-width: 915px) 273px, (min-width: 824px) 363px, (min-width: 732px) 545px, (min-width: 640px) 732px, \" \/><\/div><\/a><\/div><\/div><div style=\"padding:10px;\" class=\"fusion-grid-column fusion-gallery-column fusion-gallery-column-6 hover-type-zoomin fusion-element-portrait\"><div class=\"fusion-gallery-image\"><a href=\"https:\/\/www.techostensados.com\/wp-content\/uploads\/2020\/01\/techos-balnearios-spa-19.jpg\" rel=\"noreferrer\" data-rel=\"iLightbox[gallery_image_1]\" class=\"fusion-lightbox\" target=\"_self\"><div style=\"background-image:url(https:\/\/www.techostensados.com\/wp-content\/uploads\/2020\/01\/techos-balnearios-spa-19.jpg);padding-top:calc((100% + 20px) * 1.6);background-position:;\" class=\"fusion-masonry-element-container\"><img decoding=\"async\" src=\"https:\/\/www.techostensados.com\/wp-content\/uploads\/2020\/01\/techos-balnearios-spa-19.jpg\" width=\"1200\" height=\"1600\" alt=\"\" title=\"techos-balnearios-spa-19\" aria-label=\"techos-balnearios-spa-19\" class=\"img-responsive wp-image-892\" srcset=\"https:\/\/www.techostensados.com\/wp-content\/uploads\/2020\/01\/techos-balnearios-spa-19-200x267.jpg 200w, https:\/\/www.techostensados.com\/wp-content\/uploads\/2020\/01\/techos-balnearios-spa-19-400x533.jpg 400w, https:\/\/www.techostensados.com\/wp-content\/uploads\/2020\/01\/techos-balnearios-spa-19-600x800.jpg 600w, https:\/\/www.techostensados.com\/wp-content\/uploads\/2020\/01\/techos-balnearios-spa-19-800x1067.jpg 800w, https:\/\/www.techostensados.com\/wp-content\/uploads\/2020\/01\/techos-balnearios-spa-19.jpg 1200w\" sizes=\"(min-width: 2200px) 100vw, (min-width: 1099px) 182px, (min-width: 1007px) 218px, (min-width: 915px) 273px, (min-width: 824px) 363px, (min-width: 732px) 545px, (min-width: 640px) 732px, \" \/><\/div><\/a><\/div><\/div><div style=\"padding:10px;\" class=\"fusion-grid-column fusion-gallery-column fusion-gallery-column-6 hover-type-zoomin fusion-element-grid\"><div class=\"fusion-gallery-image\"><a href=\"https:\/\/www.techostensados.com\/wp-content\/uploads\/2020\/01\/techos-balnearios-spa-20.jpg\" rel=\"noreferrer\" data-rel=\"iLightbox[gallery_image_1]\" class=\"fusion-lightbox\" target=\"_self\"><div style=\"background-image:url(https:\/\/www.techostensados.com\/wp-content\/uploads\/2020\/01\/techos-balnearios-spa-20.jpg);padding-top:calc((100% + 20px) * 0.8 - 10px);background-position:;\" class=\"fusion-masonry-element-container\"><img decoding=\"async\" src=\"https:\/\/www.techostensados.com\/wp-content\/uploads\/2020\/01\/techos-balnearios-spa-20.jpg\" width=\"1200\" height=\"900\" alt=\"\" title=\"techos-balnearios-spa-20\" aria-label=\"techos-balnearios-spa-20\" class=\"img-responsive wp-image-893\" srcset=\"https:\/\/www.techostensados.com\/wp-content\/uploads\/2020\/01\/techos-balnearios-spa-20-200x150.jpg 200w, https:\/\/www.techostensados.com\/wp-content\/uploads\/2020\/01\/techos-balnearios-spa-20-400x300.jpg 400w, https:\/\/www.techostensados.com\/wp-content\/uploads\/2020\/01\/techos-balnearios-spa-20-600x450.jpg 600w, https:\/\/www.techostensados.com\/wp-content\/uploads\/2020\/01\/techos-balnearios-spa-20-800x600.jpg 800w, https:\/\/www.techostensados.com\/wp-content\/uploads\/2020\/01\/techos-balnearios-spa-20.jpg 1200w\" sizes=\"(min-width: 2200px) 100vw, (min-width: 1099px) 182px, (min-width: 1007px) 218px, (min-width: 915px) 273px, (min-width: 824px) 363px, (min-width: 732px) 545px, (min-width: 640px) 732px, \" \/><\/div><\/a><\/div><\/div><div style=\"padding:10px;\" class=\"fusion-grid-column fusion-gallery-column fusion-gallery-column-6 hover-type-zoomin fusion-element-grid\"><div class=\"fusion-gallery-image\"><a href=\"https:\/\/www.techostensados.com\/wp-content\/uploads\/2020\/01\/techos-balnearios-spa-21.jpg\" rel=\"noreferrer\" data-rel=\"iLightbox[gallery_image_1]\" class=\"fusion-lightbox\" target=\"_self\"><div style=\"background-image:url(https:\/\/www.techostensados.com\/wp-content\/uploads\/2020\/01\/techos-balnearios-spa-21.jpg);padding-top:calc((100% + 20px) * 0.8 - 10px);background-position:;\" class=\"fusion-masonry-element-container\"><img decoding=\"async\" src=\"https:\/\/www.techostensados.com\/wp-content\/uploads\/2020\/01\/techos-balnearios-spa-21.jpg\" width=\"1200\" height=\"900\" alt=\"\" title=\"techos-balnearios-spa-21\" aria-label=\"techos-balnearios-spa-21\" class=\"img-responsive wp-image-894\" srcset=\"https:\/\/www.techostensados.com\/wp-content\/uploads\/2020\/01\/techos-balnearios-spa-21-200x150.jpg 200w, https:\/\/www.techostensados.com\/wp-content\/uploads\/2020\/01\/techos-balnearios-spa-21-400x300.jpg 400w, https:\/\/www.techostensados.com\/wp-content\/uploads\/2020\/01\/techos-balnearios-spa-21-600x450.jpg 600w, https:\/\/www.techostensados.com\/wp-content\/uploads\/2020\/01\/techos-balnearios-spa-21-800x600.jpg 800w, https:\/\/www.techostensados.com\/wp-content\/uploads\/2020\/01\/techos-balnearios-spa-21.jpg 1200w\" sizes=\"(min-width: 2200px) 100vw, (min-width: 1099px) 182px, (min-width: 1007px) 218px, (min-width: 915px) 273px, (min-width: 824px) 363px, (min-width: 732px) 545px, (min-width: 640px) 732px, \" \/><\/div><\/a><\/div><\/div><div style=\"padding:10px;\" class=\"fusion-grid-column fusion-gallery-column fusion-gallery-column-6 hover-type-zoomin fusion-element-landscape\"><div class=\"fusion-gallery-image\"><a href=\"https:\/\/www.techostensados.com\/wp-content\/uploads\/2020\/01\/techos-balnearios-spa-22.jpg\" rel=\"noreferrer\" data-rel=\"iLightbox[gallery_image_1]\" class=\"fusion-lightbox\" target=\"_self\"><div style=\"background-image:url(https:\/\/www.techostensados.com\/wp-content\/uploads\/2020\/01\/techos-balnearios-spa-22.jpg);padding-top:calc((100% + 20px) * 0.4 - 10px);background-position:;\" class=\"fusion-masonry-element-container\"><img decoding=\"async\" src=\"https:\/\/www.techostensados.com\/wp-content\/uploads\/2020\/01\/techos-balnearios-spa-22.jpg\" width=\"1200\" height=\"674\" alt=\"\" title=\"techos-balnearios-spa-22\" aria-label=\"techos-balnearios-spa-22\" class=\"img-responsive wp-image-895\" srcset=\"https:\/\/www.techostensados.com\/wp-content\/uploads\/2020\/01\/techos-balnearios-spa-22-200x112.jpg 200w, https:\/\/www.techostensados.com\/wp-content\/uploads\/2020\/01\/techos-balnearios-spa-22-400x225.jpg 400w, https:\/\/www.techostensados.com\/wp-content\/uploads\/2020\/01\/techos-balnearios-spa-22-600x337.jpg 600w, https:\/\/www.techostensados.com\/wp-content\/uploads\/2020\/01\/techos-balnearios-spa-22-800x449.jpg 800w, https:\/\/www.techostensados.com\/wp-content\/uploads\/2020\/01\/techos-balnearios-spa-22.jpg 1200w\" sizes=\"(min-width: 2200px) 100vw, (min-width: 824px) 373px, (min-width: 732px) 560px, (min-width: 640px) 732px, \" \/><\/div><\/a><\/div><\/div><div style=\"padding:10px;\" class=\"fusion-grid-column fusion-gallery-column fusion-gallery-column-6 hover-type-zoomin fusion-element-grid\"><div class=\"fusion-gallery-image\"><a href=\"https:\/\/www.techostensados.com\/wp-content\/uploads\/2020\/01\/techos-balnearios-spa-23.jpg\" rel=\"noreferrer\" data-rel=\"iLightbox[gallery_image_1]\" class=\"fusion-lightbox\" target=\"_self\"><div style=\"background-image:url(https:\/\/www.techostensados.com\/wp-content\/uploads\/2020\/01\/techos-balnearios-spa-23.jpg);padding-top:calc((100% + 20px) * 0.8 - 10px);background-position:;\" class=\"fusion-masonry-element-container\"><img decoding=\"async\" src=\"https:\/\/www.techostensados.com\/wp-content\/uploads\/2020\/01\/techos-balnearios-spa-23.jpg\" width=\"1200\" height=\"900\" alt=\"\" title=\"techos-balnearios-spa-23\" aria-label=\"techos-balnearios-spa-23\" class=\"img-responsive wp-image-896\" srcset=\"https:\/\/www.techostensados.com\/wp-content\/uploads\/2020\/01\/techos-balnearios-spa-23-200x150.jpg 200w, https:\/\/www.techostensados.com\/wp-content\/uploads\/2020\/01\/techos-balnearios-spa-23-400x300.jpg 400w, https:\/\/www.techostensados.com\/wp-content\/uploads\/2020\/01\/techos-balnearios-spa-23-600x450.jpg 600w, https:\/\/www.techostensados.com\/wp-content\/uploads\/2020\/01\/techos-balnearios-spa-23-800x600.jpg 800w, https:\/\/www.techostensados.com\/wp-content\/uploads\/2020\/01\/techos-balnearios-spa-23.jpg 1200w\" sizes=\"(min-width: 2200px) 100vw, (min-width: 1099px) 182px, (min-width: 1007px) 218px, (min-width: 915px) 273px, (min-width: 824px) 363px, (min-width: 732px) 545px, (min-width: 640px) 732px, \" \/><\/div><\/a><\/div><\/div><div style=\"padding:10px;\" class=\"fusion-grid-column fusion-gallery-column fusion-gallery-column-6 hover-type-zoomin fusion-element-portrait\"><div class=\"fusion-gallery-image\"><a href=\"https:\/\/www.techostensados.com\/wp-content\/uploads\/2020\/01\/techos-balnearios-spa-24-rotated.jpg\" rel=\"noreferrer\" data-rel=\"iLightbox[gallery_image_1]\" class=\"fusion-lightbox\" target=\"_self\"><div style=\"background-image:url(https:\/\/www.techostensados.com\/wp-content\/uploads\/2020\/01\/techos-balnearios-spa-24-rotated.jpg);padding-top:calc((100% + 20px) * 1.6);background-position:;\" class=\"fusion-masonry-element-container\"><img decoding=\"async\" src=\"https:\/\/www.techostensados.com\/wp-content\/uploads\/2020\/01\/techos-balnearios-spa-24-rotated.jpg\" width=\"900\" height=\"1200\" alt=\"\" title=\"techos-balnearios-spa-24\" aria-label=\"techos-balnearios-spa-24\" class=\"img-responsive wp-image-897\" srcset=\"https:\/\/www.techostensados.com\/wp-content\/uploads\/2020\/01\/techos-balnearios-spa-24-200x267.jpg 200w, https:\/\/www.techostensados.com\/wp-content\/uploads\/2020\/01\/techos-balnearios-spa-24-400x533.jpg 400w, https:\/\/www.techostensados.com\/wp-content\/uploads\/2020\/01\/techos-balnearios-spa-24-600x800.jpg 600w, https:\/\/www.techostensados.com\/wp-content\/uploads\/2020\/01\/techos-balnearios-spa-24-800x1067.jpg 800w, https:\/\/www.techostensados.com\/wp-content\/uploads\/2020\/01\/techos-balnearios-spa-24-rotated.jpg 900w\" sizes=\"(min-width: 2200px) 100vw, (min-width: 1099px) 182px, (min-width: 1007px) 218px, (min-width: 915px) 273px, (min-width: 824px) 363px, (min-width: 732px) 545px, (min-width: 640px) 732px, \" \/><\/div><\/a><\/div><\/div><div style=\"padding:10px;\" class=\"fusion-grid-column fusion-gallery-column fusion-gallery-column-6 hover-type-zoomin fusion-element-portrait\"><div class=\"fusion-gallery-image\"><a href=\"https:\/\/www.techostensados.com\/wp-content\/uploads\/2020\/01\/techos-balnearios-spa-25-rotated.jpg\" rel=\"noreferrer\" data-rel=\"iLightbox[gallery_image_1]\" class=\"fusion-lightbox\" target=\"_self\"><div style=\"background-image:url(https:\/\/www.techostensados.com\/wp-content\/uploads\/2020\/01\/techos-balnearios-spa-25-rotated.jpg);padding-top:calc((100% + 20px) * 1.6);background-position:;\" class=\"fusion-masonry-element-container\"><img decoding=\"async\" src=\"https:\/\/www.techostensados.com\/wp-content\/uploads\/2020\/01\/techos-balnearios-spa-25-rotated.jpg\" width=\"900\" height=\"1200\" alt=\"\" title=\"techos-balnearios-spa-25\" aria-label=\"techos-balnearios-spa-25\" class=\"img-responsive wp-image-898\" srcset=\"https:\/\/www.techostensados.com\/wp-content\/uploads\/2020\/01\/techos-balnearios-spa-25-200x267.jpg 200w, https:\/\/www.techostensados.com\/wp-content\/uploads\/2020\/01\/techos-balnearios-spa-25-400x533.jpg 400w, https:\/\/www.techostensados.com\/wp-content\/uploads\/2020\/01\/techos-balnearios-spa-25-600x800.jpg 600w, https:\/\/www.techostensados.com\/wp-content\/uploads\/2020\/01\/techos-balnearios-spa-25-800x1067.jpg 800w, https:\/\/www.techostensados.com\/wp-content\/uploads\/2020\/01\/techos-balnearios-spa-25-rotated.jpg 900w\" sizes=\"(min-width: 2200px) 100vw, (min-width: 1099px) 182px, (min-width: 1007px) 218px, (min-width: 915px) 273px, (min-width: 824px) 363px, (min-width: 732px) 545px, (min-width: 640px) 732px, \" \/><\/div><\/a><\/div><\/div><div style=\"padding:10px;\" class=\"fusion-grid-column fusion-gallery-column fusion-gallery-column-6 hover-type-zoomin fusion-element-grid\"><div class=\"fusion-gallery-image\"><a href=\"https:\/\/www.techostensados.com\/wp-content\/uploads\/2020\/01\/techos-balnearios-spa-26.jpg\" rel=\"noreferrer\" data-rel=\"iLightbox[gallery_image_1]\" class=\"fusion-lightbox\" target=\"_self\"><div style=\"background-image:url(https:\/\/www.techostensados.com\/wp-content\/uploads\/2020\/01\/techos-balnearios-spa-26.jpg);padding-top:calc((100% + 20px) * 0.8 - 10px);background-position:;\" class=\"fusion-masonry-element-container\"><img decoding=\"async\" src=\"https:\/\/www.techostensados.com\/wp-content\/uploads\/2020\/01\/techos-balnearios-spa-26.jpg\" width=\"1200\" height=\"1201\" alt=\"\" title=\"techos-balnearios-spa-26\" aria-label=\"techos-balnearios-spa-26\" class=\"img-responsive wp-image-899\" srcset=\"https:\/\/www.techostensados.com\/wp-content\/uploads\/2020\/01\/techos-balnearios-spa-26-200x200.jpg 200w, https:\/\/www.techostensados.com\/wp-content\/uploads\/2020\/01\/techos-balnearios-spa-26-400x400.jpg 400w, https:\/\/www.techostensados.com\/wp-content\/uploads\/2020\/01\/techos-balnearios-spa-26-600x601.jpg 600w, https:\/\/www.techostensados.com\/wp-content\/uploads\/2020\/01\/techos-balnearios-spa-26-800x801.jpg 800w, https:\/\/www.techostensados.com\/wp-content\/uploads\/2020\/01\/techos-balnearios-spa-26.jpg 1200w\" sizes=\"(min-width: 2200px) 100vw, (min-width: 1099px) 182px, (min-width: 1007px) 218px, (min-width: 915px) 273px, (min-width: 824px) 363px, (min-width: 732px) 545px, (min-width: 640px) 732px, \" \/><\/div><\/a><\/div><\/div><div style=\"padding:10px;\" class=\"fusion-grid-column fusion-gallery-column fusion-gallery-column-6 hover-type-zoomin fusion-element-grid\"><div class=\"fusion-gallery-image\"><a href=\"https:\/\/www.techostensados.com\/wp-content\/uploads\/2020\/01\/techos-balnearios-spa-27.jpg\" rel=\"noreferrer\" data-rel=\"iLightbox[gallery_image_1]\" class=\"fusion-lightbox\" target=\"_self\"><div style=\"background-image:url(https:\/\/www.techostensados.com\/wp-content\/uploads\/2020\/01\/techos-balnearios-spa-27.jpg);padding-top:calc((100% + 20px) * 0.8 - 10px);background-position:;\" class=\"fusion-masonry-element-container\"><img decoding=\"async\" src=\"https:\/\/www.techostensados.com\/wp-content\/uploads\/2020\/01\/techos-balnearios-spa-27.jpg\" width=\"1200\" height=\"1191\" alt=\"\" title=\"techos-balnearios-spa-27\" aria-label=\"techos-balnearios-spa-27\" class=\"img-responsive wp-image-900\" srcset=\"https:\/\/www.techostensados.com\/wp-content\/uploads\/2020\/01\/techos-balnearios-spa-27-200x199.jpg 200w, https:\/\/www.techostensados.com\/wp-content\/uploads\/2020\/01\/techos-balnearios-spa-27-400x397.jpg 400w, https:\/\/www.techostensados.com\/wp-content\/uploads\/2020\/01\/techos-balnearios-spa-27-600x596.jpg 600w, https:\/\/www.techostensados.com\/wp-content\/uploads\/2020\/01\/techos-balnearios-spa-27-800x794.jpg 800w, https:\/\/www.techostensados.com\/wp-content\/uploads\/2020\/01\/techos-balnearios-spa-27.jpg 1200w\" sizes=\"(min-width: 2200px) 100vw, (min-width: 1099px) 182px, (min-width: 1007px) 218px, (min-width: 915px) 273px, (min-width: 824px) 363px, (min-width: 732px) 545px, (min-width: 640px) 732px, \" \/><\/div><\/a><\/div><\/div><\/div><\/div><div class=\"fusion-clearfix\"><\/div><\/div><\/div><\/div><\/div><div class=\"fusion-fullwidth fullwidth-box fusion-builder-row-2 fusion-parallax-none nonhundred-percent-fullwidth non-hundred-percent-height-scrolling fusion-equal-height-columns\" style=\"--awb-border-sizes-top:0px;--awb-border-sizes-bottom:0px;--awb-border-sizes-left:0px;--awb-border-sizes-right:0px;--awb-border-color:#46b1fd;--awb-border-radius-top-left:0px;--awb-border-radius-top-right:0px;--awb-border-radius-bottom-right:0px;--awb-border-radius-bottom-left:0px;--awb-padding-top:6%;--awb-padding-bottom:6%;--awb-background-image:url(&quot;https:\/\/www.techostensados.com\/wp-content\/uploads\/2019\/12\/bg-presupuesto-scaled.jpg&quot;);--awb-background-size:cover;--awb-flex-wrap:wrap;\" ><div class=\"fusion-builder-row fusion-row\"><div class=\"fusion-layout-column fusion_builder_column fusion-builder-column-1 fusion_builder_column_2_3 2_3 fusion-two-third fusion-column-first fusion-column-no-min-height fusion-no-small-visibility fusion-no-medium-visibility\" style=\"--awb-padding-left:15%;--awb-bg-size:cover;--awb-margin-bottom:0px;width:66.666666666667%;width:calc(66.666666666667% - ( ( 4% ) * 0.66666666666667 ) );margin-right: 4%;\"><div class=\"fusion-column-wrapper fusion-column-has-shadow fusion-flex-column-wrapper-legacy\"><div class=\"fusion-column-content-centered\"><div class=\"fusion-column-content\"><div class=\"fusion-title title fusion-title-3 fusion-sep-none fusion-title-text fusion-title-size-two\" style=\"--awb-text-color:#46b1fd;--awb-margin-bottom:0px;--awb-margin-bottom-small:0px;--awb-font-size:20px;\"><h2 class=\"fusion-title-heading title-heading-left fusion-responsive-typography-calculated\" style=\"margin:0;font-size:1em;--fontSize:20;--minFontSize:20;line-height:1.5;\"><p><strong>T&#8217;AGRADA LA NOSTRA FEINA?<br \/>\n<\/strong><\/p><\/h2><\/div><div class=\"fusion-title title fusion-title-4 fusion-sep-none fusion-title-text fusion-title-size-three\" style=\"--awb-text-color:#ffffff;--awb-margin-bottom:0px;--awb-margin-bottom-small:0px;--awb-font-size:55px;\"><h3 class=\"fusion-title-heading title-heading-left fusion-responsive-typography-calculated\" style=\"margin:0;font-size:1em;--fontSize:55;line-height:1.3;\">sol\u00b7licita pressupost<\/h3><\/div><\/div><\/div><div class=\"fusion-clearfix\"><\/div><\/div><\/div><div class=\"fusion-layout-column fusion_builder_column fusion-builder-column-2 fusion_builder_column_1_3 1_3 fusion-one-third fusion-column-last fusion-column-no-min-height fusion-no-small-visibility fusion-no-medium-visibility\" style=\"--awb-padding-top:5%;--awb-padding-right:15%;--awb-bg-size:cover;--awb-margin-bottom:0px;width:33.333333333333%;width:calc(33.333333333333% - ( ( 4% ) * 0.33333333333333 ) );\"><div class=\"fusion-column-wrapper fusion-column-has-shadow fusion-flex-column-wrapper-legacy\"><div class=\"fusion-column-content-centered\"><div class=\"fusion-column-content\"><div class=\"fusion-alignright\"><a class=\"fusion-button button-flat button-xlarge button-default fusion-button-default button-1 fusion-button-default-span fusion-button-default-type\" target=\"_self\" href=\"https:\/\/www.techostensados.com\/ca\/contactar\/\"><span class=\"fusion-button-text awb-button__text awb-button__text--default\">Contacta&#8217;ns<\/span><\/a><\/div><\/div><\/div><div class=\"fusion-clearfix\"><\/div><\/div><\/div><div class=\"fusion-layout-column fusion_builder_column fusion-builder-column-3 fusion_builder_column_1_1 1_1 fusion-one-full fusion-column-first fusion-column-last fusion-no-large-visibility\" style=\"--awb-padding-top:40px;--awb-padding-bottom:40px;--awb-bg-size:cover;--awb-margin-bottom:0px;\"><div class=\"fusion-column-wrapper fusion-column-has-shadow fusion-flex-column-wrapper-legacy\"><div class=\"fusion-column-content-centered\"><div class=\"fusion-column-content\"><div class=\"fusion-title title fusion-title-5 fusion-sep-none fusion-title-center fusion-title-text fusion-title-size-two\" style=\"--awb-text-color:#46b1fd;--awb-margin-bottom:0px;--awb-margin-bottom-small:0px;--awb-font-size:20px;\"><h2 class=\"fusion-title-heading title-heading-center fusion-responsive-typography-calculated\" style=\"margin:0;font-size:1em;--fontSize:20;--minFontSize:20;line-height:1.5;\"><p><strong>T&#8217;AGRADA LA NOSTRA FEINA?<br \/>\n<\/strong><\/p><\/h2><\/div><div class=\"fusion-title title fusion-title-6 fusion-sep-none fusion-title-center fusion-title-text fusion-title-size-three\" style=\"--awb-text-color:#ffffff;--awb-margin-bottom:20px;--awb-margin-bottom-small:20px;--awb-font-size:55px;\"><h3 class=\"fusion-title-heading title-heading-center fusion-responsive-typography-calculated\" style=\"margin:0;font-size:1em;--fontSize:55;line-height:1.3;\">sol\u00b7licita pressupost<\/h3><\/div><div class=\"fusion-aligncenter\"><a class=\"fusion-button button-flat button-xlarge button-default fusion-button-default button-2 fusion-button-default-span fusion-button-default-type\" target=\"_self\" href=\"https:\/\/www.techostensados.com\/ca\/contactar\/\"><span class=\"fusion-button-text awb-button__text awb-button__text--default\">Contacta&#8217;ns<\/span><\/a><\/div><\/div><\/div><div class=\"fusion-clearfix\"><\/div><\/div><\/div><\/div><\/div>\n<\/p>\n","protected":false},"excerpt":{"rendered":"","protected":false},"author":1,"featured_media":0,"parent":1768,"menu_order":0,"comment_status":"closed","ping_status":"closed","template":"100-width.php","meta":{"footnotes":""},"class_list":["post-1811","page","type-page","status-publish","hentry"],"yoast_head":"<!-- This site is optimized with the Yoast SEO plugin v27.0 - https:\/\/yoast.com\/product\/yoast-seo-wordpress\/ -->\n<title>Sostres Tensats a Balnearis i SPA &#8212; Techos Tensados<\/title>\n<meta name=\"description\" content=\"Posar un Sostre Tensat en zones amb alta humitat \u00e9s sempre un desafiament, per\u00f2 a Techos Tensados SLU tenim una gran experi\u00e8ncia en col\u00b7locar-los on sigui.\" \/>\n<meta name=\"robots\" content=\"index, follow, max-snippet:-1, max-image-preview:large, max-video-preview:-1\" \/>\n<link rel=\"canonical\" href=\"https:\/\/www.techostensados.com\/ca\/galeria\/sostres-tensats-a-balnearis-i-spa\/\" \/>\n<meta property=\"og:locale\" content=\"ca_ES\" \/>\n<meta property=\"og:type\" content=\"article\" \/>\n<meta property=\"og:title\" content=\"Sostres Tensats a Balnearis i SPA &#8212; Techos Tensados\" \/>\n<meta property=\"og:description\" content=\"Posar un Sostre Tensat en zones amb alta humitat \u00e9s sempre un desafiament, per\u00f2 a Techos Tensados SLU tenim una gran experi\u00e8ncia en col\u00b7locar-los on sigui.\" \/>\n<meta property=\"og:url\" content=\"https:\/\/www.techostensados.com\/ca\/galeria\/sostres-tensats-a-balnearis-i-spa\/\" \/>\n<meta property=\"og:site_name\" content=\"Techos Tensados\" \/>\n<meta property=\"article:modified_time\" content=\"2021-02-09T10:00:08+00:00\" \/>\n<meta name=\"twitter:card\" content=\"summary_large_image\" \/>\n<meta name=\"twitter:label1\" content=\"Temps estimat de lectura\" \/>\n\t<meta name=\"twitter:data1\" content=\"5 minuts\" \/>\n<script type=\"application\/ld+json\" class=\"yoast-schema-graph\">{\"@context\":\"https:\/\/schema.org\",\"@graph\":[{\"@type\":\"WebPage\",\"@id\":\"https:\/\/www.techostensados.com\/ca\/galeria\/sostres-tensats-a-balnearis-i-spa\/\",\"url\":\"https:\/\/www.techostensados.com\/ca\/galeria\/sostres-tensats-a-balnearis-i-spa\/\",\"name\":\"Sostres Tensats a Balnearis i SPA &#8212; Techos Tensados\",\"isPartOf\":{\"@id\":\"https:\/\/www.techostensados.com\/ca\/#website\"},\"datePublished\":\"2020-01-29T12:42:50+00:00\",\"dateModified\":\"2021-02-09T10:00:08+00:00\",\"description\":\"Posar un Sostre Tensat en zones amb alta humitat \u00e9s sempre un desafiament, per\u00f2 a Techos Tensados SLU tenim una gran experi\u00e8ncia en col\u00b7locar-los on sigui.\",\"breadcrumb\":{\"@id\":\"https:\/\/www.techostensados.com\/ca\/galeria\/sostres-tensats-a-balnearis-i-spa\/#breadcrumb\"},\"inLanguage\":\"ca\",\"potentialAction\":[{\"@type\":\"ReadAction\",\"target\":[\"https:\/\/www.techostensados.com\/ca\/galeria\/sostres-tensats-a-balnearis-i-spa\/\"]}]},{\"@type\":\"BreadcrumbList\",\"@id\":\"https:\/\/www.techostensados.com\/ca\/galeria\/sostres-tensats-a-balnearis-i-spa\/#breadcrumb\",\"itemListElement\":[{\"@type\":\"ListItem\",\"position\":1,\"name\":\"Portada\",\"item\":\"https:\/\/www.techostensados.com\/ca\/\"},{\"@type\":\"ListItem\",\"position\":2,\"name\":\"Galeria\",\"item\":\"https:\/\/www.techostensados.com\/ca\/galeria\/\"},{\"@type\":\"ListItem\",\"position\":3,\"name\":\"Sostres Tensats a Balnearis i SPA\"}]},{\"@type\":\"WebSite\",\"@id\":\"https:\/\/www.techostensados.com\/ca\/#website\",\"url\":\"https:\/\/www.techostensados.com\/ca\/\",\"name\":\"Techos Tensados\",\"description\":\"Fabricaci\u00f3n e instalaci\u00f3n de techos tensados y telas murales para profesionales y particulares\",\"publisher\":{\"@id\":\"https:\/\/www.techostensados.com\/ca\/#organization\"},\"potentialAction\":[{\"@type\":\"SearchAction\",\"target\":{\"@type\":\"EntryPoint\",\"urlTemplate\":\"https:\/\/www.techostensados.com\/ca\/?s={search_term_string}\"},\"query-input\":{\"@type\":\"PropertyValueSpecification\",\"valueRequired\":true,\"valueName\":\"search_term_string\"}}],\"inLanguage\":\"ca\"},{\"@type\":\"Organization\",\"@id\":\"https:\/\/www.techostensados.com\/ca\/#organization\",\"name\":\"Techos Tensados SLU\",\"url\":\"https:\/\/www.techostensados.com\/ca\/\",\"logo\":{\"@type\":\"ImageObject\",\"inLanguage\":\"ca\",\"@id\":\"https:\/\/www.techostensados.com\/ca\/#\/schema\/logo\/image\/\",\"url\":\"https:\/\/www.techostensados.com\/wp-content\/uploads\/2020\/02\/logo-techostensados-normal.png\",\"contentUrl\":\"https:\/\/www.techostensados.com\/wp-content\/uploads\/2020\/02\/logo-techostensados-normal.png\",\"width\":1146,\"height\":213,\"caption\":\"Techos Tensados SLU\"},\"image\":{\"@id\":\"https:\/\/www.techostensados.com\/ca\/#\/schema\/logo\/image\/\"}}]}<\/script>\n<!-- \/ Yoast SEO plugin. -->","yoast_head_json":{"title":"Sostres Tensats a Balnearis i SPA &#8212; Techos Tensados","description":"Posar un Sostre Tensat en zones amb alta humitat \u00e9s sempre un desafiament, per\u00f2 a Techos Tensados SLU tenim una gran experi\u00e8ncia en col\u00b7locar-los on sigui.","robots":{"index":"index","follow":"follow","max-snippet":"max-snippet:-1","max-image-preview":"max-image-preview:large","max-video-preview":"max-video-preview:-1"},"canonical":"https:\/\/www.techostensados.com\/ca\/galeria\/sostres-tensats-a-balnearis-i-spa\/","og_locale":"ca_ES","og_type":"article","og_title":"Sostres Tensats a Balnearis i SPA &#8212; Techos Tensados","og_description":"Posar un Sostre Tensat en zones amb alta humitat \u00e9s sempre un desafiament, per\u00f2 a Techos Tensados SLU tenim una gran experi\u00e8ncia en col\u00b7locar-los on sigui.","og_url":"https:\/\/www.techostensados.com\/ca\/galeria\/sostres-tensats-a-balnearis-i-spa\/","og_site_name":"Techos Tensados","article_modified_time":"2021-02-09T10:00:08+00:00","twitter_card":"summary_large_image","twitter_misc":{"Temps estimat de lectura":"5 minuts"},"schema":{"@context":"https:\/\/schema.org","@graph":[{"@type":"WebPage","@id":"https:\/\/www.techostensados.com\/ca\/galeria\/sostres-tensats-a-balnearis-i-spa\/","url":"https:\/\/www.techostensados.com\/ca\/galeria\/sostres-tensats-a-balnearis-i-spa\/","name":"Sostres Tensats a Balnearis i SPA &#8212; Techos Tensados","isPartOf":{"@id":"https:\/\/www.techostensados.com\/ca\/#website"},"datePublished":"2020-01-29T12:42:50+00:00","dateModified":"2021-02-09T10:00:08+00:00","description":"Posar un Sostre Tensat en zones amb alta humitat \u00e9s sempre un desafiament, per\u00f2 a Techos Tensados SLU tenim una gran experi\u00e8ncia en col\u00b7locar-los on sigui.","breadcrumb":{"@id":"https:\/\/www.techostensados.com\/ca\/galeria\/sostres-tensats-a-balnearis-i-spa\/#breadcrumb"},"inLanguage":"ca","potentialAction":[{"@type":"ReadAction","target":["https:\/\/www.techostensados.com\/ca\/galeria\/sostres-tensats-a-balnearis-i-spa\/"]}]},{"@type":"BreadcrumbList","@id":"https:\/\/www.techostensados.com\/ca\/galeria\/sostres-tensats-a-balnearis-i-spa\/#breadcrumb","itemListElement":[{"@type":"ListItem","position":1,"name":"Portada","item":"https:\/\/www.techostensados.com\/ca\/"},{"@type":"ListItem","position":2,"name":"Galeria","item":"https:\/\/www.techostensados.com\/ca\/galeria\/"},{"@type":"ListItem","position":3,"name":"Sostres Tensats a Balnearis i SPA"}]},{"@type":"WebSite","@id":"https:\/\/www.techostensados.com\/ca\/#website","url":"https:\/\/www.techostensados.com\/ca\/","name":"Techos Tensados","description":"Fabricaci\u00f3n e instalaci\u00f3n de techos tensados y telas murales para profesionales y particulares","publisher":{"@id":"https:\/\/www.techostensados.com\/ca\/#organization"},"potentialAction":[{"@type":"SearchAction","target":{"@type":"EntryPoint","urlTemplate":"https:\/\/www.techostensados.com\/ca\/?s={search_term_string}"},"query-input":{"@type":"PropertyValueSpecification","valueRequired":true,"valueName":"search_term_string"}}],"inLanguage":"ca"},{"@type":"Organization","@id":"https:\/\/www.techostensados.com\/ca\/#organization","name":"Techos Tensados SLU","url":"https:\/\/www.techostensados.com\/ca\/","logo":{"@type":"ImageObject","inLanguage":"ca","@id":"https:\/\/www.techostensados.com\/ca\/#\/schema\/logo\/image\/","url":"https:\/\/www.techostensados.com\/wp-content\/uploads\/2020\/02\/logo-techostensados-normal.png","contentUrl":"https:\/\/www.techostensados.com\/wp-content\/uploads\/2020\/02\/logo-techostensados-normal.png","width":1146,"height":213,"caption":"Techos Tensados SLU"},"image":{"@id":"https:\/\/www.techostensados.com\/ca\/#\/schema\/logo\/image\/"}}]}},"_links":{"self":[{"href":"https:\/\/www.techostensados.com\/ca\/wp-json\/wp\/v2\/pages\/1811","targetHints":{"allow":["GET"]}}],"collection":[{"href":"https:\/\/www.techostensados.com\/ca\/wp-json\/wp\/v2\/pages"}],"about":[{"href":"https:\/\/www.techostensados.com\/ca\/wp-json\/wp\/v2\/types\/page"}],"author":[{"embeddable":true,"href":"https:\/\/www.techostensados.com\/ca\/wp-json\/wp\/v2\/users\/1"}],"replies":[{"embeddable":true,"href":"https:\/\/www.techostensados.com\/ca\/wp-json\/wp\/v2\/comments?post=1811"}],"version-history":[{"count":0,"href":"https:\/\/www.techostensados.com\/ca\/wp-json\/wp\/v2\/pages\/1811\/revisions"}],"up":[{"embeddable":true,"href":"https:\/\/www.techostensados.com\/ca\/wp-json\/wp\/v2\/pages\/1768"}],"wp:attachment":[{"href":"https:\/\/www.techostensados.com\/ca\/wp-json\/wp\/v2\/media?parent=1811"}],"curies":[{"name":"wp","href":"https:\/\/api.w.org\/{rel}","templated":true}]}}