{"id":1797,"date":"2019-12-19T19:24:26","date_gmt":"2019-12-19T18:24:26","guid":{"rendered":"https:\/\/www.techostensados.com\/perfileria\/"},"modified":"2020-02-12T10:34:57","modified_gmt":"2020-02-12T09:34:57","slug":"perfileria","status":"publish","type":"page","link":"https:\/\/www.techostensados.com\/ca\/perfileria\/","title":{"rendered":"Perfileria"},"content":{"rendered":"<p><div class=\"fusion-fullwidth fullwidth-box fusion-builder-row-1 hundred-percent-fullwidth non-hundred-percent-height-scrolling\" style=\"--awb-border-radius-top-left:0px;--awb-border-radius-top-right:0px;--awb-border-radius-bottom-right:0px;--awb-border-radius-bottom-left:0px;--awb-padding-top:0px;--awb-padding-right:0px;--awb-padding-bottom:0px;--awb-padding-left:0px;--awb-margin-top:0px;--awb-margin-bottom:0px;--awb-flex-wrap:wrap;\" ><div class=\"fusion-builder-row fusion-row\"><div class=\"fusion-layout-column fusion_builder_column fusion-builder-column-0 fusion_builder_column_1_1 1_1 fusion-one-full fusion-column-first fusion-column-last\" style=\"--awb-padding-top:0px;--awb-padding-right:0px;--awb-padding-bottom:0px;--awb-padding-left:0px;--awb-bg-size:cover;--awb-margin-bottom:0px;\"><div class=\"fusion-column-wrapper fusion-column-has-shadow fusion-flex-column-wrapper-legacy\"><div class=\"fusion-sep-clear\"><\/div><div class=\"fusion-separator fusion-full-width-sep\" style=\"margin-left: auto;margin-right: auto;width:100%;\"><div class=\"fusion-separator-border sep-single sep-solid\" style=\"--awb-height:20px;--awb-amount:20px;--awb-sep-color:#46b1fd;border-color:#46b1fd;border-top-width:5px;\"><\/div><\/div><div class=\"fusion-sep-clear\"><\/div><div class=\"fusion-clearfix\"><\/div><\/div><\/div><\/div><\/div><div class=\"fusion-fullwidth fullwidth-box fusion-builder-row-2 nonhundred-percent-fullwidth non-hundred-percent-height-scrolling\" style=\"--awb-border-radius-top-left:0px;--awb-border-radius-top-right:0px;--awb-border-radius-bottom-right:0px;--awb-border-radius-bottom-left:0px;--awb-padding-top:3%;--awb-padding-bottom:3%;--awb-flex-wrap:wrap;\" ><div class=\"fusion-builder-row fusion-row\"><div class=\"fusion-layout-column fusion_builder_column fusion-builder-column-1 fusion_builder_column_1_1 1_1 fusion-one-full fusion-column-first fusion-column-last\" style=\"--awb-bg-size:cover;\"><div class=\"fusion-column-wrapper fusion-column-has-shadow fusion-flex-column-wrapper-legacy\"><div class=\"fusion-text fusion-text-1\"><h3 style=\"text-align: center;\">A Techos Tensados SLU disposem dels dos \u00fanics tipus de materials per a l&#8217;ancoratge de la tela:<\/h3>\n<h4 style=\"text-align: center;\"><strong>ALUMINI &amp; PVC<\/strong><\/h4>\n<p style=\"text-align: center;\">La tela de <strong>Techos Tensados<\/strong> <strong>SLU<\/strong> va recoberta perimetralment per un arp\u00f3 termosoldat.<\/p>\n<p style=\"text-align: center;\">El Arp\u00f3n, com la tela, \u00e9s un material intel\u00b7ligent derivat del <strong>PVC<\/strong> que s&#8217;adapta completament tant a perfils d&#8217;alumini i PVC per a la qual est\u00e0 dissenyat.<\/p>\n<p style=\"text-align: center;\">Disposem de perfils per a qualsevol superf\u00edcie.<\/p>\n<p style=\"text-align: center;\">Tamb\u00e9 per a qualsevol posici\u00f3.<\/p>\n<p style=\"text-align: center;\">Sostres, Parets, Columnes, Estructures 3D, Envans, Finestrals, Mobles, etc.<\/p>\n<\/div><div class=\"fusion-title title fusion-title-1 fusion-sep-none fusion-title-center fusion-title-text fusion-title-size-two\" style=\"--awb-font-size:30px;\"><h2 class=\"fusion-title-heading title-heading-center fusion-responsive-typography-calculated\" style=\"margin:0;font-size:1em;--fontSize:30;line-height:1.5;\">Perfils que s&#8217;adapten a qualsevol disseny<\/h2><\/div><div class=\"fusion-clearfix\"><\/div><\/div><\/div><\/div><\/div><div class=\"fusion-fullwidth fullwidth-box fusion-builder-row-3 nonhundred-percent-fullwidth non-hundred-percent-height-scrolling\" style=\"--awb-border-radius-top-left:0px;--awb-border-radius-top-right:0px;--awb-border-radius-bottom-right:0px;--awb-border-radius-bottom-left:0px;--awb-flex-wrap:wrap;\" ><div class=\"fusion-builder-row fusion-row\"><div class=\"fusion-layout-column fusion_builder_column fusion-builder-column-2 fusion_builder_column_1_3 1_3 fusion-one-third fusion-column-first\" style=\"--awb-bg-size:cover;width:33.333333333333%;width:calc(33.333333333333% - ( ( 4% + 4% ) * 0.33333333333333 ) );margin-right: 4%;\"><div class=\"fusion-column-wrapper fusion-column-has-shadow fusion-flex-column-wrapper-legacy\"><div class=\"fusion-image-element in-legacy-container\" style=\"--awb-caption-title-font-family:var(--h2_typography-font-family);--awb-caption-title-font-weight:var(--h2_typography-font-weight);--awb-caption-title-font-style:var(--h2_typography-font-style);--awb-caption-title-size:var(--h2_typography-font-size);--awb-caption-title-transform:var(--h2_typography-text-transform);--awb-caption-title-line-height:var(--h2_typography-line-height);--awb-caption-title-letter-spacing:var(--h2_typography-letter-spacing);\"><span class=\" fusion-imageframe imageframe-none imageframe-1 hover-type-none\"><img decoding=\"async\" width=\"600\" height=\"400\" title=\"perfiles_0000_Perfil Sostre-Paret\" src=\"https:\/\/www.techostensados.com\/wp-content\/uploads\/2019\/12\/perfiles_0000_Perfil-Sostre-Paret.jpg\" alt class=\"img-responsive wp-image-1321\" srcset=\"https:\/\/www.techostensados.com\/wp-content\/uploads\/2019\/12\/perfiles_0000_Perfil-Sostre-Paret-200x133.jpg 200w, https:\/\/www.techostensados.com\/wp-content\/uploads\/2019\/12\/perfiles_0000_Perfil-Sostre-Paret-400x267.jpg 400w, https:\/\/www.techostensados.com\/wp-content\/uploads\/2019\/12\/perfiles_0000_Perfil-Sostre-Paret.jpg 600w\" sizes=\"(max-width: 1024px) 100vw, 400px\" \/><\/span><\/div><div class=\"fusion-title title fusion-title-2 fusion-sep-none fusion-title-text fusion-title-size-three\" style=\"--awb-margin-top:20px;--awb-margin-bottom:20px;\"><h3 class=\"fusion-title-heading title-heading-left fusion-responsive-typography-calculated\" style=\"margin:0;--fontSize:20;--minFontSize:20;line-height:1.3;\">Sostre &#8211; Paret<\/h3><\/div><div class=\"fusion-text fusion-text-2\"><p>Universal perfil de (25&#215;28) s&#8217;utilitza per instal\u00b7lar sostres tensats en parets o sostres, creant una impressi\u00f3 de sostre flotant en l&#8217;aire. El perfil universal anoditzat es recomana per a tot tipus de llocs i especialment en llocs amb alt nivell d&#8217;humitat (piscina, bany, spa).<\/p>\n<\/div><div class=\"fusion-clearfix\"><\/div><\/div><\/div><div class=\"fusion-layout-column fusion_builder_column fusion-builder-column-3 fusion_builder_column_1_3 1_3 fusion-one-third\" style=\"--awb-bg-size:cover;width:33.333333333333%;width:calc(33.333333333333% - ( ( 4% + 4% ) * 0.33333333333333 ) );margin-right: 4%;\"><div class=\"fusion-column-wrapper fusion-column-has-shadow fusion-flex-column-wrapper-legacy\"><div class=\"fusion-image-element in-legacy-container\" style=\"--awb-caption-title-font-family:var(--h2_typography-font-family);--awb-caption-title-font-weight:var(--h2_typography-font-weight);--awb-caption-title-font-style:var(--h2_typography-font-style);--awb-caption-title-size:var(--h2_typography-font-size);--awb-caption-title-transform:var(--h2_typography-text-transform);--awb-caption-title-line-height:var(--h2_typography-line-height);--awb-caption-title-letter-spacing:var(--h2_typography-letter-spacing);\"><span class=\" fusion-imageframe imageframe-none imageframe-2 hover-type-none\"><img decoding=\"async\" width=\"600\" height=\"400\" title=\"perfiles_0001_Perfil Sostre Paret +Led Difusor\" src=\"https:\/\/www.techostensados.com\/wp-content\/uploads\/2019\/12\/perfiles_0001_Perfil-Sostre-Paret-Led-Difusor.jpg\" alt class=\"img-responsive wp-image-1322\" srcset=\"https:\/\/www.techostensados.com\/wp-content\/uploads\/2019\/12\/perfiles_0001_Perfil-Sostre-Paret-Led-Difusor-200x133.jpg 200w, https:\/\/www.techostensados.com\/wp-content\/uploads\/2019\/12\/perfiles_0001_Perfil-Sostre-Paret-Led-Difusor-400x267.jpg 400w, https:\/\/www.techostensados.com\/wp-content\/uploads\/2019\/12\/perfiles_0001_Perfil-Sostre-Paret-Led-Difusor.jpg 600w\" sizes=\"(max-width: 1024px) 100vw, 400px\" \/><\/span><\/div><div class=\"fusion-title title fusion-title-3 fusion-sep-none fusion-title-text fusion-title-size-three\" style=\"--awb-margin-top:20px;--awb-margin-bottom:20px;\"><h3 class=\"fusion-title-heading title-heading-left fusion-responsive-typography-calculated\" style=\"margin:0;--fontSize:20;--minFontSize:20;line-height:1.3;\">Sostre Paret + Difusor LED<\/h3><\/div><div class=\"fusion-text fusion-text-3\"><p>Perfil d&#8217;alumini per a parets i sostres amb opci\u00f3 d&#8217;incorporar tires de led i aix\u00ed crear una il\u00b7luminaci\u00f3 de cornisa perimetral de l&#8217;habitaci\u00f3 de llum indirecta, amb la seva corresponent difusor.<\/p>\n<\/div><div class=\"fusion-clearfix\"><\/div><\/div><\/div><div class=\"fusion-layout-column fusion_builder_column fusion-builder-column-4 fusion_builder_column_1_3 1_3 fusion-one-third fusion-column-last\" style=\"--awb-bg-size:cover;width:33.333333333333%;width:calc(33.333333333333% - ( ( 4% + 4% ) * 0.33333333333333 ) );\"><div class=\"fusion-column-wrapper fusion-column-has-shadow fusion-flex-column-wrapper-legacy\"><div class=\"fusion-image-element in-legacy-container\" style=\"--awb-caption-title-font-family:var(--h2_typography-font-family);--awb-caption-title-font-weight:var(--h2_typography-font-weight);--awb-caption-title-font-style:var(--h2_typography-font-style);--awb-caption-title-size:var(--h2_typography-font-size);--awb-caption-title-transform:var(--h2_typography-text-transform);--awb-caption-title-line-height:var(--h2_typography-line-height);--awb-caption-title-letter-spacing:var(--h2_typography-letter-spacing);\"><span class=\" fusion-imageframe imageframe-none imageframe-3 hover-type-none\"><img decoding=\"async\" width=\"600\" height=\"400\" title=\"perfiles_0002_Perfil Rail Doble\" src=\"https:\/\/www.techostensados.com\/wp-content\/uploads\/2019\/12\/perfiles_0002_Perfil-Rail-Doble.jpg\" alt class=\"img-responsive wp-image-1323\" srcset=\"https:\/\/www.techostensados.com\/wp-content\/uploads\/2019\/12\/perfiles_0002_Perfil-Rail-Doble-200x133.jpg 200w, https:\/\/www.techostensados.com\/wp-content\/uploads\/2019\/12\/perfiles_0002_Perfil-Rail-Doble-400x267.jpg 400w, https:\/\/www.techostensados.com\/wp-content\/uploads\/2019\/12\/perfiles_0002_Perfil-Rail-Doble.jpg 600w\" sizes=\"(max-width: 1024px) 100vw, 400px\" \/><\/span><\/div><div class=\"fusion-title title fusion-title-4 fusion-sep-none fusion-title-text fusion-title-size-three\" style=\"--awb-margin-top:20px;--awb-margin-bottom:20px;\"><h3 class=\"fusion-title-heading title-heading-left fusion-responsive-typography-calculated\" style=\"margin:0;--fontSize:20;--minFontSize:20;line-height:1.3;\">Rail Doble<\/h3><\/div><div class=\"fusion-text fusion-text-4\"><p>S&#8217;utilitza per instal\u00b7lar un sostre tensat a la paret i al sostre. S&#8217;utilitza per a dividir les grans \u00e0rees de sostre en els segments i per als sostres de dos nivells. L&#8217;\u00e0rea recomanada per a la instal\u00b7laci\u00f3 amb aquest perfil \u00e9s de fins a 50m2. \u00das del perfil com a divisor de sostre.<\/p>\n<\/div><div class=\"fusion-clearfix\"><\/div><\/div><\/div><div class=\"fusion-layout-column fusion_builder_column fusion-builder-column-5 fusion_builder_column_1_3 1_3 fusion-one-third fusion-column-first\" style=\"--awb-bg-size:cover;width:33.333333333333%;width:calc(33.333333333333% - ( ( 4% + 4% ) * 0.33333333333333 ) );margin-right: 4%;\"><div class=\"fusion-column-wrapper fusion-column-has-shadow fusion-flex-column-wrapper-legacy\"><div class=\"fusion-image-element in-legacy-container\" style=\"--awb-caption-title-font-family:var(--h2_typography-font-family);--awb-caption-title-font-weight:var(--h2_typography-font-weight);--awb-caption-title-font-style:var(--h2_typography-font-style);--awb-caption-title-size:var(--h2_typography-font-size);--awb-caption-title-transform:var(--h2_typography-text-transform);--awb-caption-title-line-height:var(--h2_typography-line-height);--awb-caption-title-letter-spacing:var(--h2_typography-letter-spacing);\"><span class=\" fusion-imageframe imageframe-none imageframe-4 hover-type-none\"><img decoding=\"async\" width=\"600\" height=\"400\" title=\"perfiles_0003_Perfil Canvi Direccio\u0301\" src=\"https:\/\/www.techostensados.com\/wp-content\/uploads\/2019\/12\/perfiles_0003_Perfil-Canvi-Direccio\u0301.jpg\" alt class=\"img-responsive wp-image-1324\" srcset=\"https:\/\/www.techostensados.com\/wp-content\/uploads\/2019\/12\/perfiles_0003_Perfil-Canvi-Direccio\u0301-200x133.jpg 200w, https:\/\/www.techostensados.com\/wp-content\/uploads\/2019\/12\/perfiles_0003_Perfil-Canvi-Direccio\u0301-400x267.jpg 400w, https:\/\/www.techostensados.com\/wp-content\/uploads\/2019\/12\/perfiles_0003_Perfil-Canvi-Direccio\u0301.jpg 600w\" sizes=\"(max-width: 1024px) 100vw, 400px\" \/><\/span><\/div><div class=\"fusion-title title fusion-title-5 fusion-sep-none fusion-title-text fusion-title-size-three\" style=\"--awb-margin-top:20px;--awb-margin-bottom:20px;\"><h3 class=\"fusion-title-heading title-heading-left fusion-responsive-typography-calculated\" style=\"margin:0;--fontSize:20;--minFontSize:20;line-height:1.3;\">Canvi de Direcci\u00f3<\/h3><\/div><div class=\"fusion-text fusion-text-5\"><p>Perfil invisible d&#8217;alumini 20 \u00d7 57 per a instal\u00b7laci\u00f3 del segon nivell. S&#8217;utilitza per a la creaci\u00f3 de les formes rectil\u00ednies en 3D. Es connecta f\u00e0cilment amb tots els perfils mostrats en aquesta secci\u00f3. El perfil es pot muntar vertical i horitzontalment. El pes del perfil d&#8217;1m \u00e9s de 200g.<\/p>\n<\/div><div class=\"fusion-clearfix\"><\/div><\/div><\/div><div class=\"fusion-layout-column fusion_builder_column fusion-builder-column-6 fusion_builder_column_1_3 1_3 fusion-one-third\" style=\"--awb-bg-size:cover;width:33.333333333333%;width:calc(33.333333333333% - ( ( 4% + 4% ) * 0.33333333333333 ) );margin-right: 4%;\"><div class=\"fusion-column-wrapper fusion-column-has-shadow fusion-flex-column-wrapper-legacy\"><div class=\"fusion-image-element in-legacy-container\" style=\"--awb-caption-title-font-family:var(--h2_typography-font-family);--awb-caption-title-font-weight:var(--h2_typography-font-weight);--awb-caption-title-font-style:var(--h2_typography-font-style);--awb-caption-title-size:var(--h2_typography-font-size);--awb-caption-title-transform:var(--h2_typography-text-transform);--awb-caption-title-line-height:var(--h2_typography-line-height);--awb-caption-title-letter-spacing:var(--h2_typography-letter-spacing);\"><span class=\" fusion-imageframe imageframe-none imageframe-5 hover-type-none\"><img decoding=\"async\" width=\"600\" height=\"400\" title=\"perfiles_0004_Pefil Rail Doble +Led Difusor\" src=\"https:\/\/www.techostensados.com\/wp-content\/uploads\/2019\/12\/perfiles_0004_Pefil-Rail-Doble-Led-Difusor.jpg\" alt class=\"img-responsive wp-image-1325\" srcset=\"https:\/\/www.techostensados.com\/wp-content\/uploads\/2019\/12\/perfiles_0004_Pefil-Rail-Doble-Led-Difusor-200x133.jpg 200w, https:\/\/www.techostensados.com\/wp-content\/uploads\/2019\/12\/perfiles_0004_Pefil-Rail-Doble-Led-Difusor-400x267.jpg 400w, https:\/\/www.techostensados.com\/wp-content\/uploads\/2019\/12\/perfiles_0004_Pefil-Rail-Doble-Led-Difusor.jpg 600w\" sizes=\"(max-width: 1024px) 100vw, 400px\" \/><\/span><\/div><div class=\"fusion-title title fusion-title-6 fusion-sep-none fusion-title-text fusion-title-size-three\" style=\"--awb-margin-top:20px;--awb-margin-bottom:20px;\"><h3 class=\"fusion-title-heading title-heading-left fusion-responsive-typography-calculated\" style=\"margin:0;--fontSize:20;--minFontSize:20;line-height:1.3;\">Rail Doble + Led Difusor<\/h3><\/div><div class=\"fusion-text fusion-text-6\"><p>Perfil de sostre i paret d&#8217;alumini invisible, va ser desenvolupat per permetre la integraci\u00f3 en panells de guix i sostres tensats. A m\u00e9s, el perfil \u00e9s multifuncional, ja que es pot utilitzar per combinar panells de guix i material per sostres tensats en una habitaci\u00f3. Per a totes les instal\u00b7lacions, aquest sistema permet la creaci\u00f3 d&#8217;accents de disseny.<\/p>\n<\/div><div class=\"fusion-clearfix\"><\/div><\/div><\/div><div class=\"fusion-layout-column fusion_builder_column fusion-builder-column-7 fusion_builder_column_1_3 1_3 fusion-one-third fusion-column-last\" style=\"--awb-bg-size:cover;width:33.333333333333%;width:calc(33.333333333333% - ( ( 4% + 4% ) * 0.33333333333333 ) );\"><div class=\"fusion-column-wrapper fusion-column-has-shadow fusion-flex-column-wrapper-legacy\"><div class=\"fusion-image-element in-legacy-container\" style=\"--awb-caption-title-font-family:var(--h2_typography-font-family);--awb-caption-title-font-weight:var(--h2_typography-font-weight);--awb-caption-title-font-style:var(--h2_typography-font-style);--awb-caption-title-size:var(--h2_typography-font-size);--awb-caption-title-transform:var(--h2_typography-text-transform);--awb-caption-title-line-height:var(--h2_typography-line-height);--awb-caption-title-letter-spacing:var(--h2_typography-letter-spacing);\"><span class=\" fusion-imageframe imageframe-none imageframe-6 hover-type-none\"><img decoding=\"async\" width=\"600\" height=\"400\" title=\"perfiles_0005_Pefil Doble Tela\" src=\"https:\/\/www.techostensados.com\/wp-content\/uploads\/2019\/12\/perfiles_0005_Pefil-Doble-Tela.jpg\" alt class=\"img-responsive wp-image-1326\" srcset=\"https:\/\/www.techostensados.com\/wp-content\/uploads\/2019\/12\/perfiles_0005_Pefil-Doble-Tela-200x133.jpg 200w, https:\/\/www.techostensados.com\/wp-content\/uploads\/2019\/12\/perfiles_0005_Pefil-Doble-Tela-400x267.jpg 400w, https:\/\/www.techostensados.com\/wp-content\/uploads\/2019\/12\/perfiles_0005_Pefil-Doble-Tela.jpg 600w\" sizes=\"(max-width: 1024px) 100vw, 400px\" \/><\/span><\/div><div class=\"fusion-title title fusion-title-7 fusion-sep-none fusion-title-text fusion-title-size-three\" style=\"--awb-margin-top:20px;--awb-margin-bottom:20px;\"><h3 class=\"fusion-title-heading title-heading-left fusion-responsive-typography-calculated\" style=\"margin:0;--fontSize:20;--minFontSize:20;line-height:1.3;\">Doble Tela<\/h3><\/div><div class=\"fusion-text fusion-text-7\"><p>El perfil de llum d&#8217;alumini invisible s&#8217;utilitza per instal\u00b7lar sostres tensats transparents a la paret. Utilitzat tamb\u00e9 per crear una impressi\u00f3 de sostres tensats lleugers perforats impresos. El sostre es beneficia de les l\u00ednies extremadament pures, sense pistes visibles. El disseny del perfil permet la instal\u00b7laci\u00f3 de diferents materials en 3 capes diferents. El pes del perfil de 1m \u00e9s de 1,04kg.<\/p>\n<\/div><div class=\"fusion-clearfix\"><\/div><\/div><\/div><\/div><\/div><div class=\"fusion-fullwidth fullwidth-box fusion-builder-row-4 fusion-parallax-none nonhundred-percent-fullwidth non-hundred-percent-height-scrolling\" style=\"--awb-border-radius-top-left:0px;--awb-border-radius-top-right:0px;--awb-border-radius-bottom-right:0px;--awb-border-radius-bottom-left:0px;--awb-padding-top:3%;--awb-padding-bottom:3%;--awb-background-color:#0a0a0d;--awb-background-image:url(&quot;https:\/\/www.techostensados.com\/wp-content\/uploads\/2019\/12\/bg-home-proyectos-1-scaled.jpg&quot;);--awb-background-size:cover;--awb-flex-wrap:wrap;\" ><div class=\"fusion-builder-row fusion-row\"><div class=\"fusion-layout-column fusion_builder_column fusion-builder-column-8 fusion_builder_column_1_1 1_1 fusion-one-full fusion-column-first fusion-column-last fusion-column-no-min-height fusion-animated\" style=\"--awb-padding-top:40px;--awb-padding-right:15%;--awb-padding-bottom:60px;--awb-padding-left:15%;--awb-bg-size:cover;--awb-margin-bottom:0px;\" data-animationType=\"fadeInDown\" data-animationDuration=\"1.0\" data-animationOffset=\"top-into-view\"><div class=\"fusion-column-wrapper fusion-column-has-shadow fusion-flex-column-wrapper-legacy\"><div class=\"fusion-title title fusion-title-8 fusion-sep-none fusion-title-center fusion-title-text fusion-title-size-two\" style=\"--awb-text-color:#f63c81;--awb-margin-bottom:0px;--awb-margin-bottom-small:0px;--awb-font-size:20px;\"><h2 class=\"fusion-title-heading title-heading-center fusion-responsive-typography-calculated\" style=\"margin:0;font-size:1em;--fontSize:20;--minFontSize:20;line-height:1.5;\"><p><strong>PROYECTOS RECIENTES<br \/>\n<\/strong><\/p><\/h2><\/div><div class=\"fusion-title title fusion-title-9 fusion-sep-none fusion-title-center fusion-title-text fusion-title-size-three\" style=\"--awb-text-color:#ffffff;--awb-margin-bottom:20px;--awb-margin-bottom-small:20px;--awb-font-size:40px;\"><h3 class=\"fusion-title-heading title-heading-center fusion-responsive-typography-calculated\" style=\"margin:0;font-size:1em;--fontSize:40;line-height:1.3;\">compartimos algunos de los \u00faltimos techos tensados instalados<\/h3><\/div><div class=\"fusion-clearfix\"><\/div><\/div><\/div><div class=\"fusion-layout-column fusion_builder_column fusion-builder-column-9 fusion_builder_column_1_1 1_1 fusion-one-full fusion-column-first fusion-column-last fusion-animated\" style=\"--awb-bg-size:cover;\" data-animationType=\"fadeInUp\" data-animationDuration=\"1.0\" data-animationOffset=\"top-into-view\"><div class=\"fusion-column-wrapper fusion-column-has-shadow fusion-flex-column-wrapper-legacy\"><div class=\"awb-gallery-wrapper awb-gallery-wrapper-1 button-span-no\"><div style=\"margin:-10px;--awb-bordersize:0px;\" class=\"fusion-gallery fusion-gallery-container fusion-grid-3 fusion-columns-total-6 fusion-gallery-layout-grid fusion-gallery-1\"><div style=\"padding:10px;\" class=\"fusion-grid-column fusion-gallery-column fusion-gallery-column-3 hover-type-zoomin\"><div class=\"fusion-gallery-image\"><a href=\"https:\/\/www.techostensados.com\/wp-content\/uploads\/2020\/01\/galeria-home_0000_IMG_7378.jpg\" rel=\"noreferrer\" data-rel=\"iLightbox[gallery_image_1]\" class=\"fusion-lightbox\" target=\"_self\"><img decoding=\"async\" src=\"https:\/\/www.techostensados.com\/wp-content\/uploads\/2020\/01\/galeria-home_0000_IMG_7378.jpg\" width=\"1200\" height=\"900\" alt=\"\" title=\"galeria-home_0000_IMG_7378\" aria-label=\"galeria-home_0000_IMG_7378\" class=\"img-responsive wp-image-627\" srcset=\"https:\/\/www.techostensados.com\/wp-content\/uploads\/2020\/01\/galeria-home_0000_IMG_7378-200x150.jpg 200w, https:\/\/www.techostensados.com\/wp-content\/uploads\/2020\/01\/galeria-home_0000_IMG_7378-400x300.jpg 400w, https:\/\/www.techostensados.com\/wp-content\/uploads\/2020\/01\/galeria-home_0000_IMG_7378-600x450.jpg 600w, https:\/\/www.techostensados.com\/wp-content\/uploads\/2020\/01\/galeria-home_0000_IMG_7378-800x600.jpg 800w, https:\/\/www.techostensados.com\/wp-content\/uploads\/2020\/01\/galeria-home_0000_IMG_7378.jpg 1200w\" sizes=\"(min-width: 2200px) 100vw, (min-width: 824px) 373px, (min-width: 732px) 560px, (min-width: 640px) 732px, \" \/><\/a><\/div><\/div><div style=\"padding:10px;\" class=\"fusion-grid-column fusion-gallery-column fusion-gallery-column-3 hover-type-zoomin\"><div class=\"fusion-gallery-image\"><a href=\"https:\/\/www.techostensados.com\/wp-content\/uploads\/2020\/01\/galeria-home_0001_BU-031-E-5.jpg\" rel=\"noreferrer\" data-rel=\"iLightbox[gallery_image_1]\" class=\"fusion-lightbox\" target=\"_self\"><img decoding=\"async\" src=\"https:\/\/www.techostensados.com\/wp-content\/uploads\/2020\/01\/galeria-home_0001_BU-031-E-5.jpg\" width=\"1200\" height=\"900\" alt=\"\" title=\"galeria-home_0001_BU-031 E (5)\" aria-label=\"galeria-home_0001_BU-031 E (5)\" class=\"img-responsive wp-image-628\" srcset=\"https:\/\/www.techostensados.com\/wp-content\/uploads\/2020\/01\/galeria-home_0001_BU-031-E-5-200x150.jpg 200w, https:\/\/www.techostensados.com\/wp-content\/uploads\/2020\/01\/galeria-home_0001_BU-031-E-5-400x300.jpg 400w, https:\/\/www.techostensados.com\/wp-content\/uploads\/2020\/01\/galeria-home_0001_BU-031-E-5-600x450.jpg 600w, https:\/\/www.techostensados.com\/wp-content\/uploads\/2020\/01\/galeria-home_0001_BU-031-E-5-800x600.jpg 800w, https:\/\/www.techostensados.com\/wp-content\/uploads\/2020\/01\/galeria-home_0001_BU-031-E-5.jpg 1200w\" sizes=\"(min-width: 2200px) 100vw, (min-width: 824px) 373px, (min-width: 732px) 560px, (min-width: 640px) 732px, \" \/><\/a><\/div><\/div><div style=\"padding:10px;\" class=\"fusion-grid-column fusion-gallery-column fusion-gallery-column-3 hover-type-zoomin\"><div class=\"fusion-gallery-image\"><a href=\"https:\/\/www.techostensados.com\/wp-content\/uploads\/2020\/01\/galeria-home_0002_IMG_5069.jpg\" rel=\"noreferrer\" data-rel=\"iLightbox[gallery_image_1]\" class=\"fusion-lightbox\" target=\"_self\"><img decoding=\"async\" src=\"https:\/\/www.techostensados.com\/wp-content\/uploads\/2020\/01\/galeria-home_0002_IMG_5069.jpg\" width=\"1200\" height=\"900\" alt=\"\" title=\"galeria-home_0002_IMG_5069\" aria-label=\"galeria-home_0002_IMG_5069\" class=\"img-responsive wp-image-629\" srcset=\"https:\/\/www.techostensados.com\/wp-content\/uploads\/2020\/01\/galeria-home_0002_IMG_5069-200x150.jpg 200w, https:\/\/www.techostensados.com\/wp-content\/uploads\/2020\/01\/galeria-home_0002_IMG_5069-400x300.jpg 400w, https:\/\/www.techostensados.com\/wp-content\/uploads\/2020\/01\/galeria-home_0002_IMG_5069-600x450.jpg 600w, https:\/\/www.techostensados.com\/wp-content\/uploads\/2020\/01\/galeria-home_0002_IMG_5069-800x600.jpg 800w, https:\/\/www.techostensados.com\/wp-content\/uploads\/2020\/01\/galeria-home_0002_IMG_5069.jpg 1200w\" sizes=\"(min-width: 2200px) 100vw, (min-width: 824px) 373px, (min-width: 732px) 560px, (min-width: 640px) 732px, \" \/><\/a><\/div><\/div><div class=\"clearfix\"><\/div><div style=\"padding:10px;\" class=\"fusion-grid-column fusion-gallery-column fusion-gallery-column-3 hover-type-zoomin\"><div class=\"fusion-gallery-image\"><a href=\"https:\/\/www.techostensados.com\/wp-content\/uploads\/2020\/01\/galeria-home_0003_IMG_2017.jpg\" rel=\"noreferrer\" data-rel=\"iLightbox[gallery_image_1]\" class=\"fusion-lightbox\" target=\"_self\"><img decoding=\"async\" src=\"https:\/\/www.techostensados.com\/wp-content\/uploads\/2020\/01\/galeria-home_0003_IMG_2017.jpg\" width=\"1200\" height=\"900\" alt=\"\" title=\"galeria-home_0003_IMG_2017\" aria-label=\"galeria-home_0003_IMG_2017\" class=\"img-responsive wp-image-630\" srcset=\"https:\/\/www.techostensados.com\/wp-content\/uploads\/2020\/01\/galeria-home_0003_IMG_2017-200x150.jpg 200w, https:\/\/www.techostensados.com\/wp-content\/uploads\/2020\/01\/galeria-home_0003_IMG_2017-400x300.jpg 400w, https:\/\/www.techostensados.com\/wp-content\/uploads\/2020\/01\/galeria-home_0003_IMG_2017-600x450.jpg 600w, https:\/\/www.techostensados.com\/wp-content\/uploads\/2020\/01\/galeria-home_0003_IMG_2017-800x600.jpg 800w, https:\/\/www.techostensados.com\/wp-content\/uploads\/2020\/01\/galeria-home_0003_IMG_2017.jpg 1200w\" sizes=\"(min-width: 2200px) 100vw, (min-width: 824px) 373px, (min-width: 732px) 560px, (min-width: 640px) 732px, \" \/><\/a><\/div><\/div><div style=\"padding:10px;\" class=\"fusion-grid-column fusion-gallery-column fusion-gallery-column-3 hover-type-zoomin\"><div class=\"fusion-gallery-image\"><a href=\"https:\/\/www.techostensados.com\/wp-content\/uploads\/2020\/01\/galeria-home_0004_IMG_7878.jpg\" rel=\"noreferrer\" data-rel=\"iLightbox[gallery_image_1]\" class=\"fusion-lightbox\" target=\"_self\"><img decoding=\"async\" src=\"https:\/\/www.techostensados.com\/wp-content\/uploads\/2020\/01\/galeria-home_0004_IMG_7878.jpg\" width=\"1200\" height=\"900\" alt=\"\" title=\"galeria-home_0004_IMG_7878\" aria-label=\"galeria-home_0004_IMG_7878\" class=\"img-responsive wp-image-631\" srcset=\"https:\/\/www.techostensados.com\/wp-content\/uploads\/2020\/01\/galeria-home_0004_IMG_7878-200x150.jpg 200w, https:\/\/www.techostensados.com\/wp-content\/uploads\/2020\/01\/galeria-home_0004_IMG_7878-400x300.jpg 400w, https:\/\/www.techostensados.com\/wp-content\/uploads\/2020\/01\/galeria-home_0004_IMG_7878-600x450.jpg 600w, https:\/\/www.techostensados.com\/wp-content\/uploads\/2020\/01\/galeria-home_0004_IMG_7878-800x600.jpg 800w, https:\/\/www.techostensados.com\/wp-content\/uploads\/2020\/01\/galeria-home_0004_IMG_7878.jpg 1200w\" sizes=\"(min-width: 2200px) 100vw, (min-width: 824px) 373px, (min-width: 732px) 560px, (min-width: 640px) 732px, \" \/><\/a><\/div><\/div><div style=\"padding:10px;\" class=\"fusion-grid-column fusion-gallery-column fusion-gallery-column-3 hover-type-zoomin\"><div class=\"fusion-gallery-image\"><a href=\"https:\/\/www.techostensados.com\/wp-content\/uploads\/2020\/01\/galeria-home_0005_IMG_3957.jpg\" rel=\"noreferrer\" data-rel=\"iLightbox[gallery_image_1]\" class=\"fusion-lightbox\" target=\"_self\"><img decoding=\"async\" src=\"https:\/\/www.techostensados.com\/wp-content\/uploads\/2020\/01\/galeria-home_0005_IMG_3957.jpg\" width=\"1200\" height=\"900\" alt=\"\" title=\"galeria-home_0005_IMG_3957\" aria-label=\"galeria-home_0005_IMG_3957\" class=\"img-responsive wp-image-632\" srcset=\"https:\/\/www.techostensados.com\/wp-content\/uploads\/2020\/01\/galeria-home_0005_IMG_3957-200x150.jpg 200w, https:\/\/www.techostensados.com\/wp-content\/uploads\/2020\/01\/galeria-home_0005_IMG_3957-400x300.jpg 400w, https:\/\/www.techostensados.com\/wp-content\/uploads\/2020\/01\/galeria-home_0005_IMG_3957-600x450.jpg 600w, https:\/\/www.techostensados.com\/wp-content\/uploads\/2020\/01\/galeria-home_0005_IMG_3957-800x600.jpg 800w, https:\/\/www.techostensados.com\/wp-content\/uploads\/2020\/01\/galeria-home_0005_IMG_3957.jpg 1200w\" sizes=\"(min-width: 2200px) 100vw, (min-width: 824px) 373px, (min-width: 732px) 560px, (min-width: 640px) 732px, \" \/><\/a><\/div><\/div><div class=\"clearfix\"><\/div><\/div><\/div><div class=\"fusion-clearfix\"><\/div><\/div><\/div><\/div><\/div>\n<div class=\"fusion-fullwidth fullwidth-box fusion-builder-row-5 fusion-parallax-none nonhundred-percent-fullwidth non-hundred-percent-height-scrolling fusion-equal-height-columns\" style=\"--awb-border-sizes-top:0px;--awb-border-sizes-bottom:0px;--awb-border-sizes-left:0px;--awb-border-sizes-right:0px;--awb-border-color:#46b1fd;--awb-border-radius-top-left:0px;--awb-border-radius-top-right:0px;--awb-border-radius-bottom-right:0px;--awb-border-radius-bottom-left:0px;--awb-padding-top:6%;--awb-padding-bottom:6%;--awb-background-image:url(&quot;https:\/\/www.techostensados.com\/wp-content\/uploads\/2019\/12\/bg-presupuesto-scaled.jpg&quot;);--awb-background-size:cover;--awb-flex-wrap:wrap;\" ><div class=\"fusion-builder-row fusion-row\"><div class=\"fusion-layout-column fusion_builder_column fusion-builder-column-10 fusion_builder_column_2_3 2_3 fusion-two-third fusion-column-first fusion-column-no-min-height fusion-no-small-visibility fusion-no-medium-visibility\" style=\"--awb-padding-left:15%;--awb-bg-size:cover;--awb-margin-bottom:0px;width:66.666666666667%;width:calc(66.666666666667% - ( ( 4% ) * 0.66666666666667 ) );margin-right: 4%;\"><div class=\"fusion-column-wrapper fusion-column-has-shadow fusion-flex-column-wrapper-legacy\"><div class=\"fusion-column-content-centered\"><div class=\"fusion-column-content\"><div class=\"fusion-title title fusion-title-10 fusion-sep-none fusion-title-text fusion-title-size-two\" style=\"--awb-text-color:#46b1fd;--awb-margin-bottom:0px;--awb-margin-bottom-small:0px;--awb-font-size:20px;\"><h2 class=\"fusion-title-heading title-heading-left fusion-responsive-typography-calculated\" style=\"margin:0;font-size:1em;--fontSize:20;--minFontSize:20;line-height:1.5;\"><p><strong>T&#8217;AGRADA LA NOSTRA FEINA?<br \/>\n<\/strong><\/p><\/h2><\/div><div class=\"fusion-title title fusion-title-11 fusion-sep-none fusion-title-text fusion-title-size-three\" style=\"--awb-text-color:#ffffff;--awb-margin-bottom:0px;--awb-margin-bottom-small:0px;--awb-font-size:55px;\"><h3 class=\"fusion-title-heading title-heading-left fusion-responsive-typography-calculated\" style=\"margin:0;font-size:1em;--fontSize:55;line-height:1.3;\">sol\u00b7licita pressupost<\/h3><\/div><\/div><\/div><div class=\"fusion-clearfix\"><\/div><\/div><\/div><div class=\"fusion-layout-column fusion_builder_column fusion-builder-column-11 fusion_builder_column_1_3 1_3 fusion-one-third fusion-column-last fusion-column-no-min-height fusion-no-small-visibility fusion-no-medium-visibility\" style=\"--awb-padding-top:5%;--awb-padding-right:15%;--awb-bg-size:cover;--awb-margin-bottom:0px;width:33.333333333333%;width:calc(33.333333333333% - ( ( 4% ) * 0.33333333333333 ) );\"><div class=\"fusion-column-wrapper fusion-column-has-shadow fusion-flex-column-wrapper-legacy\"><div class=\"fusion-column-content-centered\"><div class=\"fusion-column-content\"><div class=\"fusion-alignright\"><a class=\"fusion-button button-flat button-xlarge button-default fusion-button-default button-1 fusion-button-default-span fusion-button-default-type\" target=\"_self\" href=\"https:\/\/www.techostensados.com\/ca\/contactar\/\"><span class=\"fusion-button-text awb-button__text awb-button__text--default\">Contacta&#8217;ns<\/span><\/a><\/div><\/div><\/div><div class=\"fusion-clearfix\"><\/div><\/div><\/div><div class=\"fusion-layout-column fusion_builder_column fusion-builder-column-12 fusion_builder_column_1_1 1_1 fusion-one-full fusion-column-first fusion-column-last fusion-no-large-visibility\" style=\"--awb-padding-top:40px;--awb-padding-bottom:40px;--awb-bg-size:cover;--awb-margin-bottom:0px;\"><div class=\"fusion-column-wrapper fusion-column-has-shadow fusion-flex-column-wrapper-legacy\"><div class=\"fusion-column-content-centered\"><div class=\"fusion-column-content\"><div class=\"fusion-title title fusion-title-12 fusion-sep-none fusion-title-center fusion-title-text fusion-title-size-two\" style=\"--awb-text-color:#46b1fd;--awb-margin-bottom:0px;--awb-margin-bottom-small:0px;--awb-font-size:20px;\"><h2 class=\"fusion-title-heading title-heading-center fusion-responsive-typography-calculated\" style=\"margin:0;font-size:1em;--fontSize:20;--minFontSize:20;line-height:1.5;\"><p><strong>T&#8217;AGRADA LA NOSTRA FEINA?<br \/>\n<\/strong><\/p><\/h2><\/div><div class=\"fusion-title title fusion-title-13 fusion-sep-none fusion-title-center fusion-title-text fusion-title-size-three\" style=\"--awb-text-color:#ffffff;--awb-margin-bottom:20px;--awb-margin-bottom-small:20px;--awb-font-size:55px;\"><h3 class=\"fusion-title-heading title-heading-center fusion-responsive-typography-calculated\" style=\"margin:0;font-size:1em;--fontSize:55;line-height:1.3;\">sol\u00b7licita pressupost<\/h3><\/div><div class=\"fusion-aligncenter\"><a class=\"fusion-button button-flat button-xlarge button-default fusion-button-default button-2 fusion-button-default-span fusion-button-default-type\" target=\"_self\" href=\"https:\/\/www.techostensados.com\/ca\/contactar\/\"><span class=\"fusion-button-text awb-button__text awb-button__text--default\">Contacta&#8217;ns<\/span><\/a><\/div><\/div><\/div><div class=\"fusion-clearfix\"><\/div><\/div><\/div><\/div><\/div>\n<\/p>\n","protected":false},"excerpt":{"rendered":"","protected":false},"author":1,"featured_media":0,"parent":0,"menu_order":0,"comment_status":"closed","ping_status":"closed","template":"100-width.php","meta":{"footnotes":""},"class_list":["post-1797","page","type-page","status-publish","hentry"],"yoast_head":"<!-- This site is optimized with the Yoast SEO plugin v27.0 - https:\/\/yoast.com\/product\/yoast-seo-wordpress\/ -->\n<title>Perfileria . Solucions pr\u00e0ctiques i est\u00e8tiques &#8212; Techos Tensados<\/title>\n<meta name=\"description\" content=\"A Techos Tensados SLU oferim solucions decoratives. Disposem dels dos \u00fanics tipus de materials per a l&#039;ancoratge de la tela: ALUMINI &amp; PVC.\" \/>\n<meta name=\"robots\" content=\"index, follow, max-snippet:-1, max-image-preview:large, max-video-preview:-1\" \/>\n<link rel=\"canonical\" href=\"https:\/\/www.techostensados.com\/ca\/perfileria\/\" \/>\n<meta property=\"og:locale\" content=\"ca_ES\" \/>\n<meta property=\"og:type\" content=\"article\" \/>\n<meta property=\"og:title\" content=\"Perfileria . Solucions pr\u00e0ctiques i est\u00e8tiques &#8212; Techos Tensados\" \/>\n<meta property=\"og:description\" content=\"A Techos Tensados SLU oferim solucions decoratives. Disposem dels dos \u00fanics tipus de materials per a l&#039;ancoratge de la tela: ALUMINI &amp; PVC.\" \/>\n<meta property=\"og:url\" content=\"https:\/\/www.techostensados.com\/ca\/perfileria\/\" \/>\n<meta property=\"og:site_name\" content=\"Techos Tensados\" \/>\n<meta property=\"article:modified_time\" content=\"2020-02-12T09:34:57+00:00\" \/>\n<meta name=\"twitter:card\" content=\"summary_large_image\" \/>\n<meta name=\"twitter:label1\" content=\"Temps estimat de lectura\" \/>\n\t<meta name=\"twitter:data1\" content=\"17 minuts\" \/>\n<script type=\"application\/ld+json\" class=\"yoast-schema-graph\">{\"@context\":\"https:\/\/schema.org\",\"@graph\":[{\"@type\":\"WebPage\",\"@id\":\"https:\/\/www.techostensados.com\/ca\/perfileria\/\",\"url\":\"https:\/\/www.techostensados.com\/ca\/perfileria\/\",\"name\":\"Perfileria . Solucions pr\u00e0ctiques i est\u00e8tiques &#8212; Techos Tensados\",\"isPartOf\":{\"@id\":\"https:\/\/www.techostensados.com\/ca\/#website\"},\"datePublished\":\"2019-12-19T18:24:26+00:00\",\"dateModified\":\"2020-02-12T09:34:57+00:00\",\"description\":\"A Techos Tensados SLU oferim solucions decoratives. Disposem dels dos \u00fanics tipus de materials per a l'ancoratge de la tela: ALUMINI & PVC.\",\"breadcrumb\":{\"@id\":\"https:\/\/www.techostensados.com\/ca\/perfileria\/#breadcrumb\"},\"inLanguage\":\"ca\",\"potentialAction\":[{\"@type\":\"ReadAction\",\"target\":[\"https:\/\/www.techostensados.com\/ca\/perfileria\/\"]}]},{\"@type\":\"BreadcrumbList\",\"@id\":\"https:\/\/www.techostensados.com\/ca\/perfileria\/#breadcrumb\",\"itemListElement\":[{\"@type\":\"ListItem\",\"position\":1,\"name\":\"Portada\",\"item\":\"https:\/\/www.techostensados.com\/ca\/\"},{\"@type\":\"ListItem\",\"position\":2,\"name\":\"Perfileria\"}]},{\"@type\":\"WebSite\",\"@id\":\"https:\/\/www.techostensados.com\/ca\/#website\",\"url\":\"https:\/\/www.techostensados.com\/ca\/\",\"name\":\"Techos Tensados\",\"description\":\"Fabricaci\u00f3n e instalaci\u00f3n de techos tensados y telas murales para profesionales y particulares\",\"publisher\":{\"@id\":\"https:\/\/www.techostensados.com\/ca\/#organization\"},\"potentialAction\":[{\"@type\":\"SearchAction\",\"target\":{\"@type\":\"EntryPoint\",\"urlTemplate\":\"https:\/\/www.techostensados.com\/ca\/?s={search_term_string}\"},\"query-input\":{\"@type\":\"PropertyValueSpecification\",\"valueRequired\":true,\"valueName\":\"search_term_string\"}}],\"inLanguage\":\"ca\"},{\"@type\":\"Organization\",\"@id\":\"https:\/\/www.techostensados.com\/ca\/#organization\",\"name\":\"Techos Tensados SLU\",\"url\":\"https:\/\/www.techostensados.com\/ca\/\",\"logo\":{\"@type\":\"ImageObject\",\"inLanguage\":\"ca\",\"@id\":\"https:\/\/www.techostensados.com\/ca\/#\/schema\/logo\/image\/\",\"url\":\"https:\/\/www.techostensados.com\/wp-content\/uploads\/2020\/02\/logo-techostensados-normal.png\",\"contentUrl\":\"https:\/\/www.techostensados.com\/wp-content\/uploads\/2020\/02\/logo-techostensados-normal.png\",\"width\":1146,\"height\":213,\"caption\":\"Techos Tensados SLU\"},\"image\":{\"@id\":\"https:\/\/www.techostensados.com\/ca\/#\/schema\/logo\/image\/\"}}]}<\/script>\n<!-- \/ Yoast SEO plugin. -->","yoast_head_json":{"title":"Perfileria . Solucions pr\u00e0ctiques i est\u00e8tiques &#8212; Techos Tensados","description":"A Techos Tensados SLU oferim solucions decoratives. Disposem dels dos \u00fanics tipus de materials per a l'ancoratge de la tela: ALUMINI & PVC.","robots":{"index":"index","follow":"follow","max-snippet":"max-snippet:-1","max-image-preview":"max-image-preview:large","max-video-preview":"max-video-preview:-1"},"canonical":"https:\/\/www.techostensados.com\/ca\/perfileria\/","og_locale":"ca_ES","og_type":"article","og_title":"Perfileria . Solucions pr\u00e0ctiques i est\u00e8tiques &#8212; Techos Tensados","og_description":"A Techos Tensados SLU oferim solucions decoratives. Disposem dels dos \u00fanics tipus de materials per a l'ancoratge de la tela: ALUMINI & PVC.","og_url":"https:\/\/www.techostensados.com\/ca\/perfileria\/","og_site_name":"Techos Tensados","article_modified_time":"2020-02-12T09:34:57+00:00","twitter_card":"summary_large_image","twitter_misc":{"Temps estimat de lectura":"17 minuts"},"schema":{"@context":"https:\/\/schema.org","@graph":[{"@type":"WebPage","@id":"https:\/\/www.techostensados.com\/ca\/perfileria\/","url":"https:\/\/www.techostensados.com\/ca\/perfileria\/","name":"Perfileria . Solucions pr\u00e0ctiques i est\u00e8tiques &#8212; Techos Tensados","isPartOf":{"@id":"https:\/\/www.techostensados.com\/ca\/#website"},"datePublished":"2019-12-19T18:24:26+00:00","dateModified":"2020-02-12T09:34:57+00:00","description":"A Techos Tensados SLU oferim solucions decoratives. Disposem dels dos \u00fanics tipus de materials per a l'ancoratge de la tela: ALUMINI & PVC.","breadcrumb":{"@id":"https:\/\/www.techostensados.com\/ca\/perfileria\/#breadcrumb"},"inLanguage":"ca","potentialAction":[{"@type":"ReadAction","target":["https:\/\/www.techostensados.com\/ca\/perfileria\/"]}]},{"@type":"BreadcrumbList","@id":"https:\/\/www.techostensados.com\/ca\/perfileria\/#breadcrumb","itemListElement":[{"@type":"ListItem","position":1,"name":"Portada","item":"https:\/\/www.techostensados.com\/ca\/"},{"@type":"ListItem","position":2,"name":"Perfileria"}]},{"@type":"WebSite","@id":"https:\/\/www.techostensados.com\/ca\/#website","url":"https:\/\/www.techostensados.com\/ca\/","name":"Techos Tensados","description":"Fabricaci\u00f3n e instalaci\u00f3n de techos tensados y telas murales para profesionales y particulares","publisher":{"@id":"https:\/\/www.techostensados.com\/ca\/#organization"},"potentialAction":[{"@type":"SearchAction","target":{"@type":"EntryPoint","urlTemplate":"https:\/\/www.techostensados.com\/ca\/?s={search_term_string}"},"query-input":{"@type":"PropertyValueSpecification","valueRequired":true,"valueName":"search_term_string"}}],"inLanguage":"ca"},{"@type":"Organization","@id":"https:\/\/www.techostensados.com\/ca\/#organization","name":"Techos Tensados SLU","url":"https:\/\/www.techostensados.com\/ca\/","logo":{"@type":"ImageObject","inLanguage":"ca","@id":"https:\/\/www.techostensados.com\/ca\/#\/schema\/logo\/image\/","url":"https:\/\/www.techostensados.com\/wp-content\/uploads\/2020\/02\/logo-techostensados-normal.png","contentUrl":"https:\/\/www.techostensados.com\/wp-content\/uploads\/2020\/02\/logo-techostensados-normal.png","width":1146,"height":213,"caption":"Techos Tensados SLU"},"image":{"@id":"https:\/\/www.techostensados.com\/ca\/#\/schema\/logo\/image\/"}}]}},"_links":{"self":[{"href":"https:\/\/www.techostensados.com\/ca\/wp-json\/wp\/v2\/pages\/1797","targetHints":{"allow":["GET"]}}],"collection":[{"href":"https:\/\/www.techostensados.com\/ca\/wp-json\/wp\/v2\/pages"}],"about":[{"href":"https:\/\/www.techostensados.com\/ca\/wp-json\/wp\/v2\/types\/page"}],"author":[{"embeddable":true,"href":"https:\/\/www.techostensados.com\/ca\/wp-json\/wp\/v2\/users\/1"}],"replies":[{"embeddable":true,"href":"https:\/\/www.techostensados.com\/ca\/wp-json\/wp\/v2\/comments?post=1797"}],"version-history":[{"count":0,"href":"https:\/\/www.techostensados.com\/ca\/wp-json\/wp\/v2\/pages\/1797\/revisions"}],"wp:attachment":[{"href":"https:\/\/www.techostensados.com\/ca\/wp-json\/wp\/v2\/media?parent=1797"}],"curies":[{"name":"wp","href":"https:\/\/api.w.org\/{rel}","templated":true}]}}