{"id":1768,"date":"2019-12-18T19:31:00","date_gmt":"2019-12-18T18:31:00","guid":{"rendered":"https:\/\/www.techostensados.com\/galeria\/"},"modified":"2021-04-12T15:56:42","modified_gmt":"2021-04-12T13:56:42","slug":"galeria","status":"publish","type":"page","link":"https:\/\/www.techostensados.com\/ca\/galeria\/","title":{"rendered":"Galeria"},"content":{"rendered":"<p><div class=\"fusion-fullwidth fullwidth-box fusion-builder-row-1 fusion-parallax-none nonhundred-percent-fullwidth non-hundred-percent-height-scrolling\" style=\"--awb-background-position:center bottom;--awb-border-radius-top-left:0px;--awb-border-radius-top-right:0px;--awb-border-radius-bottom-right:0px;--awb-border-radius-bottom-left:0px;--awb-padding-top:15%;--awb-padding-bottom:9%;--awb-background-color:#07070a;--awb-background-image:url(&quot;https:\/\/www.techostensados.com\/wp-content\/uploads\/2020\/01\/header-techostensados-fullheight-gallery.jpg&quot;);--awb-background-size:cover;--awb-flex-wrap:wrap;\" ><div class=\"fusion-builder-row fusion-row\"><div class=\"fusion-layout-column fusion_builder_column fusion-builder-column-0 fusion_builder_column_1_1 1_1 fusion-one-full fusion-column-first fusion-column-last fusion-animated\" style=\"--awb-bg-size:cover;--awb-margin-bottom:0px;\" data-animationType=\"fadeInDown\" data-animationDuration=\"1.0\" data-animationOffset=\"top-into-view\"><div class=\"fusion-column-wrapper fusion-column-has-shadow fusion-flex-column-wrapper-legacy\"><div class=\"fusion-title title fusion-title-1 fusion-sep-none fusion-title-center fusion-title-text fusion-title-size-one\" style=\"--awb-margin-bottom:0px;--awb-margin-bottom-small:0px;\"><h1 class=\"fusion-title-heading title-heading-center fusion-responsive-typography-calculated\" style=\"margin:0;--fontSize:95;line-height:1.4;\">GALERIA<\/h1><\/div><div class=\"fusion-title title fusion-title-2 fusion-sep-none fusion-title-center fusion-title-text fusion-title-size-two\" style=\"--awb-text-color:#46b1fd;--awb-font-size:20px;\"><h2 class=\"fusion-title-heading title-heading-center fusion-responsive-typography-calculated\" style=\"margin:0;font-size:1em;--fontSize:20;--minFontSize:20;line-height:1.5;\"><p><strong>INSTAL\u00b7LACIONS DESTACADES<br \/>\n<\/strong><\/p><\/h2><\/div><div class=\"fusion-clearfix\"><\/div><\/div><\/div><\/div><\/div><div class=\"fusion-fullwidth fullwidth-box fusion-builder-row-2 hundred-percent-fullwidth non-hundred-percent-height-scrolling\" style=\"--awb-border-radius-top-left:0px;--awb-border-radius-top-right:0px;--awb-border-radius-bottom-right:0px;--awb-border-radius-bottom-left:0px;--awb-padding-right:0px;--awb-padding-left:0px;--awb-flex-wrap:wrap;\" ><div class=\"fusion-builder-row fusion-row\"><div class=\"fusion-layout-column fusion_builder_column fusion-builder-column-1 fusion_builder_column_1_1 1_1 fusion-one-full fusion-column-first fusion-column-last\" style=\"--awb-padding-top:60px;--awb-padding-right:60px;--awb-padding-bottom:60px;--awb-padding-left:60px;--awb-bg-size:cover;--awb-border-color:#f63c81;--awb-border-top:5px;--awb-border-style:solid;--awb-margin-bottom:0px;\"><div class=\"fusion-column-wrapper fusion-column-has-shadow fusion-flex-column-wrapper-legacy\"><div class=\"fusion-title title fusion-title-3 fusion-sep-none fusion-title-text fusion-title-size-two\" style=\"--awb-margin-bottom:10px;--awb-margin-bottom-small:10px;\"><h2 class=\"fusion-title-heading title-heading-left fusion-responsive-typography-calculated\" style=\"margin:0;letter-spacing:0px;--fontSize:55;line-height:1.5;\">galeria de sostres tensats<\/h2><\/div><div class=\"fusion-title title fusion-title-4 fusion-sep-none fusion-title-text fusion-title-size-five\" style=\"--awb-text-color:#ffffff;--awb-margin-top:30px;--awb-margin-bottom:10px;--awb-margin-top-small:30px;--awb-margin-bottom-small:10px;--awb-font-size:20px;\"><h5 class=\"fusion-title-heading title-heading-left fusion-responsive-typography-calculated\" style=\"margin:0;font-size:1em;--fontSize:20;--minFontSize:20;line-height:1.5;\"><p><strong>ELS NOSTRES MILLORS TREBALLS<br \/>\n<\/strong><\/p><\/h5><\/div><div class=\"fusion-text fusion-text-1\"><p>A <strong>Techos Tensados SLU<\/strong> ens motiva el fet que cada projecte \u00e9s diferent, en diferents apartats i llocs diversos, per\u00f2 sempre partint de la mateixa base i amb els nostres 37 anys d&#8217;experi\u00e8ncia i tenint en l&#8217;equip la primera persona professional representant que va donar a con\u00e8ixer i que va portar aquest producte a ESPANYA do JORDI COMAS VERDAGUER, orgullosos, l&#8217;experi\u00e8ncia i els nostres clients ens avalen.<\/p>\n<\/div><div class=\"fusion-sep-clear\"><\/div><div class=\"fusion-separator fusion-full-width-sep\" style=\"margin-left: auto;margin-right: auto;margin-top:50px;width:100%;\"><\/div><div class=\"fusion-sep-clear\"><\/div><div class=\"awb-gallery-wrapper awb-gallery-wrapper-1 button-span-no\"><div style=\"margin:-10px;--awb-bordersize:0px;\" class=\"fusion-gallery fusion-gallery-container fusion-grid-6 fusion-columns-total-33 fusion-gallery-layout-masonry fusion-gallery-1\"><div class=\"fusion-grid-column fusion-gallery-column fusion-gallery-column-6 hover-type-zoomin fusion-grid-sizer\"><\/div><div style=\"padding:10px;\" class=\"fusion-grid-column fusion-gallery-column fusion-gallery-column-6 hover-type-zoomin fusion-element-portrait\"><div class=\"fusion-gallery-image\"><a href=\"https:\/\/www.techostensados.com\/wp-content\/uploads\/2019\/12\/hotel-solvay-vertical.jpg\" rel=\"noreferrer\" data-rel=\"iLightbox[gallery_image_1]\" class=\"fusion-lightbox\" target=\"_self\"><div style=\"background-image:url(https:\/\/www.techostensados.com\/wp-content\/uploads\/2019\/12\/hotel-solvay-vertical.jpg);padding-top:calc((100% + 20px) * 1.6);background-position:;\" class=\"fusion-masonry-element-container\"><img decoding=\"async\" src=\"https:\/\/www.techostensados.com\/wp-content\/uploads\/2019\/12\/hotel-solvay-vertical.jpg\" width=\"900\" height=\"1200\" alt=\"\" title=\"hotel-solvay-vertical\" aria-label=\"hotel-solvay-vertical\" class=\"img-responsive wp-image-385\" srcset=\"https:\/\/www.techostensados.com\/wp-content\/uploads\/2019\/12\/hotel-solvay-vertical-200x267.jpg 200w, https:\/\/www.techostensados.com\/wp-content\/uploads\/2019\/12\/hotel-solvay-vertical-400x533.jpg 400w, https:\/\/www.techostensados.com\/wp-content\/uploads\/2019\/12\/hotel-solvay-vertical-600x800.jpg 600w, https:\/\/www.techostensados.com\/wp-content\/uploads\/2019\/12\/hotel-solvay-vertical-800x1067.jpg 800w, https:\/\/www.techostensados.com\/wp-content\/uploads\/2019\/12\/hotel-solvay-vertical.jpg 900w\" sizes=\"(min-width: 2200px) 100vw, (min-width: 1099px) 182px, (min-width: 1007px) 218px, (min-width: 915px) 273px, (min-width: 824px) 363px, (min-width: 732px) 545px, (min-width: 640px) 732px, \" \/><\/div><\/a><\/div><\/div><div style=\"padding:10px;\" class=\"fusion-grid-column fusion-gallery-column fusion-gallery-column-6 hover-type-zoomin fusion-element-grid\"><div class=\"fusion-gallery-image\"><a href=\"https:\/\/www.techostensados.com\/wp-content\/uploads\/2020\/01\/techos-tensados-otros-5.jpg\" rel=\"noreferrer\" data-rel=\"iLightbox[gallery_image_1]\" class=\"fusion-lightbox\" target=\"_self\"><div style=\"background-image:url(https:\/\/www.techostensados.com\/wp-content\/uploads\/2020\/01\/techos-tensados-otros-5.jpg);padding-top:calc((100% + 20px) * 0.8 - 10px);background-position:;\" class=\"fusion-masonry-element-container\"><img decoding=\"async\" src=\"https:\/\/www.techostensados.com\/wp-content\/uploads\/2020\/01\/techos-tensados-otros-5.jpg\" width=\"1200\" height=\"900\" alt=\"\" title=\"techos-tensados-otros-5\" aria-label=\"techos-tensados-otros-5\" class=\"img-responsive wp-image-1153\" srcset=\"https:\/\/www.techostensados.com\/wp-content\/uploads\/2020\/01\/techos-tensados-otros-5-200x150.jpg 200w, https:\/\/www.techostensados.com\/wp-content\/uploads\/2020\/01\/techos-tensados-otros-5-400x300.jpg 400w, https:\/\/www.techostensados.com\/wp-content\/uploads\/2020\/01\/techos-tensados-otros-5-600x450.jpg 600w, https:\/\/www.techostensados.com\/wp-content\/uploads\/2020\/01\/techos-tensados-otros-5-800x600.jpg 800w, https:\/\/www.techostensados.com\/wp-content\/uploads\/2020\/01\/techos-tensados-otros-5.jpg 1200w\" sizes=\"(min-width: 2200px) 100vw, (min-width: 1099px) 182px, (min-width: 1007px) 218px, (min-width: 915px) 273px, (min-width: 824px) 363px, (min-width: 732px) 545px, (min-width: 640px) 732px, \" \/><\/div><\/a><\/div><\/div><div style=\"padding:10px;\" class=\"fusion-grid-column fusion-gallery-column fusion-gallery-column-6 hover-type-zoomin fusion-element-portrait\"><div class=\"fusion-gallery-image\"><a href=\"https:\/\/www.techostensados.com\/wp-content\/uploads\/2020\/01\/techos-tensados-restaurantes-26.jpg\" rel=\"noreferrer\" data-rel=\"iLightbox[gallery_image_1]\" class=\"fusion-lightbox\" target=\"_self\"><div style=\"background-image:url(https:\/\/www.techostensados.com\/wp-content\/uploads\/2020\/01\/techos-tensados-restaurantes-26.jpg);padding-top:calc((100% + 20px) * 1.6);background-position:;\" class=\"fusion-masonry-element-container\"><img decoding=\"async\" src=\"https:\/\/www.techostensados.com\/wp-content\/uploads\/2020\/01\/techos-tensados-restaurantes-26.jpg\" width=\"1200\" height=\"1600\" alt=\"\" title=\"techos-tensados-restaurantes-26\" aria-label=\"techos-tensados-restaurantes-26\" class=\"img-responsive wp-image-1145\" srcset=\"https:\/\/www.techostensados.com\/wp-content\/uploads\/2020\/01\/techos-tensados-restaurantes-26-200x267.jpg 200w, https:\/\/www.techostensados.com\/wp-content\/uploads\/2020\/01\/techos-tensados-restaurantes-26-400x533.jpg 400w, https:\/\/www.techostensados.com\/wp-content\/uploads\/2020\/01\/techos-tensados-restaurantes-26-600x800.jpg 600w, https:\/\/www.techostensados.com\/wp-content\/uploads\/2020\/01\/techos-tensados-restaurantes-26-800x1067.jpg 800w, https:\/\/www.techostensados.com\/wp-content\/uploads\/2020\/01\/techos-tensados-restaurantes-26.jpg 1200w\" sizes=\"(min-width: 2200px) 100vw, (min-width: 1099px) 182px, (min-width: 1007px) 218px, (min-width: 915px) 273px, (min-width: 824px) 363px, (min-width: 732px) 545px, (min-width: 640px) 732px, \" \/><\/div><\/a><\/div><\/div><div style=\"padding:10px;\" class=\"fusion-grid-column fusion-gallery-column fusion-gallery-column-6 hover-type-zoomin fusion-element-portrait\"><div class=\"fusion-gallery-image\"><a href=\"https:\/\/www.techostensados.com\/wp-content\/uploads\/2020\/01\/techos-tensados-restaurantes-7.jpg\" rel=\"noreferrer\" data-rel=\"iLightbox[gallery_image_1]\" class=\"fusion-lightbox\" target=\"_self\"><div style=\"background-image:url(https:\/\/www.techostensados.com\/wp-content\/uploads\/2020\/01\/techos-tensados-restaurantes-7.jpg);padding-top:calc((100% + 20px) * 1.6);background-position:;\" class=\"fusion-masonry-element-container\"><img decoding=\"async\" src=\"https:\/\/www.techostensados.com\/wp-content\/uploads\/2020\/01\/techos-tensados-restaurantes-7.jpg\" width=\"1200\" height=\"1464\" alt=\"\" title=\"techos-tensados-restaurantes-7\" aria-label=\"techos-tensados-restaurantes-7\" class=\"img-responsive wp-image-1126\" srcset=\"https:\/\/www.techostensados.com\/wp-content\/uploads\/2020\/01\/techos-tensados-restaurantes-7-200x244.jpg 200w, https:\/\/www.techostensados.com\/wp-content\/uploads\/2020\/01\/techos-tensados-restaurantes-7-400x488.jpg 400w, https:\/\/www.techostensados.com\/wp-content\/uploads\/2020\/01\/techos-tensados-restaurantes-7-600x732.jpg 600w, https:\/\/www.techostensados.com\/wp-content\/uploads\/2020\/01\/techos-tensados-restaurantes-7-800x976.jpg 800w, https:\/\/www.techostensados.com\/wp-content\/uploads\/2020\/01\/techos-tensados-restaurantes-7.jpg 1200w\" sizes=\"(min-width: 2200px) 100vw, (min-width: 1099px) 182px, (min-width: 1007px) 218px, (min-width: 915px) 273px, (min-width: 824px) 363px, (min-width: 732px) 545px, (min-width: 640px) 732px, \" \/><\/div><\/a><\/div><\/div><div style=\"padding:10px;\" class=\"fusion-grid-column fusion-gallery-column fusion-gallery-column-6 hover-type-zoomin fusion-element-grid\"><div class=\"fusion-gallery-image\"><a href=\"https:\/\/www.techostensados.com\/wp-content\/uploads\/2020\/01\/techos-tensados-restaurantes-15-rotated.jpg\" rel=\"noreferrer\" data-rel=\"iLightbox[gallery_image_1]\" class=\"fusion-lightbox\" target=\"_self\"><div style=\"background-image:url(https:\/\/www.techostensados.com\/wp-content\/uploads\/2020\/01\/techos-tensados-restaurantes-15-rotated.jpg);padding-top:calc((100% + 20px) * 0.8 - 10px);background-position:;\" class=\"fusion-masonry-element-container\"><img decoding=\"async\" src=\"https:\/\/www.techostensados.com\/wp-content\/uploads\/2020\/01\/techos-tensados-restaurantes-15-rotated.jpg\" width=\"1200\" height=\"900\" alt=\"\" title=\"techos-tensados-restaurantes-15\" aria-label=\"techos-tensados-restaurantes-15\" class=\"img-responsive wp-image-1134\" srcset=\"https:\/\/www.techostensados.com\/wp-content\/uploads\/2020\/01\/techos-tensados-restaurantes-15-200x150.jpg 200w, https:\/\/www.techostensados.com\/wp-content\/uploads\/2020\/01\/techos-tensados-restaurantes-15-400x300.jpg 400w, https:\/\/www.techostensados.com\/wp-content\/uploads\/2020\/01\/techos-tensados-restaurantes-15-600x450.jpg 600w, https:\/\/www.techostensados.com\/wp-content\/uploads\/2020\/01\/techos-tensados-restaurantes-15-800x600.jpg 800w, https:\/\/www.techostensados.com\/wp-content\/uploads\/2020\/01\/techos-tensados-restaurantes-15-rotated.jpg 1200w\" sizes=\"(min-width: 2200px) 100vw, (min-width: 1099px) 182px, (min-width: 1007px) 218px, (min-width: 915px) 273px, (min-width: 824px) 363px, (min-width: 732px) 545px, (min-width: 640px) 732px, \" \/><\/div><\/a><\/div><\/div><div style=\"padding:10px;\" class=\"fusion-grid-column fusion-gallery-column fusion-gallery-column-6 hover-type-zoomin fusion-element-grid\"><div class=\"fusion-gallery-image\"><a href=\"https:\/\/www.techostensados.com\/wp-content\/uploads\/2020\/01\/techos-tensados-stands-eventos-12.jpg\" rel=\"noreferrer\" data-rel=\"iLightbox[gallery_image_1]\" class=\"fusion-lightbox\" target=\"_self\"><div style=\"background-image:url(https:\/\/www.techostensados.com\/wp-content\/uploads\/2020\/01\/techos-tensados-stands-eventos-12.jpg);padding-top:calc((100% + 20px) * 0.8 - 10px);background-position:;\" class=\"fusion-masonry-element-container\"><img decoding=\"async\" src=\"https:\/\/www.techostensados.com\/wp-content\/uploads\/2020\/01\/techos-tensados-stands-eventos-12.jpg\" width=\"1200\" height=\"1195\" alt=\"\" title=\"techos-tensados-stands-eventos-12\" aria-label=\"techos-tensados-stands-eventos-12\" class=\"img-responsive wp-image-1099\" srcset=\"https:\/\/www.techostensados.com\/wp-content\/uploads\/2020\/01\/techos-tensados-stands-eventos-12-200x199.jpg 200w, https:\/\/www.techostensados.com\/wp-content\/uploads\/2020\/01\/techos-tensados-stands-eventos-12-400x398.jpg 400w, https:\/\/www.techostensados.com\/wp-content\/uploads\/2020\/01\/techos-tensados-stands-eventos-12-600x598.jpg 600w, https:\/\/www.techostensados.com\/wp-content\/uploads\/2020\/01\/techos-tensados-stands-eventos-12-800x797.jpg 800w, https:\/\/www.techostensados.com\/wp-content\/uploads\/2020\/01\/techos-tensados-stands-eventos-12.jpg 1200w\" sizes=\"(min-width: 2200px) 100vw, (min-width: 1099px) 182px, (min-width: 1007px) 218px, (min-width: 915px) 273px, (min-width: 824px) 363px, (min-width: 732px) 545px, (min-width: 640px) 732px, \" \/><\/div><\/a><\/div><\/div><div style=\"padding:10px;\" class=\"fusion-grid-column fusion-gallery-column fusion-gallery-column-6 hover-type-zoomin fusion-element-grid\"><div class=\"fusion-gallery-image\"><a href=\"https:\/\/www.techostensados.com\/wp-content\/uploads\/2020\/01\/techos-tensados-concesionarios-22.jpg\" rel=\"noreferrer\" data-rel=\"iLightbox[gallery_image_1]\" class=\"fusion-lightbox\" target=\"_self\"><div style=\"background-image:url(https:\/\/www.techostensados.com\/wp-content\/uploads\/2020\/01\/techos-tensados-concesionarios-22.jpg);padding-top:calc((100% + 20px) * 0.8 - 10px);background-position:;\" class=\"fusion-masonry-element-container\"><img decoding=\"async\" src=\"https:\/\/www.techostensados.com\/wp-content\/uploads\/2020\/01\/techos-tensados-concesionarios-22.jpg\" width=\"1200\" height=\"1194\" alt=\"\" title=\"techos-tensados-concesionarios-22\" aria-label=\"techos-tensados-concesionarios-22\" class=\"img-responsive wp-image-1081\" srcset=\"https:\/\/www.techostensados.com\/wp-content\/uploads\/2020\/01\/techos-tensados-concesionarios-22-200x199.jpg 200w, https:\/\/www.techostensados.com\/wp-content\/uploads\/2020\/01\/techos-tensados-concesionarios-22-400x398.jpg 400w, https:\/\/www.techostensados.com\/wp-content\/uploads\/2020\/01\/techos-tensados-concesionarios-22-600x597.jpg 600w, https:\/\/www.techostensados.com\/wp-content\/uploads\/2020\/01\/techos-tensados-concesionarios-22-800x796.jpg 800w, https:\/\/www.techostensados.com\/wp-content\/uploads\/2020\/01\/techos-tensados-concesionarios-22.jpg 1200w\" sizes=\"(min-width: 2200px) 100vw, (min-width: 1099px) 182px, (min-width: 1007px) 218px, (min-width: 915px) 273px, (min-width: 824px) 363px, (min-width: 732px) 545px, (min-width: 640px) 732px, \" \/><\/div><\/a><\/div><\/div><div style=\"padding:10px;\" class=\"fusion-grid-column fusion-gallery-column fusion-gallery-column-6 hover-type-zoomin fusion-element-landscape\"><div class=\"fusion-gallery-image\"><a href=\"https:\/\/www.techostensados.com\/wp-content\/uploads\/2020\/01\/techos-tensados-concesionarios-19.jpg\" rel=\"noreferrer\" data-rel=\"iLightbox[gallery_image_1]\" class=\"fusion-lightbox\" target=\"_self\"><div style=\"background-image:url(https:\/\/www.techostensados.com\/wp-content\/uploads\/2020\/01\/techos-tensados-concesionarios-19.jpg);padding-top:calc((100% + 20px) * 0.4 - 10px);background-position:;\" class=\"fusion-masonry-element-container\"><img decoding=\"async\" src=\"https:\/\/www.techostensados.com\/wp-content\/uploads\/2020\/01\/techos-tensados-concesionarios-19.jpg\" width=\"1200\" height=\"675\" alt=\"\" title=\"techos-tensados-concesionarios-19\" aria-label=\"techos-tensados-concesionarios-19\" class=\"img-responsive wp-image-1078\" srcset=\"https:\/\/www.techostensados.com\/wp-content\/uploads\/2020\/01\/techos-tensados-concesionarios-19-200x113.jpg 200w, https:\/\/www.techostensados.com\/wp-content\/uploads\/2020\/01\/techos-tensados-concesionarios-19-400x225.jpg 400w, https:\/\/www.techostensados.com\/wp-content\/uploads\/2020\/01\/techos-tensados-concesionarios-19-600x338.jpg 600w, https:\/\/www.techostensados.com\/wp-content\/uploads\/2020\/01\/techos-tensados-concesionarios-19-800x450.jpg 800w, https:\/\/www.techostensados.com\/wp-content\/uploads\/2020\/01\/techos-tensados-concesionarios-19.jpg 1200w\" sizes=\"(min-width: 2200px) 100vw, (min-width: 824px) 373px, (min-width: 732px) 560px, (min-width: 640px) 732px, \" \/><\/div><\/a><\/div><\/div><div style=\"padding:10px;\" class=\"fusion-grid-column fusion-gallery-column fusion-gallery-column-6 hover-type-zoomin fusion-element-portrait\"><div class=\"fusion-gallery-image\"><a href=\"https:\/\/www.techostensados.com\/wp-content\/uploads\/2020\/01\/techos-tensados-viviendas-40.jpg\" rel=\"noreferrer\" data-rel=\"iLightbox[gallery_image_1]\" class=\"fusion-lightbox\" target=\"_self\"><div style=\"background-image:url(https:\/\/www.techostensados.com\/wp-content\/uploads\/2020\/01\/techos-tensados-viviendas-40.jpg);padding-top:calc((100% + 20px) * 1.6);background-position:;\" class=\"fusion-masonry-element-container\"><img decoding=\"async\" src=\"https:\/\/www.techostensados.com\/wp-content\/uploads\/2020\/01\/techos-tensados-viviendas-40.jpg\" width=\"1200\" height=\"1492\" alt=\"\" title=\"techos-tensados-viviendas-40\" aria-label=\"techos-tensados-viviendas-40\" class=\"img-responsive wp-image-1028\" srcset=\"https:\/\/www.techostensados.com\/wp-content\/uploads\/2020\/01\/techos-tensados-viviendas-40-200x249.jpg 200w, https:\/\/www.techostensados.com\/wp-content\/uploads\/2020\/01\/techos-tensados-viviendas-40-400x497.jpg 400w, https:\/\/www.techostensados.com\/wp-content\/uploads\/2020\/01\/techos-tensados-viviendas-40-600x746.jpg 600w, https:\/\/www.techostensados.com\/wp-content\/uploads\/2020\/01\/techos-tensados-viviendas-40-800x995.jpg 800w, https:\/\/www.techostensados.com\/wp-content\/uploads\/2020\/01\/techos-tensados-viviendas-40.jpg 1200w\" sizes=\"(min-width: 2200px) 100vw, (min-width: 1099px) 182px, (min-width: 1007px) 218px, (min-width: 915px) 273px, (min-width: 824px) 363px, (min-width: 732px) 545px, (min-width: 640px) 732px, \" \/><\/div><\/a><\/div><\/div><div style=\"padding:10px;\" class=\"fusion-grid-column fusion-gallery-column fusion-gallery-column-6 hover-type-zoomin fusion-element-grid\"><div class=\"fusion-gallery-image\"><a href=\"https:\/\/www.techostensados.com\/wp-content\/uploads\/2020\/01\/techos-tensados-viviendas-37.jpg\" rel=\"noreferrer\" data-rel=\"iLightbox[gallery_image_1]\" class=\"fusion-lightbox\" target=\"_self\"><div style=\"background-image:url(https:\/\/www.techostensados.com\/wp-content\/uploads\/2020\/01\/techos-tensados-viviendas-37.jpg);padding-top:calc((100% + 20px) * 0.8 - 10px);background-position:;\" class=\"fusion-masonry-element-container\"><img decoding=\"async\" src=\"https:\/\/www.techostensados.com\/wp-content\/uploads\/2020\/01\/techos-tensados-viviendas-37.jpg\" width=\"1200\" height=\"859\" alt=\"\" title=\"techos-tensados-viviendas-37\" aria-label=\"techos-tensados-viviendas-37\" class=\"img-responsive wp-image-1025\" srcset=\"https:\/\/www.techostensados.com\/wp-content\/uploads\/2020\/01\/techos-tensados-viviendas-37-200x143.jpg 200w, https:\/\/www.techostensados.com\/wp-content\/uploads\/2020\/01\/techos-tensados-viviendas-37-400x286.jpg 400w, https:\/\/www.techostensados.com\/wp-content\/uploads\/2020\/01\/techos-tensados-viviendas-37-600x430.jpg 600w, https:\/\/www.techostensados.com\/wp-content\/uploads\/2020\/01\/techos-tensados-viviendas-37-800x573.jpg 800w, https:\/\/www.techostensados.com\/wp-content\/uploads\/2020\/01\/techos-tensados-viviendas-37.jpg 1200w\" sizes=\"(min-width: 2200px) 100vw, (min-width: 1099px) 182px, (min-width: 1007px) 218px, (min-width: 915px) 273px, (min-width: 824px) 363px, (min-width: 732px) 545px, (min-width: 640px) 732px, \" \/><\/div><\/a><\/div><\/div><div style=\"padding:10px;\" class=\"fusion-grid-column fusion-gallery-column fusion-gallery-column-6 hover-type-zoomin fusion-element-landscape\"><div class=\"fusion-gallery-image\"><a href=\"https:\/\/www.techostensados.com\/wp-content\/uploads\/2020\/01\/techos-tensados-centros-comerciales-32.jpg\" rel=\"noreferrer\" data-rel=\"iLightbox[gallery_image_1]\" class=\"fusion-lightbox\" target=\"_self\"><div style=\"background-image:url(https:\/\/www.techostensados.com\/wp-content\/uploads\/2020\/01\/techos-tensados-centros-comerciales-32.jpg);padding-top:calc((100% + 20px) * 0.4 - 10px);background-position:;\" class=\"fusion-masonry-element-container\"><img decoding=\"async\" src=\"https:\/\/www.techostensados.com\/wp-content\/uploads\/2020\/01\/techos-tensados-centros-comerciales-32.jpg\" width=\"1200\" height=\"675\" alt=\"\" title=\"techos-tensados-centros-comerciales-32\" aria-label=\"techos-tensados-centros-comerciales-32\" class=\"img-responsive wp-image-974\" srcset=\"https:\/\/www.techostensados.com\/wp-content\/uploads\/2020\/01\/techos-tensados-centros-comerciales-32-200x113.jpg 200w, https:\/\/www.techostensados.com\/wp-content\/uploads\/2020\/01\/techos-tensados-centros-comerciales-32-400x225.jpg 400w, https:\/\/www.techostensados.com\/wp-content\/uploads\/2020\/01\/techos-tensados-centros-comerciales-32-600x338.jpg 600w, https:\/\/www.techostensados.com\/wp-content\/uploads\/2020\/01\/techos-tensados-centros-comerciales-32-800x450.jpg 800w, https:\/\/www.techostensados.com\/wp-content\/uploads\/2020\/01\/techos-tensados-centros-comerciales-32.jpg 1200w\" sizes=\"(min-width: 2200px) 100vw, (min-width: 824px) 373px, (min-width: 732px) 560px, (min-width: 640px) 732px, \" \/><\/div><\/a><\/div><\/div><div style=\"padding:10px;\" class=\"fusion-grid-column fusion-gallery-column fusion-gallery-column-6 hover-type-zoomin fusion-element-grid\"><div class=\"fusion-gallery-image\"><a href=\"https:\/\/www.techostensados.com\/wp-content\/uploads\/2020\/01\/techos-tensados-centros-comerciales-43.jpg\" rel=\"noreferrer\" data-rel=\"iLightbox[gallery_image_1]\" class=\"fusion-lightbox\" target=\"_self\"><div style=\"background-image:url(https:\/\/www.techostensados.com\/wp-content\/uploads\/2020\/01\/techos-tensados-centros-comerciales-43.jpg);padding-top:calc((100% + 20px) * 0.8 - 10px);background-position:;\" class=\"fusion-masonry-element-container\"><img decoding=\"async\" src=\"https:\/\/www.techostensados.com\/wp-content\/uploads\/2020\/01\/techos-tensados-centros-comerciales-43.jpg\" width=\"1200\" height=\"797\" alt=\"\" title=\"techos-tensados-centros-comerciales-43\" aria-label=\"techos-tensados-centros-comerciales-43\" class=\"img-responsive wp-image-985\" srcset=\"https:\/\/www.techostensados.com\/wp-content\/uploads\/2020\/01\/techos-tensados-centros-comerciales-43-200x133.jpg 200w, https:\/\/www.techostensados.com\/wp-content\/uploads\/2020\/01\/techos-tensados-centros-comerciales-43-400x266.jpg 400w, https:\/\/www.techostensados.com\/wp-content\/uploads\/2020\/01\/techos-tensados-centros-comerciales-43-600x399.jpg 600w, https:\/\/www.techostensados.com\/wp-content\/uploads\/2020\/01\/techos-tensados-centros-comerciales-43-800x531.jpg 800w, https:\/\/www.techostensados.com\/wp-content\/uploads\/2020\/01\/techos-tensados-centros-comerciales-43.jpg 1200w\" sizes=\"(min-width: 2200px) 100vw, (min-width: 1099px) 182px, (min-width: 1007px) 218px, (min-width: 915px) 273px, (min-width: 824px) 363px, (min-width: 732px) 545px, (min-width: 640px) 732px, \" \/><\/div><\/a><\/div><\/div><div style=\"padding:10px;\" class=\"fusion-grid-column fusion-gallery-column fusion-gallery-column-6 hover-type-zoomin fusion-element-grid\"><div class=\"fusion-gallery-image\"><a href=\"https:\/\/www.techostensados.com\/wp-content\/uploads\/2020\/01\/techos-tensados-centros-comerciales-35.jpg\" rel=\"noreferrer\" data-rel=\"iLightbox[gallery_image_1]\" class=\"fusion-lightbox\" target=\"_self\"><div style=\"background-image:url(https:\/\/www.techostensados.com\/wp-content\/uploads\/2020\/01\/techos-tensados-centros-comerciales-35.jpg);padding-top:calc((100% + 20px) * 0.8 - 10px);background-position:;\" class=\"fusion-masonry-element-container\"><img decoding=\"async\" src=\"https:\/\/www.techostensados.com\/wp-content\/uploads\/2020\/01\/techos-tensados-centros-comerciales-35.jpg\" width=\"1200\" height=\"1208\" alt=\"\" title=\"techos-tensados-centros-comerciales-35\" aria-label=\"techos-tensados-centros-comerciales-35\" class=\"img-responsive wp-image-977\" srcset=\"https:\/\/www.techostensados.com\/wp-content\/uploads\/2020\/01\/techos-tensados-centros-comerciales-35-200x201.jpg 200w, https:\/\/www.techostensados.com\/wp-content\/uploads\/2020\/01\/techos-tensados-centros-comerciales-35-400x403.jpg 400w, https:\/\/www.techostensados.com\/wp-content\/uploads\/2020\/01\/techos-tensados-centros-comerciales-35-600x604.jpg 600w, https:\/\/www.techostensados.com\/wp-content\/uploads\/2020\/01\/techos-tensados-centros-comerciales-35-800x805.jpg 800w, https:\/\/www.techostensados.com\/wp-content\/uploads\/2020\/01\/techos-tensados-centros-comerciales-35.jpg 1200w\" sizes=\"(min-width: 2200px) 100vw, (min-width: 1099px) 182px, (min-width: 1007px) 218px, (min-width: 915px) 273px, (min-width: 824px) 363px, (min-width: 732px) 545px, (min-width: 640px) 732px, \" \/><\/div><\/a><\/div><\/div><div style=\"padding:10px;\" class=\"fusion-grid-column fusion-gallery-column fusion-gallery-column-6 hover-type-zoomin fusion-element-grid\"><div class=\"fusion-gallery-image\"><a href=\"https:\/\/www.techostensados.com\/wp-content\/uploads\/2020\/01\/techos-tensados-centros-comerciales-16.jpg\" rel=\"noreferrer\" data-rel=\"iLightbox[gallery_image_1]\" class=\"fusion-lightbox\" target=\"_self\"><div style=\"background-image:url(https:\/\/www.techostensados.com\/wp-content\/uploads\/2020\/01\/techos-tensados-centros-comerciales-16.jpg);padding-top:calc((100% + 20px) * 0.8 - 10px);background-position:;\" class=\"fusion-masonry-element-container\"><img decoding=\"async\" src=\"https:\/\/www.techostensados.com\/wp-content\/uploads\/2020\/01\/techos-tensados-centros-comerciales-16.jpg\" width=\"1200\" height=\"900\" alt=\"\" title=\"techos-tensados-centros-comerciales-16\" aria-label=\"techos-tensados-centros-comerciales-16\" class=\"img-responsive wp-image-958\" srcset=\"https:\/\/www.techostensados.com\/wp-content\/uploads\/2020\/01\/techos-tensados-centros-comerciales-16-200x150.jpg 200w, https:\/\/www.techostensados.com\/wp-content\/uploads\/2020\/01\/techos-tensados-centros-comerciales-16-400x300.jpg 400w, https:\/\/www.techostensados.com\/wp-content\/uploads\/2020\/01\/techos-tensados-centros-comerciales-16-600x450.jpg 600w, https:\/\/www.techostensados.com\/wp-content\/uploads\/2020\/01\/techos-tensados-centros-comerciales-16-800x600.jpg 800w, https:\/\/www.techostensados.com\/wp-content\/uploads\/2020\/01\/techos-tensados-centros-comerciales-16.jpg 1200w\" sizes=\"(min-width: 2200px) 100vw, (min-width: 1099px) 182px, (min-width: 1007px) 218px, (min-width: 915px) 273px, (min-width: 824px) 363px, (min-width: 732px) 545px, (min-width: 640px) 732px, \" \/><\/div><\/a><\/div><\/div><div style=\"padding:10px;\" class=\"fusion-grid-column fusion-gallery-column fusion-gallery-column-6 hover-type-zoomin fusion-element-grid\"><div class=\"fusion-gallery-image\"><a href=\"https:\/\/www.techostensados.com\/wp-content\/uploads\/2020\/01\/techos-tensados-centros-comerciales-11.jpg\" rel=\"noreferrer\" data-rel=\"iLightbox[gallery_image_1]\" class=\"fusion-lightbox\" target=\"_self\"><div style=\"background-image:url(https:\/\/www.techostensados.com\/wp-content\/uploads\/2020\/01\/techos-tensados-centros-comerciales-11.jpg);padding-top:calc((100% + 20px) * 0.8 - 10px);background-position:;\" class=\"fusion-masonry-element-container\"><img decoding=\"async\" src=\"https:\/\/www.techostensados.com\/wp-content\/uploads\/2020\/01\/techos-tensados-centros-comerciales-11.jpg\" width=\"1200\" height=\"800\" alt=\"\" title=\"techos-tensados-centros-comerciales-11\" aria-label=\"techos-tensados-centros-comerciales-11\" class=\"img-responsive wp-image-953\" srcset=\"https:\/\/www.techostensados.com\/wp-content\/uploads\/2020\/01\/techos-tensados-centros-comerciales-11-200x133.jpg 200w, https:\/\/www.techostensados.com\/wp-content\/uploads\/2020\/01\/techos-tensados-centros-comerciales-11-400x267.jpg 400w, https:\/\/www.techostensados.com\/wp-content\/uploads\/2020\/01\/techos-tensados-centros-comerciales-11-600x400.jpg 600w, https:\/\/www.techostensados.com\/wp-content\/uploads\/2020\/01\/techos-tensados-centros-comerciales-11-800x533.jpg 800w, https:\/\/www.techostensados.com\/wp-content\/uploads\/2020\/01\/techos-tensados-centros-comerciales-11.jpg 1200w\" sizes=\"(min-width: 2200px) 100vw, (min-width: 1099px) 182px, (min-width: 1007px) 218px, (min-width: 915px) 273px, (min-width: 824px) 363px, (min-width: 732px) 545px, (min-width: 640px) 732px, \" \/><\/div><\/a><\/div><\/div><div style=\"padding:10px;\" class=\"fusion-grid-column fusion-gallery-column fusion-gallery-column-6 hover-type-zoomin fusion-element-portrait\"><div class=\"fusion-gallery-image\"><a href=\"https:\/\/www.techostensados.com\/wp-content\/uploads\/2020\/01\/techos-tensados-centros-comerciales-13.jpg\" rel=\"noreferrer\" data-rel=\"iLightbox[gallery_image_1]\" class=\"fusion-lightbox\" target=\"_self\"><div style=\"background-image:url(https:\/\/www.techostensados.com\/wp-content\/uploads\/2020\/01\/techos-tensados-centros-comerciales-13.jpg);padding-top:calc((100% + 20px) * 1.6);background-position:;\" class=\"fusion-masonry-element-container\"><img decoding=\"async\" src=\"https:\/\/www.techostensados.com\/wp-content\/uploads\/2020\/01\/techos-tensados-centros-comerciales-13.jpg\" width=\"1200\" height=\"1800\" alt=\"\" title=\"techos-tensados-centros-comerciales-13\" aria-label=\"techos-tensados-centros-comerciales-13\" class=\"img-responsive wp-image-955\" srcset=\"https:\/\/www.techostensados.com\/wp-content\/uploads\/2020\/01\/techos-tensados-centros-comerciales-13-200x300.jpg 200w, https:\/\/www.techostensados.com\/wp-content\/uploads\/2020\/01\/techos-tensados-centros-comerciales-13-400x600.jpg 400w, https:\/\/www.techostensados.com\/wp-content\/uploads\/2020\/01\/techos-tensados-centros-comerciales-13-600x900.jpg 600w, https:\/\/www.techostensados.com\/wp-content\/uploads\/2020\/01\/techos-tensados-centros-comerciales-13-800x1200.jpg 800w, https:\/\/www.techostensados.com\/wp-content\/uploads\/2020\/01\/techos-tensados-centros-comerciales-13.jpg 1200w\" sizes=\"(min-width: 2200px) 100vw, (min-width: 1099px) 182px, (min-width: 1007px) 218px, (min-width: 915px) 273px, (min-width: 824px) 363px, (min-width: 732px) 545px, (min-width: 640px) 732px, \" \/><\/div><\/a><\/div><\/div><div style=\"padding:10px;\" class=\"fusion-grid-column fusion-gallery-column fusion-gallery-column-6 hover-type-zoomin fusion-element-portrait\"><div class=\"fusion-gallery-image\"><a href=\"https:\/\/www.techostensados.com\/wp-content\/uploads\/2020\/01\/techos-tensados-centros-comerciales-2.jpg\" rel=\"noreferrer\" data-rel=\"iLightbox[gallery_image_1]\" class=\"fusion-lightbox\" target=\"_self\"><div style=\"background-image:url(https:\/\/www.techostensados.com\/wp-content\/uploads\/2020\/01\/techos-tensados-centros-comerciales-2.jpg);padding-top:calc((100% + 20px) * 1.6);background-position:;\" class=\"fusion-masonry-element-container\"><img decoding=\"async\" src=\"https:\/\/www.techostensados.com\/wp-content\/uploads\/2020\/01\/techos-tensados-centros-comerciales-2.jpg\" width=\"1200\" height=\"1606\" alt=\"\" title=\"techos-tensados-centros-comerciales-2\" aria-label=\"techos-tensados-centros-comerciales-2\" class=\"img-responsive wp-image-944\" srcset=\"https:\/\/www.techostensados.com\/wp-content\/uploads\/2020\/01\/techos-tensados-centros-comerciales-2-200x268.jpg 200w, https:\/\/www.techostensados.com\/wp-content\/uploads\/2020\/01\/techos-tensados-centros-comerciales-2-400x535.jpg 400w, https:\/\/www.techostensados.com\/wp-content\/uploads\/2020\/01\/techos-tensados-centros-comerciales-2-600x803.jpg 600w, https:\/\/www.techostensados.com\/wp-content\/uploads\/2020\/01\/techos-tensados-centros-comerciales-2-800x1071.jpg 800w, https:\/\/www.techostensados.com\/wp-content\/uploads\/2020\/01\/techos-tensados-centros-comerciales-2.jpg 1200w\" sizes=\"(min-width: 2200px) 100vw, (min-width: 1099px) 182px, (min-width: 1007px) 218px, (min-width: 915px) 273px, (min-width: 824px) 363px, (min-width: 732px) 545px, (min-width: 640px) 732px, \" \/><\/div><\/a><\/div><\/div><div style=\"padding:10px;\" class=\"fusion-grid-column fusion-gallery-column fusion-gallery-column-6 hover-type-zoomin fusion-element-grid\"><div class=\"fusion-gallery-image\"><a href=\"https:\/\/www.techostensados.com\/wp-content\/uploads\/2020\/01\/techos-hospitales-farmacias-5.jpg\" rel=\"noreferrer\" data-rel=\"iLightbox[gallery_image_1]\" class=\"fusion-lightbox\" target=\"_self\"><div style=\"background-image:url(https:\/\/www.techostensados.com\/wp-content\/uploads\/2020\/01\/techos-hospitales-farmacias-5.jpg);padding-top:calc((100% + 20px) * 0.8 - 10px);background-position:;\" class=\"fusion-masonry-element-container\"><img decoding=\"async\" src=\"https:\/\/www.techostensados.com\/wp-content\/uploads\/2020\/01\/techos-hospitales-farmacias-5.jpg\" width=\"1200\" height=\"900\" alt=\"\" title=\"techos-hospitales-farmacias-5\" aria-label=\"techos-hospitales-farmacias-5\" class=\"img-responsive wp-image-934\" srcset=\"https:\/\/www.techostensados.com\/wp-content\/uploads\/2020\/01\/techos-hospitales-farmacias-5-200x150.jpg 200w, https:\/\/www.techostensados.com\/wp-content\/uploads\/2020\/01\/techos-hospitales-farmacias-5-400x300.jpg 400w, https:\/\/www.techostensados.com\/wp-content\/uploads\/2020\/01\/techos-hospitales-farmacias-5-600x450.jpg 600w, https:\/\/www.techostensados.com\/wp-content\/uploads\/2020\/01\/techos-hospitales-farmacias-5-800x600.jpg 800w, https:\/\/www.techostensados.com\/wp-content\/uploads\/2020\/01\/techos-hospitales-farmacias-5.jpg 1200w\" sizes=\"(min-width: 2200px) 100vw, (min-width: 1099px) 182px, (min-width: 1007px) 218px, (min-width: 915px) 273px, (min-width: 824px) 363px, (min-width: 732px) 545px, (min-width: 640px) 732px, \" \/><\/div><\/a><\/div><\/div><div style=\"padding:10px;\" class=\"fusion-grid-column fusion-gallery-column fusion-gallery-column-6 hover-type-zoomin fusion-element-grid\"><div class=\"fusion-gallery-image\"><a href=\"https:\/\/www.techostensados.com\/wp-content\/uploads\/2020\/01\/techos-hospitales-farmacias-11.jpg\" rel=\"noreferrer\" data-rel=\"iLightbox[gallery_image_1]\" class=\"fusion-lightbox\" target=\"_self\"><div style=\"background-image:url(https:\/\/www.techostensados.com\/wp-content\/uploads\/2020\/01\/techos-hospitales-farmacias-11.jpg);padding-top:calc((100% + 20px) * 0.8 - 10px);background-position:;\" class=\"fusion-masonry-element-container\"><img decoding=\"async\" src=\"https:\/\/www.techostensados.com\/wp-content\/uploads\/2020\/01\/techos-hospitales-farmacias-11.jpg\" width=\"1200\" height=\"1225\" alt=\"\" title=\"techos-hospitales-farmacias-11\" aria-label=\"techos-hospitales-farmacias-11\" class=\"img-responsive wp-image-940\" srcset=\"https:\/\/www.techostensados.com\/wp-content\/uploads\/2020\/01\/techos-hospitales-farmacias-11-200x204.jpg 200w, https:\/\/www.techostensados.com\/wp-content\/uploads\/2020\/01\/techos-hospitales-farmacias-11-400x408.jpg 400w, https:\/\/www.techostensados.com\/wp-content\/uploads\/2020\/01\/techos-hospitales-farmacias-11-600x613.jpg 600w, https:\/\/www.techostensados.com\/wp-content\/uploads\/2020\/01\/techos-hospitales-farmacias-11-800x817.jpg 800w, https:\/\/www.techostensados.com\/wp-content\/uploads\/2020\/01\/techos-hospitales-farmacias-11.jpg 1200w\" sizes=\"(min-width: 2200px) 100vw, (min-width: 1099px) 182px, (min-width: 1007px) 218px, (min-width: 915px) 273px, (min-width: 824px) 363px, (min-width: 732px) 545px, (min-width: 640px) 732px, \" \/><\/div><\/a><\/div><\/div><div style=\"padding:10px;\" class=\"fusion-grid-column fusion-gallery-column fusion-gallery-column-6 hover-type-zoomin fusion-element-grid\"><div class=\"fusion-gallery-image\"><a href=\"https:\/\/www.techostensados.com\/wp-content\/uploads\/2020\/01\/techos-centros-deportivos-gym-7-rotated.jpg\" rel=\"noreferrer\" data-rel=\"iLightbox[gallery_image_1]\" class=\"fusion-lightbox\" target=\"_self\"><div style=\"background-image:url(https:\/\/www.techostensados.com\/wp-content\/uploads\/2020\/01\/techos-centros-deportivos-gym-7-rotated.jpg);padding-top:calc((100% + 20px) * 0.8 - 10px);background-position:;\" class=\"fusion-masonry-element-container\"><img decoding=\"async\" src=\"https:\/\/www.techostensados.com\/wp-content\/uploads\/2020\/01\/techos-centros-deportivos-gym-7-rotated.jpg\" width=\"1200\" height=\"900\" alt=\"\" title=\"techos-centros-deportivos-gym-7\" aria-label=\"techos-centros-deportivos-gym-7\" class=\"img-responsive wp-image-913\" srcset=\"https:\/\/www.techostensados.com\/wp-content\/uploads\/2020\/01\/techos-centros-deportivos-gym-7-200x150.jpg 200w, https:\/\/www.techostensados.com\/wp-content\/uploads\/2020\/01\/techos-centros-deportivos-gym-7-400x300.jpg 400w, https:\/\/www.techostensados.com\/wp-content\/uploads\/2020\/01\/techos-centros-deportivos-gym-7-600x450.jpg 600w, https:\/\/www.techostensados.com\/wp-content\/uploads\/2020\/01\/techos-centros-deportivos-gym-7-800x600.jpg 800w, https:\/\/www.techostensados.com\/wp-content\/uploads\/2020\/01\/techos-centros-deportivos-gym-7-rotated.jpg 1200w\" sizes=\"(min-width: 2200px) 100vw, (min-width: 1099px) 182px, (min-width: 1007px) 218px, (min-width: 915px) 273px, (min-width: 824px) 363px, (min-width: 732px) 545px, (min-width: 640px) 732px, \" \/><\/div><\/a><\/div><\/div><div style=\"padding:10px;\" class=\"fusion-grid-column fusion-gallery-column fusion-gallery-column-6 hover-type-zoomin fusion-element-grid\"><div class=\"fusion-gallery-image\"><a href=\"https:\/\/www.techostensados.com\/wp-content\/uploads\/2020\/01\/techos-balnearios-spa-30.jpg\" rel=\"noreferrer\" data-rel=\"iLightbox[gallery_image_1]\" class=\"fusion-lightbox\" target=\"_self\"><div style=\"background-image:url(https:\/\/www.techostensados.com\/wp-content\/uploads\/2020\/01\/techos-balnearios-spa-30.jpg);padding-top:calc((100% + 20px) * 0.8 - 10px);background-position:;\" class=\"fusion-masonry-element-container\"><img decoding=\"async\" src=\"https:\/\/www.techostensados.com\/wp-content\/uploads\/2020\/01\/techos-balnearios-spa-30.jpg\" width=\"1200\" height=\"795\" alt=\"\" title=\"techos-balnearios-spa-30\" aria-label=\"techos-balnearios-spa-30\" class=\"img-responsive wp-image-903\" srcset=\"https:\/\/www.techostensados.com\/wp-content\/uploads\/2020\/01\/techos-balnearios-spa-30-200x133.jpg 200w, https:\/\/www.techostensados.com\/wp-content\/uploads\/2020\/01\/techos-balnearios-spa-30-400x265.jpg 400w, https:\/\/www.techostensados.com\/wp-content\/uploads\/2020\/01\/techos-balnearios-spa-30-600x398.jpg 600w, https:\/\/www.techostensados.com\/wp-content\/uploads\/2020\/01\/techos-balnearios-spa-30-800x530.jpg 800w, https:\/\/www.techostensados.com\/wp-content\/uploads\/2020\/01\/techos-balnearios-spa-30.jpg 1200w\" sizes=\"(min-width: 2200px) 100vw, (min-width: 1099px) 182px, (min-width: 1007px) 218px, (min-width: 915px) 273px, (min-width: 824px) 363px, (min-width: 732px) 545px, (min-width: 640px) 732px, \" \/><\/div><\/a><\/div><\/div><div style=\"padding:10px;\" class=\"fusion-grid-column fusion-gallery-column fusion-gallery-column-6 hover-type-zoomin fusion-element-grid\"><div class=\"fusion-gallery-image\"><a href=\"https:\/\/www.techostensados.com\/wp-content\/uploads\/2020\/01\/techos-centros-deportivos-gym-1.jpg\" rel=\"noreferrer\" data-rel=\"iLightbox[gallery_image_1]\" class=\"fusion-lightbox\" target=\"_self\"><div style=\"background-image:url(https:\/\/www.techostensados.com\/wp-content\/uploads\/2020\/01\/techos-centros-deportivos-gym-1.jpg);padding-top:calc((100% + 20px) * 0.8 - 10px);background-position:;\" class=\"fusion-masonry-element-container\"><img decoding=\"async\" src=\"https:\/\/www.techostensados.com\/wp-content\/uploads\/2020\/01\/techos-centros-deportivos-gym-1.jpg\" width=\"1200\" height=\"900\" alt=\"\" title=\"techos-centros-deportivos-gym-1\" aria-label=\"techos-centros-deportivos-gym-1\" class=\"img-responsive wp-image-907\" srcset=\"https:\/\/www.techostensados.com\/wp-content\/uploads\/2020\/01\/techos-centros-deportivos-gym-1-200x150.jpg 200w, https:\/\/www.techostensados.com\/wp-content\/uploads\/2020\/01\/techos-centros-deportivos-gym-1-400x300.jpg 400w, https:\/\/www.techostensados.com\/wp-content\/uploads\/2020\/01\/techos-centros-deportivos-gym-1-600x450.jpg 600w, https:\/\/www.techostensados.com\/wp-content\/uploads\/2020\/01\/techos-centros-deportivos-gym-1-800x600.jpg 800w, https:\/\/www.techostensados.com\/wp-content\/uploads\/2020\/01\/techos-centros-deportivos-gym-1.jpg 1200w\" sizes=\"(min-width: 2200px) 100vw, (min-width: 1099px) 182px, (min-width: 1007px) 218px, (min-width: 915px) 273px, (min-width: 824px) 363px, (min-width: 732px) 545px, (min-width: 640px) 732px, \" \/><\/div><\/a><\/div><\/div><div style=\"padding:10px;\" class=\"fusion-grid-column fusion-gallery-column fusion-gallery-column-6 hover-type-zoomin fusion-element-portrait\"><div class=\"fusion-gallery-image\"><a href=\"https:\/\/www.techostensados.com\/wp-content\/uploads\/2020\/01\/techos-balnearios-spa-25-rotated.jpg\" rel=\"noreferrer\" data-rel=\"iLightbox[gallery_image_1]\" class=\"fusion-lightbox\" target=\"_self\"><div style=\"background-image:url(https:\/\/www.techostensados.com\/wp-content\/uploads\/2020\/01\/techos-balnearios-spa-25-rotated.jpg);padding-top:calc((100% + 20px) * 1.6);background-position:;\" class=\"fusion-masonry-element-container\"><img decoding=\"async\" src=\"https:\/\/www.techostensados.com\/wp-content\/uploads\/2020\/01\/techos-balnearios-spa-25-rotated.jpg\" width=\"900\" height=\"1200\" alt=\"\" title=\"techos-balnearios-spa-25\" aria-label=\"techos-balnearios-spa-25\" class=\"img-responsive wp-image-898\" srcset=\"https:\/\/www.techostensados.com\/wp-content\/uploads\/2020\/01\/techos-balnearios-spa-25-200x267.jpg 200w, https:\/\/www.techostensados.com\/wp-content\/uploads\/2020\/01\/techos-balnearios-spa-25-400x533.jpg 400w, https:\/\/www.techostensados.com\/wp-content\/uploads\/2020\/01\/techos-balnearios-spa-25-600x800.jpg 600w, https:\/\/www.techostensados.com\/wp-content\/uploads\/2020\/01\/techos-balnearios-spa-25-800x1067.jpg 800w, https:\/\/www.techostensados.com\/wp-content\/uploads\/2020\/01\/techos-balnearios-spa-25-rotated.jpg 900w\" sizes=\"(min-width: 2200px) 100vw, (min-width: 1099px) 182px, (min-width: 1007px) 218px, (min-width: 915px) 273px, (min-width: 824px) 363px, (min-width: 732px) 545px, (min-width: 640px) 732px, \" \/><\/div><\/a><\/div><\/div><div style=\"padding:10px;\" class=\"fusion-grid-column fusion-gallery-column fusion-gallery-column-6 hover-type-zoomin fusion-element-portrait\"><div class=\"fusion-gallery-image\"><a href=\"https:\/\/www.techostensados.com\/wp-content\/uploads\/2020\/01\/techos-balnearios-spa-16-rotated.jpg\" rel=\"noreferrer\" data-rel=\"iLightbox[gallery_image_1]\" class=\"fusion-lightbox\" target=\"_self\"><div style=\"background-image:url(https:\/\/www.techostensados.com\/wp-content\/uploads\/2020\/01\/techos-balnearios-spa-16-rotated.jpg);padding-top:calc((100% + 20px) * 1.6);background-position:;\" class=\"fusion-masonry-element-container\"><img decoding=\"async\" src=\"https:\/\/www.techostensados.com\/wp-content\/uploads\/2020\/01\/techos-balnearios-spa-16-rotated.jpg\" width=\"900\" height=\"1200\" alt=\"\" title=\"techos-balnearios-spa-16\" aria-label=\"techos-balnearios-spa-16\" class=\"img-responsive wp-image-889\" srcset=\"https:\/\/www.techostensados.com\/wp-content\/uploads\/2020\/01\/techos-balnearios-spa-16-200x267.jpg 200w, https:\/\/www.techostensados.com\/wp-content\/uploads\/2020\/01\/techos-balnearios-spa-16-400x533.jpg 400w, https:\/\/www.techostensados.com\/wp-content\/uploads\/2020\/01\/techos-balnearios-spa-16-600x800.jpg 600w, https:\/\/www.techostensados.com\/wp-content\/uploads\/2020\/01\/techos-balnearios-spa-16-800x1067.jpg 800w, https:\/\/www.techostensados.com\/wp-content\/uploads\/2020\/01\/techos-balnearios-spa-16-rotated.jpg 900w\" sizes=\"(min-width: 2200px) 100vw, (min-width: 1099px) 182px, (min-width: 1007px) 218px, (min-width: 915px) 273px, (min-width: 824px) 363px, (min-width: 732px) 545px, (min-width: 640px) 732px, \" \/><\/div><\/a><\/div><\/div><div style=\"padding:10px;\" class=\"fusion-grid-column fusion-gallery-column fusion-gallery-column-6 hover-type-zoomin fusion-element-portrait\"><div class=\"fusion-gallery-image\"><a href=\"https:\/\/www.techostensados.com\/wp-content\/uploads\/2020\/01\/techos-balnearios-spa-15-rotated.jpg\" rel=\"noreferrer\" data-rel=\"iLightbox[gallery_image_1]\" class=\"fusion-lightbox\" target=\"_self\"><div style=\"background-image:url(https:\/\/www.techostensados.com\/wp-content\/uploads\/2020\/01\/techos-balnearios-spa-15-rotated.jpg);padding-top:calc((100% + 20px) * 1.6);background-position:;\" class=\"fusion-masonry-element-container\"><img decoding=\"async\" src=\"https:\/\/www.techostensados.com\/wp-content\/uploads\/2020\/01\/techos-balnearios-spa-15-rotated.jpg\" width=\"900\" height=\"1200\" alt=\"\" title=\"techos-balnearios-spa-15\" aria-label=\"techos-balnearios-spa-15\" class=\"img-responsive wp-image-888\" srcset=\"https:\/\/www.techostensados.com\/wp-content\/uploads\/2020\/01\/techos-balnearios-spa-15-200x267.jpg 200w, https:\/\/www.techostensados.com\/wp-content\/uploads\/2020\/01\/techos-balnearios-spa-15-400x533.jpg 400w, https:\/\/www.techostensados.com\/wp-content\/uploads\/2020\/01\/techos-balnearios-spa-15-600x800.jpg 600w, https:\/\/www.techostensados.com\/wp-content\/uploads\/2020\/01\/techos-balnearios-spa-15-800x1067.jpg 800w, https:\/\/www.techostensados.com\/wp-content\/uploads\/2020\/01\/techos-balnearios-spa-15-rotated.jpg 900w\" sizes=\"(min-width: 2200px) 100vw, (min-width: 1099px) 182px, (min-width: 1007px) 218px, (min-width: 915px) 273px, (min-width: 824px) 363px, (min-width: 732px) 545px, (min-width: 640px) 732px, \" \/><\/div><\/a><\/div><\/div><div style=\"padding:10px;\" class=\"fusion-grid-column fusion-gallery-column fusion-gallery-column-6 hover-type-zoomin fusion-element-portrait\"><div class=\"fusion-gallery-image\"><a href=\"https:\/\/www.techostensados.com\/wp-content\/uploads\/2020\/01\/IMG_7340_1200x900-rotated.jpg\" rel=\"noreferrer\" data-rel=\"iLightbox[gallery_image_1]\" class=\"fusion-lightbox\" target=\"_self\"><div style=\"background-image:url(https:\/\/www.techostensados.com\/wp-content\/uploads\/2020\/01\/IMG_7340_1200x900-rotated.jpg);padding-top:calc((100% + 20px) * 1.6);background-position:;\" class=\"fusion-masonry-element-container\"><img decoding=\"async\" src=\"https:\/\/www.techostensados.com\/wp-content\/uploads\/2020\/01\/IMG_7340_1200x900-rotated.jpg\" width=\"900\" height=\"1200\" alt=\"\" title=\"IMG_7340_1200x900\" aria-label=\"IMG_7340_1200x900\" class=\"img-responsive wp-image-860\" srcset=\"https:\/\/www.techostensados.com\/wp-content\/uploads\/2020\/01\/IMG_7340_1200x900-200x267.jpg 200w, https:\/\/www.techostensados.com\/wp-content\/uploads\/2020\/01\/IMG_7340_1200x900-400x533.jpg 400w, https:\/\/www.techostensados.com\/wp-content\/uploads\/2020\/01\/IMG_7340_1200x900-600x800.jpg 600w, https:\/\/www.techostensados.com\/wp-content\/uploads\/2020\/01\/IMG_7340_1200x900-800x1067.jpg 800w, https:\/\/www.techostensados.com\/wp-content\/uploads\/2020\/01\/IMG_7340_1200x900-rotated.jpg 900w\" sizes=\"(min-width: 2200px) 100vw, (min-width: 1099px) 182px, (min-width: 1007px) 218px, (min-width: 915px) 273px, (min-width: 824px) 363px, (min-width: 732px) 545px, (min-width: 640px) 732px, \" \/><\/div><\/a><\/div><\/div><div style=\"padding:10px;\" class=\"fusion-grid-column fusion-gallery-column fusion-gallery-column-6 hover-type-zoomin fusion-element-landscape\"><div class=\"fusion-gallery-image\"><a href=\"https:\/\/www.techostensados.com\/wp-content\/uploads\/2020\/01\/IMG_3297_1200x675.jpg\" rel=\"noreferrer\" data-rel=\"iLightbox[gallery_image_1]\" class=\"fusion-lightbox\" target=\"_self\"><div style=\"background-image:url(https:\/\/www.techostensados.com\/wp-content\/uploads\/2020\/01\/IMG_3297_1200x675.jpg);padding-top:calc((100% + 20px) * 0.4 - 10px);background-position:;\" class=\"fusion-masonry-element-container\"><img decoding=\"async\" src=\"https:\/\/www.techostensados.com\/wp-content\/uploads\/2020\/01\/IMG_3297_1200x675.jpg\" width=\"1200\" height=\"675\" alt=\"\" title=\"IMG_3297_1200x675\" aria-label=\"IMG_3297_1200x675\" class=\"img-responsive wp-image-853\" srcset=\"https:\/\/www.techostensados.com\/wp-content\/uploads\/2020\/01\/IMG_3297_1200x675-200x113.jpg 200w, https:\/\/www.techostensados.com\/wp-content\/uploads\/2020\/01\/IMG_3297_1200x675-400x225.jpg 400w, https:\/\/www.techostensados.com\/wp-content\/uploads\/2020\/01\/IMG_3297_1200x675-600x338.jpg 600w, https:\/\/www.techostensados.com\/wp-content\/uploads\/2020\/01\/IMG_3297_1200x675-800x450.jpg 800w, https:\/\/www.techostensados.com\/wp-content\/uploads\/2020\/01\/IMG_3297_1200x675.jpg 1200w\" sizes=\"(min-width: 2200px) 100vw, (min-width: 824px) 373px, (min-width: 732px) 560px, (min-width: 640px) 732px, \" \/><\/div><\/a><\/div><\/div><div style=\"padding:10px;\" class=\"fusion-grid-column fusion-gallery-column fusion-gallery-column-6 hover-type-zoomin fusion-element-landscape\"><div class=\"fusion-gallery-image\"><a href=\"https:\/\/www.techostensados.com\/wp-content\/uploads\/2020\/01\/IMG_7888_1200x675.jpg\" rel=\"noreferrer\" data-rel=\"iLightbox[gallery_image_1]\" class=\"fusion-lightbox\" target=\"_self\"><div style=\"background-image:url(https:\/\/www.techostensados.com\/wp-content\/uploads\/2020\/01\/IMG_7888_1200x675.jpg);padding-top:calc((100% + 20px) * 0.4 - 10px);background-position:;\" class=\"fusion-masonry-element-container\"><img decoding=\"async\" src=\"https:\/\/www.techostensados.com\/wp-content\/uploads\/2020\/01\/IMG_7888_1200x675.jpg\" width=\"1200\" height=\"675\" alt=\"\" title=\"IMG_7888_1200x675\" aria-label=\"IMG_7888_1200x675\" class=\"img-responsive wp-image-826\" srcset=\"https:\/\/www.techostensados.com\/wp-content\/uploads\/2020\/01\/IMG_7888_1200x675-200x113.jpg 200w, https:\/\/www.techostensados.com\/wp-content\/uploads\/2020\/01\/IMG_7888_1200x675-400x225.jpg 400w, https:\/\/www.techostensados.com\/wp-content\/uploads\/2020\/01\/IMG_7888_1200x675-600x338.jpg 600w, https:\/\/www.techostensados.com\/wp-content\/uploads\/2020\/01\/IMG_7888_1200x675-800x450.jpg 800w, https:\/\/www.techostensados.com\/wp-content\/uploads\/2020\/01\/IMG_7888_1200x675.jpg 1200w\" sizes=\"(min-width: 2200px) 100vw, (min-width: 824px) 373px, (min-width: 732px) 560px, (min-width: 640px) 732px, \" \/><\/div><\/a><\/div><\/div><div style=\"padding:10px;\" class=\"fusion-grid-column fusion-gallery-column fusion-gallery-column-6 hover-type-zoomin fusion-element-landscape\"><div class=\"fusion-gallery-image\"><a href=\"https:\/\/www.techostensados.com\/wp-content\/uploads\/2020\/01\/IMG_8305_1200x674.jpg\" rel=\"noreferrer\" data-rel=\"iLightbox[gallery_image_1]\" class=\"fusion-lightbox\" target=\"_self\"><div style=\"background-image:url(https:\/\/www.techostensados.com\/wp-content\/uploads\/2020\/01\/IMG_8305_1200x674.jpg);padding-top:calc((100% + 20px) * 0.4 - 10px);background-position:;\" class=\"fusion-masonry-element-container\"><img decoding=\"async\" src=\"https:\/\/www.techostensados.com\/wp-content\/uploads\/2020\/01\/IMG_8305_1200x674.jpg\" width=\"1200\" height=\"674\" alt=\"\" title=\"IMG_8305_1200x674\" aria-label=\"IMG_8305_1200x674\" class=\"img-responsive wp-image-795\" srcset=\"https:\/\/www.techostensados.com\/wp-content\/uploads\/2020\/01\/IMG_8305_1200x674-200x112.jpg 200w, https:\/\/www.techostensados.com\/wp-content\/uploads\/2020\/01\/IMG_8305_1200x674-400x225.jpg 400w, https:\/\/www.techostensados.com\/wp-content\/uploads\/2020\/01\/IMG_8305_1200x674-600x337.jpg 600w, https:\/\/www.techostensados.com\/wp-content\/uploads\/2020\/01\/IMG_8305_1200x674-800x449.jpg 800w, https:\/\/www.techostensados.com\/wp-content\/uploads\/2020\/01\/IMG_8305_1200x674.jpg 1200w\" sizes=\"(min-width: 2200px) 100vw, (min-width: 824px) 373px, (min-width: 732px) 560px, (min-width: 640px) 732px, \" \/><\/div><\/a><\/div><\/div><div style=\"padding:10px;\" class=\"fusion-grid-column fusion-gallery-column fusion-gallery-column-6 hover-type-zoomin fusion-element-grid\"><div class=\"fusion-gallery-image\"><a href=\"https:\/\/www.techostensados.com\/wp-content\/uploads\/2020\/01\/Photo-Cine\u0301ma-DUBAI-2-080_1200x900.jpg\" rel=\"noreferrer\" data-rel=\"iLightbox[gallery_image_1]\" class=\"fusion-lightbox\" target=\"_self\"><div style=\"background-image:url(https:\/\/www.techostensados.com\/wp-content\/uploads\/2020\/01\/Photo-Cine\u0301ma-DUBAI-2-080_1200x900.jpg);padding-top:calc((100% + 20px) * 0.8 - 10px);background-position:;\" class=\"fusion-masonry-element-container\"><img decoding=\"async\" src=\"https:\/\/www.techostensados.com\/wp-content\/uploads\/2020\/01\/Photo-Cine\u0301ma-DUBAI-2-080_1200x900.jpg\" width=\"1200\" height=\"900\" alt=\"\" title=\"Photo Cine\u0301ma DUBAI 2 080_1200x900\" aria-label=\"Photo Cine\u0301ma DUBAI 2 080_1200x900\" class=\"img-responsive wp-image-801\" srcset=\"https:\/\/www.techostensados.com\/wp-content\/uploads\/2020\/01\/Photo-Cine\u0301ma-DUBAI-2-080_1200x900-200x150.jpg 200w, https:\/\/www.techostensados.com\/wp-content\/uploads\/2020\/01\/Photo-Cine\u0301ma-DUBAI-2-080_1200x900-400x300.jpg 400w, https:\/\/www.techostensados.com\/wp-content\/uploads\/2020\/01\/Photo-Cine\u0301ma-DUBAI-2-080_1200x900-600x450.jpg 600w, https:\/\/www.techostensados.com\/wp-content\/uploads\/2020\/01\/Photo-Cine\u0301ma-DUBAI-2-080_1200x900-800x600.jpg 800w, https:\/\/www.techostensados.com\/wp-content\/uploads\/2020\/01\/Photo-Cine\u0301ma-DUBAI-2-080_1200x900.jpg 1200w\" sizes=\"(min-width: 2200px) 100vw, (min-width: 1099px) 182px, (min-width: 1007px) 218px, (min-width: 915px) 273px, (min-width: 824px) 363px, (min-width: 732px) 545px, (min-width: 640px) 732px, \" \/><\/div><\/a><\/div><\/div><div style=\"padding:10px;\" class=\"fusion-grid-column fusion-gallery-column fusion-gallery-column-6 hover-type-zoomin fusion-element-grid\"><div class=\"fusion-gallery-image\"><a href=\"https:\/\/www.techostensados.com\/wp-content\/uploads\/2020\/01\/sectores-aplicaciones_0004_2d.jpg\" rel=\"noreferrer\" data-rel=\"iLightbox[gallery_image_1]\" class=\"fusion-lightbox\" target=\"_self\"><div style=\"background-image:url(https:\/\/www.techostensados.com\/wp-content\/uploads\/2020\/01\/sectores-aplicaciones_0004_2d.jpg);padding-top:calc((100% + 20px) * 0.8 - 10px);background-position:;\" class=\"fusion-masonry-element-container\"><img decoding=\"async\" src=\"https:\/\/www.techostensados.com\/wp-content\/uploads\/2020\/01\/sectores-aplicaciones_0004_2d.jpg\" width=\"800\" height=\"600\" alt=\"\" title=\"sectores-aplicaciones_0004_2d\" aria-label=\"sectores-aplicaciones_0004_2d\" class=\"img-responsive wp-image-726\" srcset=\"https:\/\/www.techostensados.com\/wp-content\/uploads\/2020\/01\/sectores-aplicaciones_0004_2d-200x150.jpg 200w, https:\/\/www.techostensados.com\/wp-content\/uploads\/2020\/01\/sectores-aplicaciones_0004_2d-400x300.jpg 400w, https:\/\/www.techostensados.com\/wp-content\/uploads\/2020\/01\/sectores-aplicaciones_0004_2d-600x450.jpg 600w, https:\/\/www.techostensados.com\/wp-content\/uploads\/2020\/01\/sectores-aplicaciones_0004_2d.jpg 800w\" sizes=\"(min-width: 2200px) 100vw, (min-width: 1099px) 182px, (min-width: 1007px) 218px, (min-width: 915px) 273px, (min-width: 824px) 363px, (min-width: 732px) 545px, (min-width: 640px) 732px, \" \/><\/div><\/a><\/div><\/div><div style=\"padding:10px;\" class=\"fusion-grid-column fusion-gallery-column fusion-gallery-column-6 hover-type-zoomin fusion-element-grid\"><div class=\"fusion-gallery-image\"><a href=\"https:\/\/www.techostensados.com\/wp-content\/uploads\/2020\/01\/galeria-acabados_0003_LACADO-IMG_7642.jpg\" rel=\"noreferrer\" data-rel=\"iLightbox[gallery_image_1]\" class=\"fusion-lightbox\" target=\"_self\"><div style=\"background-image:url(https:\/\/www.techostensados.com\/wp-content\/uploads\/2020\/01\/galeria-acabados_0003_LACADO-IMG_7642.jpg);padding-top:calc((100% + 20px) * 0.8 - 10px);background-position:;\" class=\"fusion-masonry-element-container\"><img decoding=\"async\" src=\"https:\/\/www.techostensados.com\/wp-content\/uploads\/2020\/01\/galeria-acabados_0003_LACADO-IMG_7642.jpg\" width=\"1200\" height=\"900\" alt=\"\" title=\"galeria-acabados_0003_LACADO &#8211; IMG_7642\" aria-label=\"galeria-acabados_0003_LACADO &#8211; IMG_7642\" class=\"img-responsive wp-image-735\" srcset=\"https:\/\/www.techostensados.com\/wp-content\/uploads\/2020\/01\/galeria-acabados_0003_LACADO-IMG_7642-200x150.jpg 200w, https:\/\/www.techostensados.com\/wp-content\/uploads\/2020\/01\/galeria-acabados_0003_LACADO-IMG_7642-400x300.jpg 400w, https:\/\/www.techostensados.com\/wp-content\/uploads\/2020\/01\/galeria-acabados_0003_LACADO-IMG_7642-600x450.jpg 600w, https:\/\/www.techostensados.com\/wp-content\/uploads\/2020\/01\/galeria-acabados_0003_LACADO-IMG_7642-800x600.jpg 800w, https:\/\/www.techostensados.com\/wp-content\/uploads\/2020\/01\/galeria-acabados_0003_LACADO-IMG_7642.jpg 1200w\" sizes=\"(min-width: 2200px) 100vw, (min-width: 1099px) 182px, (min-width: 1007px) 218px, (min-width: 915px) 273px, (min-width: 824px) 363px, (min-width: 732px) 545px, (min-width: 640px) 732px, \" \/><\/div><\/a><\/div><\/div><div style=\"padding:10px;\" class=\"fusion-grid-column fusion-gallery-column fusion-gallery-column-6 hover-type-zoomin fusion-element-grid\"><div class=\"fusion-gallery-image\"><a href=\"https:\/\/www.techostensados.com\/wp-content\/uploads\/2019\/12\/acabados.jpg\" rel=\"noreferrer\" data-rel=\"iLightbox[gallery_image_1]\" class=\"fusion-lightbox\" target=\"_self\"><div style=\"background-image:url(https:\/\/www.techostensados.com\/wp-content\/uploads\/2019\/12\/acabados.jpg);padding-top:calc((100% + 20px) * 0.8 - 10px);background-position:;\" class=\"fusion-masonry-element-container\"><img decoding=\"async\" src=\"https:\/\/www.techostensados.com\/wp-content\/uploads\/2019\/12\/acabados.jpg\" width=\"950\" height=\"750\" alt=\"\" title=\"acabados\" aria-label=\"acabados\" class=\"img-responsive wp-image-467\" srcset=\"https:\/\/www.techostensados.com\/wp-content\/uploads\/2019\/12\/acabados-200x158.jpg 200w, https:\/\/www.techostensados.com\/wp-content\/uploads\/2019\/12\/acabados-400x316.jpg 400w, https:\/\/www.techostensados.com\/wp-content\/uploads\/2019\/12\/acabados-600x474.jpg 600w, https:\/\/www.techostensados.com\/wp-content\/uploads\/2019\/12\/acabados-800x632.jpg 800w, https:\/\/www.techostensados.com\/wp-content\/uploads\/2019\/12\/acabados.jpg 950w\" sizes=\"(min-width: 2200px) 100vw, (min-width: 1099px) 182px, (min-width: 1007px) 218px, (min-width: 915px) 273px, (min-width: 824px) 363px, (min-width: 732px) 545px, (min-width: 640px) 732px, \" \/><\/div><\/a><\/div><\/div><\/div><\/div><div class=\"fusion-clearfix\"><\/div><\/div><\/div><div class=\"fusion-layout-column fusion_builder_column fusion-builder-column-2 fusion_builder_column_1_1 1_1 fusion-one-full fusion-column-first fusion-column-last\" style=\"--awb-padding-right:5%;--awb-padding-left:5%;--awb-bg-size:cover;\"><div class=\"fusion-column-wrapper fusion-column-has-shadow fusion-flex-column-wrapper-legacy\"><div class=\"fusion-button-wrapper\"><a class=\"fusion-button button-flat fusion-button-default-size button-default fusion-button-default button-1 fusion-button-default-span fusion-button-default-type\" style=\"--button_text_transform:uppercase;\" target=\"_self\" href=\"https:\/\/www.techostensados.com\/ca\/galeria\/sostres-tensats-a-hotels\/\"><span class=\"fusion-button-text awb-button__text awb-button__text--default\">Hotels<\/span><\/a><\/div><div class=\"fusion-button-wrapper\"><a class=\"fusion-button button-flat fusion-button-default-size button-default fusion-button-default button-2 fusion-button-default-span fusion-button-default-type\" style=\"--button_text_transform:uppercase;\" target=\"_self\" href=\"https:\/\/www.techostensados.com\/ca\/galeria\/sostres-tensats-a-restaurants\/\"><span class=\"fusion-button-text awb-button__text awb-button__text--default\">Restaurants<\/span><\/a><\/div><div class=\"fusion-button-wrapper\"><a class=\"fusion-button button-flat fusion-button-default-size button-default fusion-button-default button-3 fusion-button-default-span fusion-button-default-type\" style=\"--button_text_transform:uppercase;\" target=\"_self\" href=\"https:\/\/www.techostensados.com\/ca\/galeria\/sostres-tensats-a-salons-recreatius\/\"><span class=\"fusion-button-text awb-button__text awb-button__text--default\">Salons Recreatius<\/span><\/a><\/div><div class=\"fusion-button-wrapper\"><a class=\"fusion-button button-flat fusion-button-default-size button-default fusion-button-default button-4 fusion-button-default-span fusion-button-default-type\" style=\"--button_text_transform:uppercase;\" target=\"_self\" href=\"https:\/\/www.techostensados.com\/ca\/galeria\/sostres-tensats-a-stands-i-events\/\"><span class=\"fusion-button-text awb-button__text awb-button__text--default\">Stands i Events<\/span><\/a><\/div><div class=\"fusion-button-wrapper\"><a class=\"fusion-button button-flat fusion-button-default-size button-default fusion-button-default button-5 fusion-button-default-span fusion-button-default-type\" style=\"--button_text_transform:uppercase;\" target=\"_self\" href=\"https:\/\/www.techostensados.com\/ca\/galeria\/sostres-tensats-a-concessionaris\/\"><span class=\"fusion-button-text awb-button__text awb-button__text--default\">Concessionaris<\/span><\/a><\/div><div class=\"fusion-button-wrapper\"><a class=\"fusion-button button-flat fusion-button-default-size button-default fusion-button-default button-6 fusion-button-default-span fusion-button-default-type\" style=\"--button_text_transform:uppercase;\" target=\"_self\" href=\"https:\/\/www.techostensados.com\/ca\/galeria\/sostres-tensats-a-oficines\/\"><span class=\"fusion-button-text awb-button__text awb-button__text--default\">Oficines<\/span><\/a><\/div><div class=\"fusion-button-wrapper\"><a class=\"fusion-button button-flat fusion-button-default-size button-default fusion-button-default button-7 fusion-button-default-span fusion-button-default-type\" style=\"--button_text_transform:uppercase;\" target=\"_self\" href=\"https:\/\/www.techostensados.com\/ca\/galeria\/sostres-tensats-en-habitatges\/\"><span class=\"fusion-button-text awb-button__text awb-button__text--default\">Habitatges<\/span><\/a><\/div><div class=\"fusion-button-wrapper\"><a class=\"fusion-button button-flat fusion-button-default-size button-default fusion-button-default button-8 fusion-button-default-span fusion-button-default-type\" style=\"--button_text_transform:uppercase;\" target=\"_self\" href=\"https:\/\/www.techostensados.com\/ca\/galeria\/sostres-tensats-a-centres-comercials-i-locals\/\"><span class=\"fusion-button-text awb-button__text awb-button__text--default\">Centres Comercials<\/span><\/a><\/div><div class=\"fusion-button-wrapper\"><a class=\"fusion-button button-flat fusion-button-default-size button-default fusion-button-default button-9 fusion-button-default-span fusion-button-default-type\" style=\"--button_text_transform:uppercase;\" target=\"_self\" href=\"https:\/\/www.techostensados.com\/ca\/galeria\/sostres-tensats-a-hospitals-cliniques-i-farmacies\/\"><span class=\"fusion-button-text awb-button__text awb-button__text--default\">Hospitals i Farm\u00e0cies<\/span><\/a><\/div><div class=\"fusion-button-wrapper\"><a class=\"fusion-button button-flat fusion-button-default-size button-default fusion-button-default button-10 fusion-button-default-span fusion-button-default-type\" style=\"--button_text_transform:uppercase;\" target=\"_self\" href=\"https:\/\/www.techostensados.com\/ca\/galeria\/sostres-tensats-a-centres-esportius-i-gym\/\"><span class=\"fusion-button-text awb-button__text awb-button__text--default\">Centres Esportius i Gym<\/span><\/a><\/div><div class=\"fusion-button-wrapper\"><a class=\"fusion-button button-flat fusion-button-default-size button-default fusion-button-default button-11 fusion-button-default-span fusion-button-default-type\" style=\"--button_text_transform:uppercase;\" target=\"_self\" href=\"https:\/\/www.techostensados.com\/ca\/galeria\/sostres-tensats-a-balnearis-i-spa\/\"><span class=\"fusion-button-text awb-button__text awb-button__text--default\">Balnearis i Spa<\/span><\/a><\/div><div class=\"fusion-button-wrapper\"><a class=\"fusion-button button-flat fusion-button-default-size button-default fusion-button-default button-12 fusion-button-default-span fusion-button-default-type\" style=\"--button_text_transform:uppercase;\" target=\"_self\" href=\"https:\/\/www.techostensados.com\/ca\/galeria\/sostres-tensats-en-altres-llocs\/\"><span class=\"fusion-button-text awb-button__text awb-button__text--default\">Altres<\/span><\/a><\/div><div class=\"fusion-clearfix\"><\/div><\/div><\/div><\/div><\/div><div class=\"fusion-fullwidth fullwidth-box fusion-builder-row-3 fusion-parallax-none nonhundred-percent-fullwidth non-hundred-percent-height-scrolling fusion-equal-height-columns\" style=\"--awb-border-sizes-top:0px;--awb-border-sizes-bottom:0px;--awb-border-sizes-left:0px;--awb-border-sizes-right:0px;--awb-border-color:#46b1fd;--awb-border-radius-top-left:0px;--awb-border-radius-top-right:0px;--awb-border-radius-bottom-right:0px;--awb-border-radius-bottom-left:0px;--awb-padding-top:6%;--awb-padding-bottom:6%;--awb-background-image:url(&quot;https:\/\/www.techostensados.com\/wp-content\/uploads\/2019\/12\/bg-presupuesto-scaled.jpg&quot;);--awb-background-size:cover;--awb-flex-wrap:wrap;\" ><div class=\"fusion-builder-row fusion-row\"><div class=\"fusion-layout-column fusion_builder_column fusion-builder-column-3 fusion_builder_column_2_3 2_3 fusion-two-third fusion-column-first fusion-column-no-min-height fusion-no-small-visibility fusion-no-medium-visibility\" style=\"--awb-padding-left:15%;--awb-bg-size:cover;--awb-margin-bottom:0px;width:66.666666666667%;width:calc(66.666666666667% - ( ( 4% ) * 0.66666666666667 ) );margin-right: 4%;\"><div class=\"fusion-column-wrapper fusion-column-has-shadow fusion-flex-column-wrapper-legacy\"><div class=\"fusion-column-content-centered\"><div class=\"fusion-column-content\"><div class=\"fusion-title title fusion-title-5 fusion-sep-none fusion-title-text fusion-title-size-two\" style=\"--awb-text-color:#46b1fd;--awb-margin-bottom:0px;--awb-margin-bottom-small:0px;--awb-font-size:20px;\"><h2 class=\"fusion-title-heading title-heading-left fusion-responsive-typography-calculated\" style=\"margin:0;font-size:1em;--fontSize:20;--minFontSize:20;line-height:1.5;\"><p><strong>T&#8217;AGRADA LA NOSTRA FEINA?<br \/>\n<\/strong><\/p><\/h2><\/div><div class=\"fusion-title title fusion-title-6 fusion-sep-none fusion-title-text fusion-title-size-three\" style=\"--awb-text-color:#ffffff;--awb-margin-bottom:0px;--awb-margin-bottom-small:0px;--awb-font-size:55px;\"><h3 class=\"fusion-title-heading title-heading-left fusion-responsive-typography-calculated\" style=\"margin:0;font-size:1em;--fontSize:55;line-height:1.3;\">sol\u00b7licita pressupost<\/h3><\/div><\/div><\/div><div class=\"fusion-clearfix\"><\/div><\/div><\/div><div class=\"fusion-layout-column fusion_builder_column fusion-builder-column-4 fusion_builder_column_1_3 1_3 fusion-one-third fusion-column-last fusion-column-no-min-height fusion-no-small-visibility fusion-no-medium-visibility\" style=\"--awb-padding-top:5%;--awb-padding-right:15%;--awb-bg-size:cover;--awb-margin-bottom:0px;width:33.333333333333%;width:calc(33.333333333333% - ( ( 4% ) * 0.33333333333333 ) );\"><div class=\"fusion-column-wrapper fusion-column-has-shadow fusion-flex-column-wrapper-legacy\"><div class=\"fusion-column-content-centered\"><div class=\"fusion-column-content\"><div class=\"fusion-alignright\"><a class=\"fusion-button button-flat button-xlarge button-default fusion-button-default button-13 fusion-button-default-span fusion-button-default-type\" target=\"_self\" href=\"https:\/\/www.techostensados.com\/ca\/contactar\/\"><span class=\"fusion-button-text awb-button__text awb-button__text--default\">Contacta&#8217;ns<\/span><\/a><\/div><\/div><\/div><div class=\"fusion-clearfix\"><\/div><\/div><\/div><div class=\"fusion-layout-column fusion_builder_column fusion-builder-column-5 fusion_builder_column_1_1 1_1 fusion-one-full fusion-column-first fusion-column-last fusion-no-large-visibility\" style=\"--awb-padding-top:40px;--awb-padding-bottom:40px;--awb-bg-size:cover;--awb-margin-bottom:0px;\"><div class=\"fusion-column-wrapper fusion-column-has-shadow fusion-flex-column-wrapper-legacy\"><div class=\"fusion-column-content-centered\"><div class=\"fusion-column-content\"><div class=\"fusion-title title fusion-title-7 fusion-sep-none fusion-title-center fusion-title-text fusion-title-size-two\" style=\"--awb-text-color:#46b1fd;--awb-margin-bottom:0px;--awb-margin-bottom-small:0px;--awb-font-size:20px;\"><h2 class=\"fusion-title-heading title-heading-center fusion-responsive-typography-calculated\" style=\"margin:0;font-size:1em;--fontSize:20;--minFontSize:20;line-height:1.5;\"><p><strong>T&#8217;AGRADA LA NOSTRA FEINA?<br \/>\n<\/strong><\/p><\/h2><\/div><div class=\"fusion-title title fusion-title-8 fusion-sep-none fusion-title-center fusion-title-text fusion-title-size-three\" style=\"--awb-text-color:#ffffff;--awb-margin-bottom:20px;--awb-margin-bottom-small:20px;--awb-font-size:55px;\"><h3 class=\"fusion-title-heading title-heading-center fusion-responsive-typography-calculated\" style=\"margin:0;font-size:1em;--fontSize:55;line-height:1.3;\">sol\u00b7licita pressupost<\/h3><\/div><div class=\"fusion-aligncenter\"><a class=\"fusion-button button-flat button-xlarge button-default fusion-button-default button-14 fusion-button-default-span fusion-button-default-type\" target=\"_self\" href=\"https:\/\/www.techostensados.com\/ca\/contactar\/\"><span class=\"fusion-button-text awb-button__text awb-button__text--default\">Contacta&#8217;ns<\/span><\/a><\/div><\/div><\/div><div class=\"fusion-clearfix\"><\/div><\/div><\/div><\/div><\/div>\n<\/p>\n","protected":false},"excerpt":{"rendered":"","protected":false},"author":1,"featured_media":0,"parent":0,"menu_order":0,"comment_status":"closed","ping_status":"closed","template":"100-width.php","meta":{"footnotes":""},"class_list":["post-1768","page","type-page","status-publish","hentry"],"yoast_head":"<!-- This site is optimized with the Yoast SEO plugin v27.0 - https:\/\/yoast.com\/product\/yoast-seo-wordpress\/ -->\n<title>Galeria. Creacions originals de decoraci\u00f3 &#8212; Techos Tensados<\/title>\n<meta name=\"description\" content=\"A Techos Tensados posem tota la nostra experi\u00e8ncia, el nostre coneixement i totes les nostres propostes creatives per a qualsevol espai en qu\u00e8 pensis.\" \/>\n<meta name=\"robots\" content=\"index, follow, max-snippet:-1, max-image-preview:large, max-video-preview:-1\" \/>\n<link rel=\"canonical\" href=\"https:\/\/www.techostensados.com\/ca\/galeria\/\" \/>\n<meta property=\"og:locale\" content=\"ca_ES\" \/>\n<meta property=\"og:type\" content=\"article\" \/>\n<meta property=\"og:title\" content=\"Galeria. Creacions originals de decoraci\u00f3 &#8212; Techos Tensados\" \/>\n<meta property=\"og:description\" content=\"A Techos Tensados posem tota la nostra experi\u00e8ncia, el nostre coneixement i totes les nostres propostes creatives per a qualsevol espai en qu\u00e8 pensis.\" \/>\n<meta property=\"og:url\" content=\"https:\/\/www.techostensados.com\/ca\/galeria\/\" \/>\n<meta property=\"og:site_name\" content=\"Techos Tensados\" \/>\n<meta property=\"article:modified_time\" content=\"2021-04-12T13:56:42+00:00\" \/>\n<meta name=\"twitter:card\" content=\"summary_large_image\" \/>\n<meta name=\"twitter:label1\" content=\"Temps estimat de lectura\" \/>\n\t<meta name=\"twitter:data1\" content=\"15 minuts\" \/>\n<script type=\"application\/ld+json\" class=\"yoast-schema-graph\">{\"@context\":\"https:\/\/schema.org\",\"@graph\":[{\"@type\":\"WebPage\",\"@id\":\"https:\/\/www.techostensados.com\/ca\/galeria\/\",\"url\":\"https:\/\/www.techostensados.com\/ca\/galeria\/\",\"name\":\"Galeria. Creacions originals de decoraci\u00f3 &#8212; Techos Tensados\",\"isPartOf\":{\"@id\":\"https:\/\/www.techostensados.com\/ca\/#website\"},\"datePublished\":\"2019-12-18T18:31:00+00:00\",\"dateModified\":\"2021-04-12T13:56:42+00:00\",\"description\":\"A Techos Tensados posem tota la nostra experi\u00e8ncia, el nostre coneixement i totes les nostres propostes creatives per a qualsevol espai en qu\u00e8 pensis.\",\"breadcrumb\":{\"@id\":\"https:\/\/www.techostensados.com\/ca\/galeria\/#breadcrumb\"},\"inLanguage\":\"ca\",\"potentialAction\":[{\"@type\":\"ReadAction\",\"target\":[\"https:\/\/www.techostensados.com\/ca\/galeria\/\"]}]},{\"@type\":\"BreadcrumbList\",\"@id\":\"https:\/\/www.techostensados.com\/ca\/galeria\/#breadcrumb\",\"itemListElement\":[{\"@type\":\"ListItem\",\"position\":1,\"name\":\"Portada\",\"item\":\"https:\/\/www.techostensados.com\/ca\/\"},{\"@type\":\"ListItem\",\"position\":2,\"name\":\"Galeria\"}]},{\"@type\":\"WebSite\",\"@id\":\"https:\/\/www.techostensados.com\/ca\/#website\",\"url\":\"https:\/\/www.techostensados.com\/ca\/\",\"name\":\"Techos Tensados\",\"description\":\"Fabricaci\u00f3n e instalaci\u00f3n de techos tensados y telas murales para profesionales y particulares\",\"publisher\":{\"@id\":\"https:\/\/www.techostensados.com\/ca\/#organization\"},\"potentialAction\":[{\"@type\":\"SearchAction\",\"target\":{\"@type\":\"EntryPoint\",\"urlTemplate\":\"https:\/\/www.techostensados.com\/ca\/?s={search_term_string}\"},\"query-input\":{\"@type\":\"PropertyValueSpecification\",\"valueRequired\":true,\"valueName\":\"search_term_string\"}}],\"inLanguage\":\"ca\"},{\"@type\":\"Organization\",\"@id\":\"https:\/\/www.techostensados.com\/ca\/#organization\",\"name\":\"Techos Tensados SLU\",\"url\":\"https:\/\/www.techostensados.com\/ca\/\",\"logo\":{\"@type\":\"ImageObject\",\"inLanguage\":\"ca\",\"@id\":\"https:\/\/www.techostensados.com\/ca\/#\/schema\/logo\/image\/\",\"url\":\"https:\/\/www.techostensados.com\/wp-content\/uploads\/2020\/02\/logo-techostensados-normal.png\",\"contentUrl\":\"https:\/\/www.techostensados.com\/wp-content\/uploads\/2020\/02\/logo-techostensados-normal.png\",\"width\":1146,\"height\":213,\"caption\":\"Techos Tensados SLU\"},\"image\":{\"@id\":\"https:\/\/www.techostensados.com\/ca\/#\/schema\/logo\/image\/\"}}]}<\/script>\n<!-- \/ Yoast SEO plugin. -->","yoast_head_json":{"title":"Galeria. Creacions originals de decoraci\u00f3 &#8212; Techos Tensados","description":"A Techos Tensados posem tota la nostra experi\u00e8ncia, el nostre coneixement i totes les nostres propostes creatives per a qualsevol espai en qu\u00e8 pensis.","robots":{"index":"index","follow":"follow","max-snippet":"max-snippet:-1","max-image-preview":"max-image-preview:large","max-video-preview":"max-video-preview:-1"},"canonical":"https:\/\/www.techostensados.com\/ca\/galeria\/","og_locale":"ca_ES","og_type":"article","og_title":"Galeria. Creacions originals de decoraci\u00f3 &#8212; Techos Tensados","og_description":"A Techos Tensados posem tota la nostra experi\u00e8ncia, el nostre coneixement i totes les nostres propostes creatives per a qualsevol espai en qu\u00e8 pensis.","og_url":"https:\/\/www.techostensados.com\/ca\/galeria\/","og_site_name":"Techos Tensados","article_modified_time":"2021-04-12T13:56:42+00:00","twitter_card":"summary_large_image","twitter_misc":{"Temps estimat de lectura":"15 minuts"},"schema":{"@context":"https:\/\/schema.org","@graph":[{"@type":"WebPage","@id":"https:\/\/www.techostensados.com\/ca\/galeria\/","url":"https:\/\/www.techostensados.com\/ca\/galeria\/","name":"Galeria. Creacions originals de decoraci\u00f3 &#8212; Techos Tensados","isPartOf":{"@id":"https:\/\/www.techostensados.com\/ca\/#website"},"datePublished":"2019-12-18T18:31:00+00:00","dateModified":"2021-04-12T13:56:42+00:00","description":"A Techos Tensados posem tota la nostra experi\u00e8ncia, el nostre coneixement i totes les nostres propostes creatives per a qualsevol espai en qu\u00e8 pensis.","breadcrumb":{"@id":"https:\/\/www.techostensados.com\/ca\/galeria\/#breadcrumb"},"inLanguage":"ca","potentialAction":[{"@type":"ReadAction","target":["https:\/\/www.techostensados.com\/ca\/galeria\/"]}]},{"@type":"BreadcrumbList","@id":"https:\/\/www.techostensados.com\/ca\/galeria\/#breadcrumb","itemListElement":[{"@type":"ListItem","position":1,"name":"Portada","item":"https:\/\/www.techostensados.com\/ca\/"},{"@type":"ListItem","position":2,"name":"Galeria"}]},{"@type":"WebSite","@id":"https:\/\/www.techostensados.com\/ca\/#website","url":"https:\/\/www.techostensados.com\/ca\/","name":"Techos Tensados","description":"Fabricaci\u00f3n e instalaci\u00f3n de techos tensados y telas murales para profesionales y particulares","publisher":{"@id":"https:\/\/www.techostensados.com\/ca\/#organization"},"potentialAction":[{"@type":"SearchAction","target":{"@type":"EntryPoint","urlTemplate":"https:\/\/www.techostensados.com\/ca\/?s={search_term_string}"},"query-input":{"@type":"PropertyValueSpecification","valueRequired":true,"valueName":"search_term_string"}}],"inLanguage":"ca"},{"@type":"Organization","@id":"https:\/\/www.techostensados.com\/ca\/#organization","name":"Techos Tensados SLU","url":"https:\/\/www.techostensados.com\/ca\/","logo":{"@type":"ImageObject","inLanguage":"ca","@id":"https:\/\/www.techostensados.com\/ca\/#\/schema\/logo\/image\/","url":"https:\/\/www.techostensados.com\/wp-content\/uploads\/2020\/02\/logo-techostensados-normal.png","contentUrl":"https:\/\/www.techostensados.com\/wp-content\/uploads\/2020\/02\/logo-techostensados-normal.png","width":1146,"height":213,"caption":"Techos Tensados SLU"},"image":{"@id":"https:\/\/www.techostensados.com\/ca\/#\/schema\/logo\/image\/"}}]}},"_links":{"self":[{"href":"https:\/\/www.techostensados.com\/ca\/wp-json\/wp\/v2\/pages\/1768","targetHints":{"allow":["GET"]}}],"collection":[{"href":"https:\/\/www.techostensados.com\/ca\/wp-json\/wp\/v2\/pages"}],"about":[{"href":"https:\/\/www.techostensados.com\/ca\/wp-json\/wp\/v2\/types\/page"}],"author":[{"embeddable":true,"href":"https:\/\/www.techostensados.com\/ca\/wp-json\/wp\/v2\/users\/1"}],"replies":[{"embeddable":true,"href":"https:\/\/www.techostensados.com\/ca\/wp-json\/wp\/v2\/comments?post=1768"}],"version-history":[{"count":0,"href":"https:\/\/www.techostensados.com\/ca\/wp-json\/wp\/v2\/pages\/1768\/revisions"}],"wp:attachment":[{"href":"https:\/\/www.techostensados.com\/ca\/wp-json\/wp\/v2\/media?parent=1768"}],"curies":[{"name":"wp","href":"https:\/\/api.w.org\/{rel}","templated":true}]}}